{"id":1489,"date":"2022-08-24T11:28:13","date_gmt":"2022-08-24T09:28:13","guid":{"rendered":"https:\/\/www.afaf.asso.fr\/?post_type=product&#038;p=1489"},"modified":"2025-01-09T10:39:00","modified_gmt":"2025-01-09T09:39:00","slug":"abonnement-revue-espoir","status":"publish","type":"product","link":"https:\/\/www.afaf.asso.fr\/produit\/abonnement-revue-espoir\/","title":{"rendered":"Abonnement revue Espoir papier (non adh\u00e9rent)"},"content":{"rendered":"<p>L\u2019abonnement \u00e0 la revue Espoir au format papier permet son envoi r\u00e9gulier \u00e0 la personne pour laquelle vous prenez cet abonnement. Il est valide pour un an \u00e0 compter de la r\u00e9ception du paiement.<\/p>\n<p>Vous pouvez \u00e9galement souscrire \u00e0 une version num\u00e9rique seule en adh\u00e9rant \u00e0 l&#8217;AFAF.<br \/>\nVoir les pages <a href=\"https:\/\/www.afaf.asso.fr\/nous-soutenir\/adherer\/\">Adh\u00e9rer<\/a> ou <a href=\"https:\/\/www.afaf.asso.fr\/nous-soutenir\/\">Nous soutenir<\/a>.<\/p>\n","protected":false},"excerpt":{"rendered":"<p>L\u2019abonnement \u00e0 la revue Espoir au format papier permet son envoi r\u00e9gulier \u00e0 la personne pour laquelle vous prenez cet abonnement. Il est valide pour un an \u00e0 compter de la r\u00e9ception du paiement. Vous pouvez \u00e9galement souscrire \u00e0 une version num\u00e9rique seule en adh\u00e9rant \u00e0 l&#8217;AFAF. Voir les pages Adh\u00e9rer ou Nous soutenir.<\/p>\n","protected":false},"featured_media":3408,"template":"","meta":{"_monsterinsights_skip_tracking":false,"ocean_front_end_style_editor":"no","ocean_post_layout":"full-width","ocean_both_sidebars_style":"","ocean_both_sidebars_content_width":0,"ocean_both_sidebars_sidebars_width":0,"ocean_sidebar":"0","ocean_second_sidebar":"0","ocean_disable_margins":"enable","ocean_add_body_class":"","ocean_shortcode_before_top_bar":"","ocean_shortcode_after_top_bar":"","ocean_shortcode_before_header":"","ocean_shortcode_after_header":"","ocean_has_shortcode":"","ocean_shortcode_after_title":"","ocean_shortcode_before_footer_widgets":"","ocean_shortcode_after_footer_widgets":"","ocean_shortcode_before_footer_bottom":"","ocean_shortcode_after_footer_bottom":"","ocean_display_top_bar":"default","ocean_display_header":"default","ocean_header_style":"","ocean_center_header_left_menu":"0","ocean_custom_header_template":"0","ocean_custom_logo":0,"ocean_custom_retina_logo":0,"ocean_custom_logo_max_width":0,"ocean_custom_logo_tablet_max_width":0,"ocean_custom_logo_mobile_max_width":0,"ocean_custom_logo_max_height":0,"ocean_custom_logo_tablet_max_height":0,"ocean_custom_logo_mobile_max_height":0,"ocean_header_custom_menu":"0","ocean_menu_typo_font_family":"0","ocean_menu_typo_font_subset":"","ocean_menu_typo_font_size":0,"ocean_menu_typo_font_size_tablet":0,"ocean_menu_typo_font_size_mobile":0,"ocean_menu_typo_font_size_unit":"px","ocean_menu_typo_font_weight":"","ocean_menu_typo_font_weight_tablet":"","ocean_menu_typo_font_weight_mobile":"","ocean_menu_typo_transform":"","ocean_menu_typo_transform_tablet":"","ocean_menu_typo_transform_mobile":"","ocean_menu_typo_line_height":0,"ocean_menu_typo_line_height_tablet":0,"ocean_menu_typo_line_height_mobile":0,"ocean_menu_typo_line_height_unit":"","ocean_menu_typo_spacing":0,"ocean_menu_typo_spacing_tablet":0,"ocean_menu_typo_spacing_mobile":0,"ocean_menu_typo_spacing_unit":"","ocean_menu_link_color":"","ocean_menu_link_color_hover":"","ocean_menu_link_color_active":"","ocean_menu_link_background":"","ocean_menu_link_hover_background":"","ocean_menu_link_active_background":"","ocean_menu_social_links_bg":"","ocean_menu_social_hover_links_bg":"","ocean_menu_social_links_color":"","ocean_menu_social_hover_links_color":"","ocean_disable_title":"on","ocean_disable_heading":"default","ocean_post_title":"","ocean_post_subheading":"","ocean_post_title_style":"","ocean_post_title_background_color":"","ocean_post_title_background":0,"ocean_post_title_bg_image_position":"","ocean_post_title_bg_image_attachment":"","ocean_post_title_bg_image_repeat":"","ocean_post_title_bg_image_size":"","ocean_post_title_height":0,"ocean_post_title_bg_overlay":0.5,"ocean_post_title_bg_overlay_color":"","ocean_disable_breadcrumbs":"default","ocean_breadcrumbs_color":"","ocean_breadcrumbs_separator_color":"","ocean_breadcrumbs_links_color":"","ocean_breadcrumbs_links_hover_color":"","ocean_display_footer_widgets":"default","ocean_display_footer_bottom":"default","ocean_custom_footer_template":"0"},"product_brand":[],"product_cat":[52],"product_tag":[],"class_list":["post-1489","product","type-product","status-publish","has-post-thumbnail","product_cat-abonnement","entry","has-media","first","instock","downloadable","virtual","purchasable","product-type-simple","col","span_1_of_3","owp-content-left","owp-thumbs-layout-horizontal","owp-btn-normal","owp-tabs-layout-section","has-no-thumbnails"],"yoast_head":"<!-- This site is optimized with the Yoast SEO plugin v28.1 - https:\/\/yoast.com\/product\/yoast-seo-wordpress\/ -->\n<title>Abonnement revue Espoir papier (non adh\u00e9rent) - Association Fran\u00e7aise Ataxie de Friedreich<\/title>\n<meta name=\"robots\" content=\"index, follow, max-snippet:-1, max-image-preview:large, max-video-preview:-1\" \/>\n<link rel=\"canonical\" href=\"https:\/\/www.afaf.asso.fr\/produit\/abonnement-revue-espoir\/\" \/>\n<meta property=\"og:locale\" content=\"fr_FR\" \/>\n<meta property=\"og:type\" content=\"article\" \/>\n<meta property=\"og:title\" content=\"Abonnement revue Espoir papier (non adh\u00e9rent) - Association Fran\u00e7aise Ataxie de Friedreich\" \/>\n<meta property=\"og:description\" content=\"L\u2019abonnement \u00e0 la revue Espoir au format papier permet son envoi r\u00e9gulier \u00e0 la personne pour laquelle vous prenez cet abonnement. Il est valide pour un an \u00e0 compter de la r\u00e9ception du paiement. Vous pouvez \u00e9galement souscrire \u00e0 une version num\u00e9rique seule en adh\u00e9rant \u00e0 l&#8217;AFAF. Voir les pages Adh\u00e9rer ou Nous soutenir.\" \/>\n<meta property=\"og:url\" content=\"https:\/\/www.afaf.asso.fr\/produit\/abonnement-revue-espoir\/\" \/>\n<meta property=\"og:site_name\" content=\"Association Fran\u00e7aise Ataxie de Friedreich\" \/>\n<meta property=\"article:modified_time\" content=\"2025-01-09T09:39:00+00:00\" \/>\n<meta property=\"og:image\" content=\"https:\/\/www.afaf.asso.fr\/wp-content\/uploads\/2022\/10\/revue-espoir.png\" \/>\n\t<meta property=\"og:image:width\" content=\"800\" \/>\n\t<meta property=\"og:image:height\" content=\"800\" \/>\n\t<meta property=\"og:image:type\" content=\"image\/png\" \/>\n<meta name=\"twitter:card\" content=\"summary_large_image\" \/>\n<meta name=\"twitter:label1\" content=\"Dur\u00e9e de lecture estim\u00e9e\" \/>\n\t<meta name=\"twitter:data1\" content=\"1 minute\" \/>\n<script type=\"application\/ld+json\" class=\"yoast-schema-graph\">{\"@context\":\"https:\\\/\\\/schema.org\",\"@graph\":[{\"@type\":\"WebPage\",\"@id\":\"https:\\\/\\\/www.afaf.asso.fr\\\/produit\\\/abonnement-revue-espoir\\\/\",\"url\":\"https:\\\/\\\/www.afaf.asso.fr\\\/produit\\\/abonnement-revue-espoir\\\/\",\"name\":\"Abonnement revue Espoir papier (non adh\u00e9rent) - Association Fran\u00e7aise Ataxie de Friedreich\",\"isPartOf\":{\"@id\":\"https:\\\/\\\/www.afaf.asso.fr\\\/#website\"},\"primaryImageOfPage\":{\"@id\":\"https:\\\/\\\/www.afaf.asso.fr\\\/produit\\\/abonnement-revue-espoir\\\/#primaryimage\"},\"image\":{\"@id\":\"https:\\\/\\\/www.afaf.asso.fr\\\/produit\\\/abonnement-revue-espoir\\\/#primaryimage\"},\"thumbnailUrl\":\"https:\\\/\\\/www.afaf.asso.fr\\\/wp-content\\\/uploads\\\/2022\\\/10\\\/revue-espoir.png\",\"datePublished\":\"2022-08-24T09:28:13+00:00\",\"dateModified\":\"2025-01-09T09:39:00+00:00\",\"breadcrumb\":{\"@id\":\"https:\\\/\\\/www.afaf.asso.fr\\\/produit\\\/abonnement-revue-espoir\\\/#breadcrumb\"},\"inLanguage\":\"fr-FR\",\"potentialAction\":[{\"@type\":\"ReadAction\",\"target\":[\"https:\\\/\\\/www.afaf.asso.fr\\\/produit\\\/abonnement-revue-espoir\\\/\"]}]},{\"@type\":\"ImageObject\",\"inLanguage\":\"fr-FR\",\"@id\":\"https:\\\/\\\/www.afaf.asso.fr\\\/produit\\\/abonnement-revue-espoir\\\/#primaryimage\",\"url\":\"https:\\\/\\\/www.afaf.asso.fr\\\/wp-content\\\/uploads\\\/2022\\\/10\\\/revue-espoir.png\",\"contentUrl\":\"https:\\\/\\\/www.afaf.asso.fr\\\/wp-content\\\/uploads\\\/2022\\\/10\\\/revue-espoir.png\",\"width\":800,\"height\":800},{\"@type\":\"BreadcrumbList\",\"@id\":\"https:\\\/\\\/www.afaf.asso.fr\\\/produit\\\/abonnement-revue-espoir\\\/#breadcrumb\",\"itemListElement\":[{\"@type\":\"ListItem\",\"position\":1,\"name\":\"Accueil\",\"item\":\"https:\\\/\\\/www.afaf.asso.fr\\\/\"},{\"@type\":\"ListItem\",\"position\":2,\"name\":\"Boutique\",\"item\":\"https:\\\/\\\/www.afaf.asso.fr\\\/boutique\\\/\"},{\"@type\":\"ListItem\",\"position\":3,\"name\":\"Abonnement revue Espoir papier (non adh\u00e9rent)\"}]},{\"@type\":\"WebSite\",\"@id\":\"https:\\\/\\\/www.afaf.asso.fr\\\/#website\",\"url\":\"https:\\\/\\\/www.afaf.asso.fr\\\/\",\"name\":\"Association Fran\u00e7aise Ataxie de Friedreich\",\"description\":\"Association Fran\u00e7aise de l&#039;Ataxie de Friedreich\",\"publisher\":{\"@id\":\"https:\\\/\\\/www.afaf.asso.fr\\\/#organization\"},\"potentialAction\":[{\"@type\":\"SearchAction\",\"target\":{\"@type\":\"EntryPoint\",\"urlTemplate\":\"https:\\\/\\\/www.afaf.asso.fr\\\/?s={search_term_string}\"},\"query-input\":{\"@type\":\"PropertyValueSpecification\",\"valueRequired\":true,\"valueName\":\"search_term_string\"}}],\"inLanguage\":\"fr-FR\"},{\"@type\":\"Organization\",\"@id\":\"https:\\\/\\\/www.afaf.asso.fr\\\/#organization\",\"name\":\"Association Fran\u00e7aise Ataxie de Friedreich\",\"url\":\"https:\\\/\\\/www.afaf.asso.fr\\\/\",\"logo\":{\"@type\":\"ImageObject\",\"inLanguage\":\"fr-FR\",\"@id\":\"https:\\\/\\\/www.afaf.asso.fr\\\/#\\\/schema\\\/logo\\\/image\\\/\",\"url\":\"https:\\\/\\\/www.afaf.asso.fr\\\/wp-content\\\/uploads\\\/2022\\\/06\\\/Logo-vert.png\",\"contentUrl\":\"https:\\\/\\\/www.afaf.asso.fr\\\/wp-content\\\/uploads\\\/2022\\\/06\\\/Logo-vert.png\",\"width\":1181,\"height\":709,\"caption\":\"Association Fran\u00e7aise Ataxie de Friedreich\"},\"image\":{\"@id\":\"https:\\\/\\\/www.afaf.asso.fr\\\/#\\\/schema\\\/logo\\\/image\\\/\"}}]}<\/script>\n<!-- \/ Yoast SEO plugin. -->","yoast_head_json":{"title":"Abonnement revue Espoir papier (non adh\u00e9rent) - Association Fran\u00e7aise Ataxie de Friedreich","robots":{"index":"index","follow":"follow","max-snippet":"max-snippet:-1","max-image-preview":"max-image-preview:large","max-video-preview":"max-video-preview:-1"},"canonical":"https:\/\/www.afaf.asso.fr\/produit\/abonnement-revue-espoir\/","og_locale":"fr_FR","og_type":"article","og_title":"Abonnement revue Espoir papier (non adh\u00e9rent) - Association Fran\u00e7aise Ataxie de Friedreich","og_description":"L\u2019abonnement \u00e0 la revue Espoir au format papier permet son envoi r\u00e9gulier \u00e0 la personne pour laquelle vous prenez cet abonnement. Il est valide pour un an \u00e0 compter de la r\u00e9ception du paiement. Vous pouvez \u00e9galement souscrire \u00e0 une version num\u00e9rique seule en adh\u00e9rant \u00e0 l&#8217;AFAF. Voir les pages Adh\u00e9rer ou Nous soutenir.","og_url":"https:\/\/www.afaf.asso.fr\/produit\/abonnement-revue-espoir\/","og_site_name":"Association Fran\u00e7aise Ataxie de Friedreich","article_modified_time":"2025-01-09T09:39:00+00:00","og_image":[{"width":800,"height":800,"url":"https:\/\/www.afaf.asso.fr\/wp-content\/uploads\/2022\/10\/revue-espoir.png","type":"image\/png"}],"twitter_card":"summary_large_image","twitter_misc":{"Dur\u00e9e de lecture estim\u00e9e":"1 minute"},"schema":{"@context":"https:\/\/schema.org","@graph":[{"@type":"WebPage","@id":"https:\/\/www.afaf.asso.fr\/produit\/abonnement-revue-espoir\/","url":"https:\/\/www.afaf.asso.fr\/produit\/abonnement-revue-espoir\/","name":"Abonnement revue Espoir papier (non adh\u00e9rent) - Association Fran\u00e7aise Ataxie de Friedreich","isPartOf":{"@id":"https:\/\/www.afaf.asso.fr\/#website"},"primaryImageOfPage":{"@id":"https:\/\/www.afaf.asso.fr\/produit\/abonnement-revue-espoir\/#primaryimage"},"image":{"@id":"https:\/\/www.afaf.asso.fr\/produit\/abonnement-revue-espoir\/#primaryimage"},"thumbnailUrl":"https:\/\/www.afaf.asso.fr\/wp-content\/uploads\/2022\/10\/revue-espoir.png","datePublished":"2022-08-24T09:28:13+00:00","dateModified":"2025-01-09T09:39:00+00:00","breadcrumb":{"@id":"https:\/\/www.afaf.asso.fr\/produit\/abonnement-revue-espoir\/#breadcrumb"},"inLanguage":"fr-FR","potentialAction":[{"@type":"ReadAction","target":["https:\/\/www.afaf.asso.fr\/produit\/abonnement-revue-espoir\/"]}]},{"@type":"ImageObject","inLanguage":"fr-FR","@id":"https:\/\/www.afaf.asso.fr\/produit\/abonnement-revue-espoir\/#primaryimage","url":"https:\/\/www.afaf.asso.fr\/wp-content\/uploads\/2022\/10\/revue-espoir.png","contentUrl":"https:\/\/www.afaf.asso.fr\/wp-content\/uploads\/2022\/10\/revue-espoir.png","width":800,"height":800},{"@type":"BreadcrumbList","@id":"https:\/\/www.afaf.asso.fr\/produit\/abonnement-revue-espoir\/#breadcrumb","itemListElement":[{"@type":"ListItem","position":1,"name":"Accueil","item":"https:\/\/www.afaf.asso.fr\/"},{"@type":"ListItem","position":2,"name":"Boutique","item":"https:\/\/www.afaf.asso.fr\/boutique\/"},{"@type":"ListItem","position":3,"name":"Abonnement revue Espoir papier (non adh\u00e9rent)"}]},{"@type":"WebSite","@id":"https:\/\/www.afaf.asso.fr\/#website","url":"https:\/\/www.afaf.asso.fr\/","name":"Association Fran\u00e7aise Ataxie de Friedreich","description":"Association Fran\u00e7aise de l&#039;Ataxie de Friedreich","publisher":{"@id":"https:\/\/www.afaf.asso.fr\/#organization"},"potentialAction":[{"@type":"SearchAction","target":{"@type":"EntryPoint","urlTemplate":"https:\/\/www.afaf.asso.fr\/?s={search_term_string}"},"query-input":{"@type":"PropertyValueSpecification","valueRequired":true,"valueName":"search_term_string"}}],"inLanguage":"fr-FR"},{"@type":"Organization","@id":"https:\/\/www.afaf.asso.fr\/#organization","name":"Association Fran\u00e7aise Ataxie de Friedreich","url":"https:\/\/www.afaf.asso.fr\/","logo":{"@type":"ImageObject","inLanguage":"fr-FR","@id":"https:\/\/www.afaf.asso.fr\/#\/schema\/logo\/image\/","url":"https:\/\/www.afaf.asso.fr\/wp-content\/uploads\/2022\/06\/Logo-vert.png","contentUrl":"https:\/\/www.afaf.asso.fr\/wp-content\/uploads\/2022\/06\/Logo-vert.png","width":1181,"height":709,"caption":"Association Fran\u00e7aise Ataxie de Friedreich"},"image":{"@id":"https:\/\/www.afaf.asso.fr\/#\/schema\/logo\/image\/"}}]}},"_links":{"self":[{"href":"https:\/\/www.afaf.asso.fr\/api-afaf\/wp\/v2\/product\/1489","targetHints":{"allow":["GET"]}}],"collection":[{"href":"https:\/\/www.afaf.asso.fr\/api-afaf\/wp\/v2\/product"}],"about":[{"href":"https:\/\/www.afaf.asso.fr\/api-afaf\/wp\/v2\/types\/product"}],"wp:featuredmedia":[{"embeddable":true,"href":"https:\/\/www.afaf.asso.fr\/api-afaf\/wp\/v2\/media\/3408"}],"wp:attachment":[{"href":"https:\/\/www.afaf.asso.fr\/api-afaf\/wp\/v2\/media?parent=1489"}],"wp:term":[{"taxonomy":"product_brand","embeddable":true,"href":"https:\/\/www.afaf.asso.fr\/api-afaf\/wp\/v2\/product_brand?post=1489"},{"taxonomy":"product_cat","embeddable":true,"href":"https:\/\/www.afaf.asso.fr\/api-afaf\/wp\/v2\/product_cat?post=1489"},{"taxonomy":"product_tag","embeddable":true,"href":"https:\/\/www.afaf.asso.fr\/api-afaf\/wp\/v2\/product_tag?post=1489"}],"curies":[{"name":"wp","href":"https:\/\/api.w.org\/{rel}","templated":true}]}}