{"id":510,"date":"2022-06-28T09:22:57","date_gmt":"2022-06-28T09:22:57","guid":{"rendered":"https:\/\/www.afaf.asso.fr\/?page_id=510"},"modified":"2025-03-18T09:39:17","modified_gmt":"2025-03-18T08:39:17","slug":"la-maladie","status":"publish","type":"page","link":"https:\/\/www.afaf.asso.fr\/la-maladie\/","title":{"rendered":"La maladie"},"content":{"rendered":"\t\t<div data-elementor-type=\"wp-page\" data-elementor-id=\"510\" class=\"elementor elementor-510\" data-elementor-post-type=\"page\">\n\t\t\t\t\t\t<section class=\"elementor-section elementor-top-section elementor-element elementor-element-6338cd8 elementor-section-boxed elementor-section-height-default elementor-section-height-default\" data-id=\"6338cd8\" data-element_type=\"section\" data-e-type=\"section\">\n\t\t\t\t\t\t<div class=\"elementor-container elementor-column-gap-default\">\n\t\t\t\t\t<div class=\"elementor-column elementor-col-100 elementor-top-column elementor-element elementor-element-4678a0c\" data-id=\"4678a0c\" data-element_type=\"column\" data-e-type=\"column\">\n\t\t\t<div class=\"elementor-widget-wrap elementor-element-populated\">\n\t\t\t\t\t\t<div class=\"elementor-element elementor-element-ee40a8b elementor-widget elementor-widget-text-editor\" data-id=\"ee40a8b\" data-element_type=\"widget\" data-e-type=\"widget\" data-widget_type=\"text-editor.default\">\n\t\t\t\t<div class=\"elementor-widget-container\">\n\t\t\t\t\t\t\t\t\t<p><strong>L\u2019ataxie de Friedreich<\/strong> est la plus fr\u00e9quente des ataxies c\u00e9r\u00e9belleuses. C\u2019est une maladie rare, essentiellement neurologique, \u00e9volutive,\u00a0 g\u00e9n\u00e9tique, li\u00e9e \u00e0 un dysfonctionnement mitochondrial.<br \/>Chaque personne est diff\u00e9rente dans l\u2019\u00e9volution de la maladie et dans la fa\u00e7on de la vivre selon sa personnalit\u00e9 et son environnement.<\/p>\t\t\t\t\t\t\t\t<\/div>\n\t\t\t\t<\/div>\n\t\t\t\t<div class=\"elementor-element elementor-element-b48a7a9 elementor-position-inline-start elementor-view-default elementor-mobile-position-block-start elementor-widget elementor-widget-icon-box\" data-id=\"b48a7a9\" data-element_type=\"widget\" data-e-type=\"widget\" data-widget_type=\"icon-box.default\">\n\t\t\t\t<div class=\"elementor-widget-container\">\n\t\t\t\t\t\t\t<div class=\"elementor-icon-box-wrapper\">\n\n\t\t\t\t\t\t<div class=\"elementor-icon-box-icon\">\n\t\t\t\t<span  class=\"elementor-icon\">\n\t\t\t\t<i aria-hidden=\"true\" class=\"fas fa-info-circle\"><\/i>\t\t\t\t<\/span>\n\t\t\t<\/div>\n\t\t\t\n\t\t\t\t\t\t<div class=\"elementor-icon-box-content\">\n\n\t\t\t\t\n\t\t\t\t\t\t\t\t\t<p class=\"elementor-icon-box-description\">\n\t\t\t\t\t\t<ul>\n \t<li>Actuellement, si le traitement curatif n\u2019existe pas encore, la recherche avance \u00e0 grands pas : <b><a class=\"nouvelle-fenetre\" href=\"https:\/\/curefa.org\" target=\"_blank\" rel=\"noopener\">plusieurs essais internationaux cliniques m\u00e9dicamenteux<\/a><\/b> sont bien avanc\u00e9s. <\/li>\n \t<li>Une prise en charge pluridisciplinaire et pr\u00e9coce est tr\u00e8s importante pour ralentir l\u2019\u00e9volution et retarder voire \u00e9viter certaines complications, am\u00e9liorant nettement la qualit\u00e9 et l\u2019esp\u00e9rance de vie.\n<\/li>\n \t<li>Le 1er <b><a href=\"https:\/\/www.afaf.asso.fr\/la-maladie\/pour-les-soignants\/\">Protocole National de Diagnostic et de Soins (PNDS)<\/a><\/b> pour l\u2019ataxie de Friedreich (octobre 2021) est un <b>r\u00e9f\u00e9rentiel de prises en charge \u00e0 destination des divers professionnels<\/b> amen\u00e9s \u00e0 prendre en charge les patients AF. <b>Communiquez-le \u00e0 vos soignants !<\/b> <\/li>\n<li><b>Des r\u00e9seaux de prise en charge<\/b> se mettent en place, coordonn\u00e9s par <b>le Centre de R\u00e9f\u00e9rence des maladies neurog\u00e9n\u00e9tiques NEUROGENE<\/b>, au sein de la fili\u00e8re des maladies neurologiques rares <a class=\"nouvelle-fenetre\" href=\"http:\/\/brain-team.fr\/crmr-neurogene\/\" target=\"_blank\" rel=\"noopener\">BRAIN-TEAM<\/a>  et \u00e9galement par le r\u00e9seau des maladies mitochondriales <a class=\"nouvelle-fenetre\" href=\"https:\/\/carammel.org\/\" target=\"_blank\" rel=\"noopener\">CARAMMEL.<\/a><\/li>\n \t<li>L\u2019AFAF met \u00e9galement \u00e0 disposition des soignants des <b><a href=\"https:\/\/www.afaf.asso.fr\/la-maladie\/pour-les-soignants\/\">lettres d\u2019information<\/a><\/b> r\u00e9dig\u00e9es par le conseil m\u00e9dical et param\u00e9dical et d\u2019autres documents. <\/li>\n<\/ul>\t\t\t\t\t<\/p>\n\t\t\t\t\n\t\t\t<\/div>\n\t\t\t\n\t\t<\/div>\n\t\t\t\t\t\t<\/div>\n\t\t\t\t<\/div>\n\t\t\t\t\t<\/div>\n\t\t<\/div>\n\t\t\t\t\t<\/div>\n\t\t<\/section>\n\t\t\t\t<section class=\"elementor-section elementor-top-section elementor-element elementor-element-23ce383 elementor-section-boxed elementor-section-height-default elementor-section-height-default\" data-id=\"23ce383\" data-element_type=\"section\" data-e-type=\"section\">\n\t\t\t\t\t\t<div class=\"elementor-container elementor-column-gap-default\">\n\t\t\t\t\t<div class=\"elementor-column elementor-col-100 elementor-top-column elementor-element elementor-element-2dfd7c1\" data-id=\"2dfd7c1\" data-element_type=\"column\" data-e-type=\"column\">\n\t\t\t<div class=\"elementor-widget-wrap elementor-element-populated\">\n\t\t\t\t\t\t<section class=\"elementor-section elementor-inner-section elementor-element elementor-element-f90e874 elementor-section-boxed elementor-section-height-default elementor-section-height-default\" data-id=\"f90e874\" data-element_type=\"section\" data-e-type=\"section\">\n\t\t\t\t\t\t<div class=\"elementor-container elementor-column-gap-default\">\n\t\t\t\t\t<div data-ra-url=\"https:\/\/www.afaf.asso.fr\/la-maladie\/ataxie-friedreich\/\" data-ra-target=\"_self\" class=\"ra-clickable-wrapper elementor-column elementor-col-33 elementor-inner-column elementor-element elementor-element-e13567d\" style=\"cursor:pointer;\" data-id=\"e13567d\" data-element_type=\"column\" data-e-type=\"column\" data-settings=\"{&quot;animation&quot;:&quot;none&quot;}\">\n\t\t\t<div class=\"elementor-widget-wrap elementor-element-populated\">\n\t\t\t\t\t\t<div class=\"elementor-element elementor-element-7e151b5 elementor-widget elementor-widget-image\" data-id=\"7e151b5\" data-element_type=\"widget\" data-e-type=\"widget\" data-widget_type=\"image.default\">\n\t\t\t\t<div class=\"elementor-widget-container\">\n\t\t\t\t\t\t\t\t\t\t\t\t\t\t\t<img fetchpriority=\"high\" decoding=\"async\" width=\"700\" height=\"400\" src=\"https:\/\/www.afaf.asso.fr\/wp-content\/uploads\/2022\/10\/ataxie-friedreich-adn.jpg\" class=\"attachment-full size-full wp-image-2577\" alt=\"Lien vers la page de l&apos;ataxie de Freidreich\" srcset=\"https:\/\/www.afaf.asso.fr\/wp-content\/uploads\/2022\/10\/ataxie-friedreich-adn.jpg 700w, https:\/\/www.afaf.asso.fr\/wp-content\/uploads\/2022\/10\/ataxie-friedreich-adn-300x171.jpg 300w, https:\/\/www.afaf.asso.fr\/wp-content\/uploads\/2022\/10\/ataxie-friedreich-adn-600x343.jpg 600w\" sizes=\"(max-width: 700px) 100vw, 700px\" \/>\t\t\t\t\t\t\t\t\t\t\t\t\t\t\t<\/div>\n\t\t\t\t<\/div>\n\t\t\t\t<div class=\"elementor-element elementor-element-f81f27a elementor-widget elementor-widget-heading\" data-id=\"f81f27a\" data-element_type=\"widget\" data-e-type=\"widget\" data-widget_type=\"heading.default\">\n\t\t\t\t<div class=\"elementor-widget-container\">\n\t\t\t\t\t<h2 class=\"elementor-heading-title elementor-size-default\">L'ataxie de Friedreich<\/h2>\t\t\t\t<\/div>\n\t\t\t\t<\/div>\n\t\t\t\t<div class=\"elementor-element elementor-element-a973d90 elementor-widget-divider--view-line elementor-widget elementor-widget-divider\" data-id=\"a973d90\" data-element_type=\"widget\" data-e-type=\"widget\" data-widget_type=\"divider.default\">\n\t\t\t\t<div class=\"elementor-widget-container\">\n\t\t\t\t\t\t\t<div class=\"elementor-divider\">\n\t\t\t<span class=\"elementor-divider-separator\">\n\t\t\t\t\t\t<\/span>\n\t\t<\/div>\n\t\t\t\t\t\t<\/div>\n\t\t\t\t<\/div>\n\t\t\t\t<div class=\"elementor-element elementor-element-d65b7ca elementor-widget elementor-widget-text-editor\" data-id=\"d65b7ca\" data-element_type=\"widget\" data-e-type=\"widget\" data-widget_type=\"text-editor.default\">\n\t\t\t\t<div class=\"elementor-widget-container\">\n\t\t\t\t\t\t\t\t\t<p>Comment se manifeste-t-elle, \u00e0 quoi est-elle due, comment la diagnostiquer ?<\/p>\t\t\t\t\t\t\t\t<\/div>\n\t\t\t\t<\/div>\n\t\t\t\t\t<\/div>\n\t\t<\/div>\n\t\t\t\t<div data-ra-url=\"https:\/\/www.afaf.asso.fr\/la-maladie\/transmission\/\" data-ra-target=\"_self\" class=\"ra-clickable-wrapper elementor-column elementor-col-33 elementor-inner-column elementor-element elementor-element-c5e0af3\" style=\"cursor:pointer;\" data-id=\"c5e0af3\" data-element_type=\"column\" data-e-type=\"column\">\n\t\t\t<div class=\"elementor-widget-wrap elementor-element-populated\">\n\t\t\t\t\t\t<div class=\"elementor-element elementor-element-f7cfc34 elementor-widget elementor-widget-image\" data-id=\"f7cfc34\" data-element_type=\"widget\" data-e-type=\"widget\" data-widget_type=\"image.default\">\n\t\t\t\t<div class=\"elementor-widget-container\">\n\t\t\t\t\t\t\t\t\t\t\t\t\t\t\t<img decoding=\"async\" width=\"700\" height=\"400\" src=\"https:\/\/www.afaf.asso.fr\/wp-content\/uploads\/2022\/06\/transmission-1.jpg\" class=\"attachment-full size-full wp-image-539\" alt=\"Lien vers la page d\u00e9crivant le processus de transmission de l&apos;Ataxie de Friedreich\" srcset=\"https:\/\/www.afaf.asso.fr\/wp-content\/uploads\/2022\/06\/transmission-1.jpg 700w, https:\/\/www.afaf.asso.fr\/wp-content\/uploads\/2022\/06\/transmission-1-600x343.jpg 600w, https:\/\/www.afaf.asso.fr\/wp-content\/uploads\/2022\/06\/transmission-1-300x171.jpg 300w\" sizes=\"(max-width: 700px) 100vw, 700px\" \/>\t\t\t\t\t\t\t\t\t\t\t\t\t\t\t<\/div>\n\t\t\t\t<\/div>\n\t\t\t\t<div class=\"elementor-element elementor-element-34455ff elementor-widget elementor-widget-heading\" data-id=\"34455ff\" data-element_type=\"widget\" data-e-type=\"widget\" data-widget_type=\"heading.default\">\n\t\t\t\t<div class=\"elementor-widget-container\">\n\t\t\t\t\t<h2 class=\"elementor-heading-title elementor-size-default\">Transmission<\/h2>\t\t\t\t<\/div>\n\t\t\t\t<\/div>\n\t\t\t\t<div class=\"elementor-element elementor-element-c78759e elementor-widget-divider--view-line elementor-widget elementor-widget-divider\" data-id=\"c78759e\" data-element_type=\"widget\" data-e-type=\"widget\" data-widget_type=\"divider.default\">\n\t\t\t\t<div class=\"elementor-widget-container\">\n\t\t\t\t\t\t\t<div class=\"elementor-divider\">\n\t\t\t<span class=\"elementor-divider-separator\">\n\t\t\t\t\t\t<\/span>\n\t\t<\/div>\n\t\t\t\t\t\t<\/div>\n\t\t\t\t<\/div>\n\t\t\t\t<div class=\"elementor-element elementor-element-d6d8bd1 elementor-widget elementor-widget-text-editor\" data-id=\"d6d8bd1\" data-element_type=\"widget\" data-e-type=\"widget\" data-widget_type=\"text-editor.default\">\n\t\t\t\t<div class=\"elementor-widget-container\">\n\t\t\t\t\t\t\t\t\tComment se transmet une maladie autosomique r\u00e9cessive ?<\/span>\t\t\t\t\t\t\t\t<\/div>\n\t\t\t\t<\/div>\n\t\t\t\t\t<\/div>\n\t\t<\/div>\n\t\t\t\t<div data-ra-url=\"https:\/\/www.afaf.asso.fr\/la-maladie\/prise-en-charge-medicale\/\" data-ra-target=\"_self\" class=\"ra-clickable-wrapper elementor-column elementor-col-33 elementor-inner-column elementor-element elementor-element-8e046d1\" style=\"cursor:pointer;\" data-id=\"8e046d1\" data-element_type=\"column\" data-e-type=\"column\">\n\t\t\t<div class=\"elementor-widget-wrap elementor-element-populated\">\n\t\t\t\t\t\t<div class=\"elementor-element elementor-element-fc22dba elementor-widget elementor-widget-image\" data-id=\"fc22dba\" data-element_type=\"widget\" data-e-type=\"widget\" data-widget_type=\"image.default\">\n\t\t\t\t<div class=\"elementor-widget-container\">\n\t\t\t\t\t\t\t\t\t\t\t\t\t\t\t<img decoding=\"async\" width=\"700\" height=\"400\" src=\"https:\/\/www.afaf.asso.fr\/wp-content\/uploads\/2022\/06\/prise-en-charge-medicale.jpg\" class=\"attachment-full size-full wp-image-540\" alt=\"Lien vers la page d\u00e9crivant les diff\u00e9rentes prises en charge m\u00e9dicales\" srcset=\"https:\/\/www.afaf.asso.fr\/wp-content\/uploads\/2022\/06\/prise-en-charge-medicale.jpg 700w, https:\/\/www.afaf.asso.fr\/wp-content\/uploads\/2022\/06\/prise-en-charge-medicale-600x343.jpg 600w, https:\/\/www.afaf.asso.fr\/wp-content\/uploads\/2022\/06\/prise-en-charge-medicale-300x171.jpg 300w\" sizes=\"(max-width: 700px) 100vw, 700px\" \/>\t\t\t\t\t\t\t\t\t\t\t\t\t\t\t<\/div>\n\t\t\t\t<\/div>\n\t\t\t\t<div class=\"elementor-element elementor-element-217fdf9 elementor-widget elementor-widget-heading\" data-id=\"217fdf9\" data-element_type=\"widget\" data-e-type=\"widget\" data-widget_type=\"heading.default\">\n\t\t\t\t<div class=\"elementor-widget-container\">\n\t\t\t\t\t<h2 class=\"elementor-heading-title elementor-size-default\">Prise en charge m\u00e9dicale<\/h2>\t\t\t\t<\/div>\n\t\t\t\t<\/div>\n\t\t\t\t<div class=\"elementor-element elementor-element-c03dc50 elementor-widget-divider--view-line elementor-widget elementor-widget-divider\" data-id=\"c03dc50\" data-element_type=\"widget\" data-e-type=\"widget\" data-widget_type=\"divider.default\">\n\t\t\t\t<div class=\"elementor-widget-container\">\n\t\t\t\t\t\t\t<div class=\"elementor-divider\">\n\t\t\t<span class=\"elementor-divider-separator\">\n\t\t\t\t\t\t<\/span>\n\t\t<\/div>\n\t\t\t\t\t\t<\/div>\n\t\t\t\t<\/div>\n\t\t\t\t<div class=\"elementor-element elementor-element-f1adfb0 elementor-widget elementor-widget-text-editor\" data-id=\"f1adfb0\" data-element_type=\"widget\" data-e-type=\"widget\" data-widget_type=\"text-editor.default\">\n\t\t\t\t<div class=\"elementor-widget-container\">\n\t\t\t\t\t\t\t\t\tSuivi m\u00e9dical, centres de comp\u00e9tences et de r\u00e9f\u00e9rences.<\/span>\t\t\t\t\t\t\t\t<\/div>\n\t\t\t\t<\/div>\n\t\t\t\t\t<\/div>\n\t\t<\/div>\n\t\t\t\t\t<\/div>\n\t\t<\/section>\n\t\t\t\t<section class=\"elementor-section elementor-inner-section elementor-element elementor-element-8f47eff elementor-section-boxed elementor-section-height-default elementor-section-height-default\" data-id=\"8f47eff\" data-element_type=\"section\" data-e-type=\"section\">\n\t\t\t\t\t\t<div class=\"elementor-container elementor-column-gap-default\">\n\t\t\t\t\t<div data-ra-url=\"https:\/\/www.afaf.asso.fr\/la-maladie\/prise-en-charge-paramedicale\/\" data-ra-target=\"_self\" class=\"ra-clickable-wrapper elementor-column elementor-col-50 elementor-inner-column elementor-element elementor-element-42aee60\" style=\"cursor:pointer;\" data-id=\"42aee60\" data-element_type=\"column\" data-e-type=\"column\" data-settings=\"{&quot;animation&quot;:&quot;none&quot;}\">\n\t\t\t<div class=\"elementor-widget-wrap elementor-element-populated\">\n\t\t\t\t\t\t<div class=\"elementor-element elementor-element-3b37245 elementor-widget elementor-widget-image\" data-id=\"3b37245\" data-element_type=\"widget\" data-e-type=\"widget\" data-widget_type=\"image.default\">\n\t\t\t\t<div class=\"elementor-widget-container\">\n\t\t\t\t\t\t\t\t\t\t\t\t\t\t\t<img loading=\"lazy\" decoding=\"async\" width=\"700\" height=\"400\" src=\"https:\/\/www.afaf.asso.fr\/wp-content\/uploads\/2022\/06\/prise-en-charge-paramedicale-1.jpg\" class=\"attachment-full size-full wp-image-538\" alt=\"Lien vers la page d\u00e9crivant les diff\u00e9rentes prises en charge param\u00e9dicales\" srcset=\"https:\/\/www.afaf.asso.fr\/wp-content\/uploads\/2022\/06\/prise-en-charge-paramedicale-1.jpg 700w, https:\/\/www.afaf.asso.fr\/wp-content\/uploads\/2022\/06\/prise-en-charge-paramedicale-1-600x343.jpg 600w, https:\/\/www.afaf.asso.fr\/wp-content\/uploads\/2022\/06\/prise-en-charge-paramedicale-1-300x171.jpg 300w\" sizes=\"(max-width: 700px) 100vw, 700px\" \/>\t\t\t\t\t\t\t\t\t\t\t\t\t\t\t<\/div>\n\t\t\t\t<\/div>\n\t\t\t\t<div class=\"elementor-element elementor-element-c63c67e elementor-widget elementor-widget-heading\" data-id=\"c63c67e\" data-element_type=\"widget\" data-e-type=\"widget\" data-widget_type=\"heading.default\">\n\t\t\t\t<div class=\"elementor-widget-container\">\n\t\t\t\t\t<h2 class=\"elementor-heading-title elementor-size-default\">Prise en charge param\u00e9dicale<\/h2>\t\t\t\t<\/div>\n\t\t\t\t<\/div>\n\t\t\t\t<div class=\"elementor-element elementor-element-debe7e2 elementor-widget-divider--view-line elementor-widget elementor-widget-divider\" data-id=\"debe7e2\" data-element_type=\"widget\" data-e-type=\"widget\" data-widget_type=\"divider.default\">\n\t\t\t\t<div class=\"elementor-widget-container\">\n\t\t\t\t\t\t\t<div class=\"elementor-divider\">\n\t\t\t<span class=\"elementor-divider-separator\">\n\t\t\t\t\t\t<\/span>\n\t\t<\/div>\n\t\t\t\t\t\t<\/div>\n\t\t\t\t<\/div>\n\t\t\t\t<div class=\"elementor-element elementor-element-c926141 elementor-widget elementor-widget-text-editor\" data-id=\"c926141\" data-element_type=\"widget\" data-e-type=\"widget\" data-widget_type=\"text-editor.default\">\n\t\t\t\t<div class=\"elementor-widget-container\">\n\t\t\t\t\t\t\t\t\tKin\u00e9sith\u00e9rapie, ergoth\u00e9rapie, orthophonie, psychologue, &#8230;<\/span>\t\t\t\t\t\t\t\t<\/div>\n\t\t\t\t<\/div>\n\t\t\t\t\t<\/div>\n\t\t<\/div>\n\t\t\t\t<div data-ra-url=\"https:\/\/www.afaf.asso.fr\/la-maladie\/pour-les-soignants\/\" data-ra-target=\"_self\" class=\"ra-clickable-wrapper elementor-column elementor-col-50 elementor-inner-column elementor-element elementor-element-cd35c11\" style=\"cursor:pointer;\" data-id=\"cd35c11\" data-element_type=\"column\" data-e-type=\"column\">\n\t\t\t<div class=\"elementor-widget-wrap elementor-element-populated\">\n\t\t\t\t\t\t<div class=\"elementor-element elementor-element-002bb38 elementor-widget elementor-widget-image\" data-id=\"002bb38\" data-element_type=\"widget\" data-e-type=\"widget\" data-widget_type=\"image.default\">\n\t\t\t\t<div class=\"elementor-widget-container\">\n\t\t\t\t\t\t\t\t\t\t\t\t\t\t\t<img loading=\"lazy\" decoding=\"async\" width=\"700\" height=\"400\" src=\"https:\/\/www.afaf.asso.fr\/wp-content\/uploads\/2022\/06\/pour-les-soignants-1.jpg\" class=\"attachment-full size-full wp-image-537\" alt=\"Lien vers la page destin\u00e9e aux soignants\" srcset=\"https:\/\/www.afaf.asso.fr\/wp-content\/uploads\/2022\/06\/pour-les-soignants-1.jpg 700w, https:\/\/www.afaf.asso.fr\/wp-content\/uploads\/2022\/06\/pour-les-soignants-1-600x343.jpg 600w, https:\/\/www.afaf.asso.fr\/wp-content\/uploads\/2022\/06\/pour-les-soignants-1-300x171.jpg 300w\" sizes=\"(max-width: 700px) 100vw, 700px\" \/>\t\t\t\t\t\t\t\t\t\t\t\t\t\t\t<\/div>\n\t\t\t\t<\/div>\n\t\t\t\t<div class=\"elementor-element elementor-element-a57e617 elementor-widget elementor-widget-heading\" data-id=\"a57e617\" data-element_type=\"widget\" data-e-type=\"widget\" data-widget_type=\"heading.default\">\n\t\t\t\t<div class=\"elementor-widget-container\">\n\t\t\t\t\t<h2 class=\"elementor-heading-title elementor-size-default\">Pour les soignants\u200b<\/h2>\t\t\t\t<\/div>\n\t\t\t\t<\/div>\n\t\t\t\t<div class=\"elementor-element elementor-element-a304d5b elementor-widget-divider--view-line elementor-widget elementor-widget-divider\" data-id=\"a304d5b\" data-element_type=\"widget\" data-e-type=\"widget\" data-widget_type=\"divider.default\">\n\t\t\t\t<div class=\"elementor-widget-container\">\n\t\t\t\t\t\t\t<div class=\"elementor-divider\">\n\t\t\t<span class=\"elementor-divider-separator\">\n\t\t\t\t\t\t<\/span>\n\t\t<\/div>\n\t\t\t\t\t\t<\/div>\n\t\t\t\t<\/div>\n\t\t\t\t<div class=\"elementor-element elementor-element-c4ed421 elementor-widget elementor-widget-text-editor\" data-id=\"c4ed421\" data-element_type=\"widget\" data-e-type=\"widget\" data-widget_type=\"text-editor.default\">\n\t\t\t\t<div class=\"elementor-widget-container\">\n\t\t\t\t\t\t\t\t\t<p>PNDS, lettres d&#8217;information th\u00e9matiques.<\/p>\t\t\t\t\t\t\t\t<\/div>\n\t\t\t\t<\/div>\n\t\t\t\t\t<\/div>\n\t\t<\/div>\n\t\t\t\t\t<\/div>\n\t\t<\/section>\n\t\t\t\t\t<\/div>\n\t\t<\/div>\n\t\t\t\t\t<\/div>\n\t\t<\/section>\n\t\t\t\t<section class=\"elementor-section elementor-top-section elementor-element elementor-element-8b9661f elementor-section-full_width elementor-section-stretched elementor-section-height-default elementor-section-height-default\" data-id=\"8b9661f\" data-element_type=\"section\" data-e-type=\"section\" data-settings=\"{&quot;stretch_section&quot;:&quot;section-stretched&quot;}\">\n\t\t\t\t\t\t<div class=\"elementor-container elementor-column-gap-default\">\n\t\t\t\t\t<div class=\"elementor-column elementor-col-100 elementor-top-column elementor-element elementor-element-40214b2\" data-id=\"40214b2\" data-element_type=\"column\" data-e-type=\"column\">\n\t\t\t<div class=\"elementor-widget-wrap elementor-element-populated\">\n\t\t\t\t\t\t<div class=\"elementor-element elementor-element-d31c840 elementor-widget elementor-widget-shortcode\" data-id=\"d31c840\" data-element_type=\"widget\" data-e-type=\"widget\" data-widget_type=\"shortcode.default\">\n\t\t\t\t<div class=\"elementor-widget-container\">\n\t\t\t\t\t\t\t<div class=\"elementor-shortcode\">\t\t<div data-elementor-type=\"wp-post\" data-elementor-id=\"501\" class=\"elementor elementor-501\" data-elementor-post-type=\"oceanwp_library\">\n\t\t\t\t\t\t<section class=\"elementor-section elementor-top-section elementor-element elementor-element-d4a8ed5 elementor-section-full_width elementor-section-stretched elementor-section-height-default elementor-section-height-default\" data-id=\"d4a8ed5\" data-element_type=\"section\" data-e-type=\"section\" data-settings=\"{&quot;stretch_section&quot;:&quot;section-stretched&quot;,&quot;background_background&quot;:&quot;classic&quot;}\">\n\t\t\t\t\t\t<div class=\"elementor-container elementor-column-gap-default\">\n\t\t\t\t\t<div class=\"elementor-column elementor-col-100 elementor-top-column elementor-element elementor-element-eebd447\" data-id=\"eebd447\" data-element_type=\"column\" data-e-type=\"column\">\n\t\t\t<div class=\"elementor-widget-wrap elementor-element-populated\">\n\t\t\t\t\t\t<section class=\"elementor-section elementor-inner-section elementor-element elementor-element-c33f64e elementor-section-content-middle elementor-section-boxed elementor-section-height-default elementor-section-height-default\" data-id=\"c33f64e\" data-element_type=\"section\" data-e-type=\"section\">\n\t\t\t\t\t\t<div class=\"elementor-container elementor-column-gap-default\">\n\t\t\t\t\t<div class=\"elementor-column elementor-col-50 elementor-inner-column elementor-element elementor-element-011b80c\" data-id=\"011b80c\" data-element_type=\"column\" data-e-type=\"column\">\n\t\t\t<div class=\"elementor-widget-wrap elementor-element-populated\">\n\t\t\t\t\t\t<div class=\"elementor-element elementor-element-7031306 elementor-widget elementor-widget-image\" data-id=\"7031306\" data-element_type=\"widget\" data-e-type=\"widget\" data-widget_type=\"image.default\">\n\t\t\t\t<div class=\"elementor-widget-container\">\n\t\t\t\t\t\t\t\t\t\t\t\t\t\t\t<img decoding=\"async\" src=\"https:\/\/www.afaf.asso.fr\/wp-content\/uploads\/elementor\/thumbs\/Logo-blanc_simple-1-q1ww1nh0svlc8x6kbcgbj84qq17mf0pfy8gdrayk1s.png\" title=\"Logo blanc_simple\" alt=\"logo AFAF (Association Fran\u00e7aise Ataxie Friedreich)\" loading=\"lazy\" \/>\t\t\t\t\t\t\t\t\t\t\t\t\t\t\t<\/div>\n\t\t\t\t<\/div>\n\t\t\t\t<div class=\"elementor-element elementor-element-0f48e73 elementor-align-center elementor-widget elementor-widget-button\" data-id=\"0f48e73\" data-element_type=\"widget\" data-e-type=\"widget\" data-widget_type=\"button.default\">\n\t\t\t\t<div class=\"elementor-widget-container\">\n\t\t\t\t\t\t\t\t\t<div class=\"elementor-button-wrapper\">\n\t\t\t\t\t<a class=\"elementor-button elementor-button-link elementor-size-lg elementor-animation-grow\" href=\"https:\/\/www.afaf.asso.fr\/nous-soutenir\/donner\/\">\n\t\t\t\t\t\t<span class=\"elementor-button-content-wrapper\">\n\t\t\t\t\t\t\t\t\t<span class=\"elementor-button-text\">Je fais un don<\/span>\n\t\t\t\t\t<\/span>\n\t\t\t\t\t<\/a>\n\t\t\t\t<\/div>\n\t\t\t\t\t\t\t\t<\/div>\n\t\t\t\t<\/div>\n\t\t\t\t\t<\/div>\n\t\t<\/div>\n\t\t\t\t<div class=\"elementor-column elementor-col-50 elementor-inner-column elementor-element elementor-element-3b52cf5\" data-id=\"3b52cf5\" data-element_type=\"column\" data-e-type=\"column\">\n\t\t\t<div class=\"elementor-widget-wrap elementor-element-populated\">\n\t\t\t\t\t\t<div class=\"elementor-element elementor-element-38a762e elementor-widget elementor-widget-text-editor\" data-id=\"38a762e\" data-element_type=\"widget\" data-e-type=\"widget\" data-widget_type=\"text-editor.default\">\n\t\t\t\t<div class=\"elementor-widget-container\">\n\t\t\t\t\t\t\t\t\t<p>Avancer ensemble,<\/p><p>C&#8217;est aussi pouvoir compter sur votre aide !<\/p>\t\t\t\t\t\t\t\t<\/div>\n\t\t\t\t<\/div>\n\t\t\t\t<div class=\"elementor-element elementor-element-396a88b elementor-widget elementor-widget-text-editor\" data-id=\"396a88b\" data-element_type=\"widget\" data-e-type=\"widget\" data-widget_type=\"text-editor.default\">\n\t\t\t\t<div class=\"elementor-widget-container\">\n\t\t\t\t\t\t\t\t\t<p>Pour financer la recherche et les services de l\u2019association, nous nous appuyons sur un r\u00e9seau de solidarit\u00e9 qui nous soutient depuis des ann\u00e9es.<\/p>\t\t\t\t\t\t\t\t<\/div>\n\t\t\t\t<\/div>\n\t\t\t\t<div class=\"elementor-element elementor-element-84666b3 elementor-widget elementor-widget-text-editor\" data-id=\"84666b3\" data-element_type=\"widget\" data-e-type=\"widget\" data-widget_type=\"text-editor.default\">\n\t\t\t\t<div class=\"elementor-widget-container\">\n\t\t\t\t\t\t\t\t\t<p>Gr\u00e2ce \u00e0 vos dons*, vous permettez \u00e0 l\u2019association de poursuivre ses actions.<\/p>\t\t\t\t\t\t\t\t<\/div>\n\t\t\t\t<\/div>\n\t\t\t\t<div class=\"elementor-element elementor-element-b86e03a elementor-widget elementor-widget-text-editor\" data-id=\"b86e03a\" data-element_type=\"widget\" data-e-type=\"widget\" data-widget_type=\"text-editor.default\">\n\t\t\t\t<div class=\"elementor-widget-container\">\n\t\t\t\t\t\t\t\t\t<p>*66% de vos dons sont d\u00e9ductibles des imp\u00f4ts dans la limite de 20% de vos revenus imposables.<\/p>\t\t\t\t\t\t\t\t<\/div>\n\t\t\t\t<\/div>\n\t\t\t\t\t<\/div>\n\t\t<\/div>\n\t\t\t\t\t<\/div>\n\t\t<\/section>\n\t\t\t\t\t<\/div>\n\t\t<\/div>\n\t\t\t\t\t<\/div>\n\t\t<\/section>\n\t\t\t\t<\/div>\n\t\t<\/div>\n\t\t\t\t\t\t<\/div>\n\t\t\t\t<\/div>\n\t\t\t\t\t<\/div>\n\t\t<\/div>\n\t\t\t\t\t<\/div>\n\t\t<\/section>\n\t\t\t\t<\/div>\n\t\t","protected":false},"excerpt":{"rendered":"<p>L\u2019ataxie de Friedreich est la plus fr\u00e9quente des ataxies c\u00e9r\u00e9belleuses. C\u2019est une maladie rare, essentiellement neurologique, \u00e9volutive,\u00a0 g\u00e9n\u00e9tique, li\u00e9e \u00e0 un dysfonctionnement mitochondrial.Chaque personne est diff\u00e9rente dans l\u2019\u00e9volution de la maladie et dans la fa\u00e7on de la vivre selon sa personnalit\u00e9 et son environnement. Actuellement, si le traitement curatif n\u2019existe pas encore, la recherche avance [&hellip;]<\/p>\n","protected":false},"author":2,"featured_media":0,"parent":0,"menu_order":0,"comment_status":"closed","ping_status":"closed","template":"","meta":{"_monsterinsights_skip_tracking":false,"ocean_front_end_style_editor":"no","ocean_post_layout":"full-screen","ocean_both_sidebars_style":"","ocean_both_sidebars_content_width":0,"ocean_both_sidebars_sidebars_width":0,"ocean_sidebar":"0","ocean_second_sidebar":"0","ocean_disable_margins":"enable","ocean_add_body_class":"","ocean_shortcode_before_top_bar":"","ocean_shortcode_after_top_bar":"","ocean_shortcode_before_header":"","ocean_shortcode_after_header":"","ocean_has_shortcode":"","ocean_shortcode_after_title":"","ocean_shortcode_before_footer_widgets":"","ocean_shortcode_after_footer_widgets":"","ocean_shortcode_before_footer_bottom":"","ocean_shortcode_after_footer_bottom":"","ocean_display_top_bar":"default","ocean_display_header":"default","ocean_header_style":"","ocean_center_header_left_menu":"0","ocean_custom_header_template":"0","ocean_custom_logo":0,"ocean_custom_retina_logo":0,"ocean_custom_logo_max_width":0,"ocean_custom_logo_tablet_max_width":0,"ocean_custom_logo_mobile_max_width":0,"ocean_custom_logo_max_height":0,"ocean_custom_logo_tablet_max_height":0,"ocean_custom_logo_mobile_max_height":0,"ocean_header_custom_menu":"0","ocean_menu_typo_font_family":"0","ocean_menu_typo_font_subset":"","ocean_menu_typo_font_size":0,"ocean_menu_typo_font_size_tablet":0,"ocean_menu_typo_font_size_mobile":0,"ocean_menu_typo_font_size_unit":"px","ocean_menu_typo_font_weight":"","ocean_menu_typo_font_weight_tablet":"","ocean_menu_typo_font_weight_mobile":"","ocean_menu_typo_transform":"","ocean_menu_typo_transform_tablet":"","ocean_menu_typo_transform_mobile":"","ocean_menu_typo_line_height":0,"ocean_menu_typo_line_height_tablet":0,"ocean_menu_typo_line_height_mobile":0,"ocean_menu_typo_line_height_unit":"","ocean_menu_typo_spacing":0,"ocean_menu_typo_spacing_tablet":0,"ocean_menu_typo_spacing_mobile":0,"ocean_menu_typo_spacing_unit":"","ocean_menu_link_color":"","ocean_menu_link_color_hover":"","ocean_menu_link_color_active":"","ocean_menu_link_background":"","ocean_menu_link_hover_background":"","ocean_menu_link_active_background":"","ocean_menu_social_links_bg":"","ocean_menu_social_hover_links_bg":"","ocean_menu_social_links_color":"","ocean_menu_social_hover_links_color":"","ocean_disable_title":"enable","ocean_disable_heading":"default","ocean_post_title":"","ocean_post_subheading":"","ocean_post_title_style":"","ocean_post_title_background_color":"","ocean_post_title_background":0,"ocean_post_title_bg_image_position":"","ocean_post_title_bg_image_attachment":"","ocean_post_title_bg_image_repeat":"","ocean_post_title_bg_image_size":"","ocean_post_title_height":0,"ocean_post_title_bg_overlay":0.5,"ocean_post_title_bg_overlay_color":"","ocean_disable_breadcrumbs":"on","ocean_breadcrumbs_color":"","ocean_breadcrumbs_separator_color":"","ocean_breadcrumbs_links_color":"","ocean_breadcrumbs_links_hover_color":"","ocean_display_footer_widgets":"default","ocean_display_footer_bottom":"default","ocean_custom_footer_template":"0","footnotes":""},"class_list":["post-510","page","type-page","status-publish","hentry","entry","owp-thumbs-layout-horizontal","owp-btn-normal","owp-tabs-layout-section","has-no-thumbnails"],"yoast_head":"<!-- This site is optimized with the Yoast SEO plugin v28.1 - https:\/\/yoast.com\/product\/yoast-seo-wordpress\/ -->\n<title>La maladie - Association Fran\u00e7aise Ataxie de Friedreich<\/title>\n<meta name=\"robots\" content=\"index, follow, max-snippet:-1, max-image-preview:large, max-video-preview:-1\" \/>\n<link rel=\"canonical\" href=\"https:\/\/www.afaf.asso.fr\/la-maladie\/\" \/>\n<meta property=\"og:locale\" content=\"fr_FR\" \/>\n<meta property=\"og:type\" content=\"article\" \/>\n<meta property=\"og:title\" content=\"La maladie - Association Fran\u00e7aise Ataxie de Friedreich\" \/>\n<meta property=\"og:description\" content=\"L\u2019ataxie de Friedreich est la plus fr\u00e9quente des ataxies c\u00e9r\u00e9belleuses. C\u2019est une maladie rare, essentiellement neurologique, \u00e9volutive,\u00a0 g\u00e9n\u00e9tique, li\u00e9e \u00e0 un dysfonctionnement mitochondrial.Chaque personne est diff\u00e9rente dans l\u2019\u00e9volution de la maladie et dans la fa\u00e7on de la vivre selon sa personnalit\u00e9 et son environnement. Actuellement, si le traitement curatif n\u2019existe pas encore, la recherche avance [&hellip;]\" \/>\n<meta property=\"og:url\" content=\"https:\/\/www.afaf.asso.fr\/la-maladie\/\" \/>\n<meta property=\"og:site_name\" content=\"Association Fran\u00e7aise Ataxie de Friedreich\" \/>\n<meta property=\"article:modified_time\" content=\"2025-03-18T08:39:17+00:00\" \/>\n<meta property=\"og:image\" content=\"https:\/\/www.afaf.asso.fr\/wp-content\/uploads\/2022\/10\/ataxie-friedreich-adn.jpg\" \/>\n\t<meta property=\"og:image:width\" content=\"700\" \/>\n\t<meta property=\"og:image:height\" content=\"400\" \/>\n\t<meta property=\"og:image:type\" content=\"image\/jpeg\" \/>\n<meta name=\"twitter:card\" content=\"summary_large_image\" \/>\n<meta name=\"twitter:label1\" content=\"Dur\u00e9e de lecture estim\u00e9e\" \/>\n\t<meta name=\"twitter:data1\" content=\"2 minutes\" \/>\n<script type=\"application\/ld+json\" class=\"yoast-schema-graph\">{\"@context\":\"https:\\\/\\\/schema.org\",\"@graph\":[{\"@type\":\"WebPage\",\"@id\":\"https:\\\/\\\/www.afaf.asso.fr\\\/la-maladie\\\/\",\"url\":\"https:\\\/\\\/www.afaf.asso.fr\\\/la-maladie\\\/\",\"name\":\"La maladie - Association Fran\u00e7aise Ataxie de Friedreich\",\"isPartOf\":{\"@id\":\"https:\\\/\\\/www.afaf.asso.fr\\\/#website\"},\"primaryImageOfPage\":{\"@id\":\"https:\\\/\\\/www.afaf.asso.fr\\\/la-maladie\\\/#primaryimage\"},\"image\":{\"@id\":\"https:\\\/\\\/www.afaf.asso.fr\\\/la-maladie\\\/#primaryimage\"},\"thumbnailUrl\":\"https:\\\/\\\/www.afaf.asso.fr\\\/wp-content\\\/uploads\\\/2022\\\/10\\\/ataxie-friedreich-adn.jpg\",\"datePublished\":\"2022-06-28T09:22:57+00:00\",\"dateModified\":\"2025-03-18T08:39:17+00:00\",\"breadcrumb\":{\"@id\":\"https:\\\/\\\/www.afaf.asso.fr\\\/la-maladie\\\/#breadcrumb\"},\"inLanguage\":\"fr-FR\",\"potentialAction\":[{\"@type\":\"ReadAction\",\"target\":[\"https:\\\/\\\/www.afaf.asso.fr\\\/la-maladie\\\/\"]}]},{\"@type\":\"ImageObject\",\"inLanguage\":\"fr-FR\",\"@id\":\"https:\\\/\\\/www.afaf.asso.fr\\\/la-maladie\\\/#primaryimage\",\"url\":\"https:\\\/\\\/www.afaf.asso.fr\\\/wp-content\\\/uploads\\\/2022\\\/10\\\/ataxie-friedreich-adn.jpg\",\"contentUrl\":\"https:\\\/\\\/www.afaf.asso.fr\\\/wp-content\\\/uploads\\\/2022\\\/10\\\/ataxie-friedreich-adn.jpg\",\"width\":700,\"height\":400,\"caption\":\"Lien vers la page de l'ataxie de Freidreich\"},{\"@type\":\"BreadcrumbList\",\"@id\":\"https:\\\/\\\/www.afaf.asso.fr\\\/la-maladie\\\/#breadcrumb\",\"itemListElement\":[{\"@type\":\"ListItem\",\"position\":1,\"name\":\"Accueil\",\"item\":\"https:\\\/\\\/www.afaf.asso.fr\\\/\"},{\"@type\":\"ListItem\",\"position\":2,\"name\":\"La maladie\"}]},{\"@type\":\"WebSite\",\"@id\":\"https:\\\/\\\/www.afaf.asso.fr\\\/#website\",\"url\":\"https:\\\/\\\/www.afaf.asso.fr\\\/\",\"name\":\"Association Fran\u00e7aise Ataxie de Friedreich\",\"description\":\"Association Fran\u00e7aise de l&#039;Ataxie de Friedreich\",\"publisher\":{\"@id\":\"https:\\\/\\\/www.afaf.asso.fr\\\/#organization\"},\"potentialAction\":[{\"@type\":\"SearchAction\",\"target\":{\"@type\":\"EntryPoint\",\"urlTemplate\":\"https:\\\/\\\/www.afaf.asso.fr\\\/?s={search_term_string}\"},\"query-input\":{\"@type\":\"PropertyValueSpecification\",\"valueRequired\":true,\"valueName\":\"search_term_string\"}}],\"inLanguage\":\"fr-FR\"},{\"@type\":\"Organization\",\"@id\":\"https:\\\/\\\/www.afaf.asso.fr\\\/#organization\",\"name\":\"Association Fran\u00e7aise Ataxie de Friedreich\",\"url\":\"https:\\\/\\\/www.afaf.asso.fr\\\/\",\"logo\":{\"@type\":\"ImageObject\",\"inLanguage\":\"fr-FR\",\"@id\":\"https:\\\/\\\/www.afaf.asso.fr\\\/#\\\/schema\\\/logo\\\/image\\\/\",\"url\":\"https:\\\/\\\/www.afaf.asso.fr\\\/wp-content\\\/uploads\\\/2022\\\/06\\\/Logo-vert.png\",\"contentUrl\":\"https:\\\/\\\/www.afaf.asso.fr\\\/wp-content\\\/uploads\\\/2022\\\/06\\\/Logo-vert.png\",\"width\":1181,\"height\":709,\"caption\":\"Association Fran\u00e7aise Ataxie de Friedreich\"},\"image\":{\"@id\":\"https:\\\/\\\/www.afaf.asso.fr\\\/#\\\/schema\\\/logo\\\/image\\\/\"}}]}<\/script>\n<!-- \/ Yoast SEO plugin. -->","yoast_head_json":{"title":"La maladie - Association Fran\u00e7aise Ataxie de Friedreich","robots":{"index":"index","follow":"follow","max-snippet":"max-snippet:-1","max-image-preview":"max-image-preview:large","max-video-preview":"max-video-preview:-1"},"canonical":"https:\/\/www.afaf.asso.fr\/la-maladie\/","og_locale":"fr_FR","og_type":"article","og_title":"La maladie - Association Fran\u00e7aise Ataxie de Friedreich","og_description":"L\u2019ataxie de Friedreich est la plus fr\u00e9quente des ataxies c\u00e9r\u00e9belleuses. C\u2019est une maladie rare, essentiellement neurologique, \u00e9volutive,\u00a0 g\u00e9n\u00e9tique, li\u00e9e \u00e0 un dysfonctionnement mitochondrial.Chaque personne est diff\u00e9rente dans l\u2019\u00e9volution de la maladie et dans la fa\u00e7on de la vivre selon sa personnalit\u00e9 et son environnement. Actuellement, si le traitement curatif n\u2019existe pas encore, la recherche avance [&hellip;]","og_url":"https:\/\/www.afaf.asso.fr\/la-maladie\/","og_site_name":"Association Fran\u00e7aise Ataxie de Friedreich","article_modified_time":"2025-03-18T08:39:17+00:00","og_image":[{"width":700,"height":400,"url":"https:\/\/www.afaf.asso.fr\/wp-content\/uploads\/2022\/10\/ataxie-friedreich-adn.jpg","type":"image\/jpeg"}],"twitter_card":"summary_large_image","twitter_misc":{"Dur\u00e9e de lecture estim\u00e9e":"2 minutes"},"schema":{"@context":"https:\/\/schema.org","@graph":[{"@type":"WebPage","@id":"https:\/\/www.afaf.asso.fr\/la-maladie\/","url":"https:\/\/www.afaf.asso.fr\/la-maladie\/","name":"La maladie - Association Fran\u00e7aise Ataxie de Friedreich","isPartOf":{"@id":"https:\/\/www.afaf.asso.fr\/#website"},"primaryImageOfPage":{"@id":"https:\/\/www.afaf.asso.fr\/la-maladie\/#primaryimage"},"image":{"@id":"https:\/\/www.afaf.asso.fr\/la-maladie\/#primaryimage"},"thumbnailUrl":"https:\/\/www.afaf.asso.fr\/wp-content\/uploads\/2022\/10\/ataxie-friedreich-adn.jpg","datePublished":"2022-06-28T09:22:57+00:00","dateModified":"2025-03-18T08:39:17+00:00","breadcrumb":{"@id":"https:\/\/www.afaf.asso.fr\/la-maladie\/#breadcrumb"},"inLanguage":"fr-FR","potentialAction":[{"@type":"ReadAction","target":["https:\/\/www.afaf.asso.fr\/la-maladie\/"]}]},{"@type":"ImageObject","inLanguage":"fr-FR","@id":"https:\/\/www.afaf.asso.fr\/la-maladie\/#primaryimage","url":"https:\/\/www.afaf.asso.fr\/wp-content\/uploads\/2022\/10\/ataxie-friedreich-adn.jpg","contentUrl":"https:\/\/www.afaf.asso.fr\/wp-content\/uploads\/2022\/10\/ataxie-friedreich-adn.jpg","width":700,"height":400,"caption":"Lien vers la page de l'ataxie de Freidreich"},{"@type":"BreadcrumbList","@id":"https:\/\/www.afaf.asso.fr\/la-maladie\/#breadcrumb","itemListElement":[{"@type":"ListItem","position":1,"name":"Accueil","item":"https:\/\/www.afaf.asso.fr\/"},{"@type":"ListItem","position":2,"name":"La maladie"}]},{"@type":"WebSite","@id":"https:\/\/www.afaf.asso.fr\/#website","url":"https:\/\/www.afaf.asso.fr\/","name":"Association Fran\u00e7aise Ataxie de Friedreich","description":"Association Fran\u00e7aise de l&#039;Ataxie de Friedreich","publisher":{"@id":"https:\/\/www.afaf.asso.fr\/#organization"},"potentialAction":[{"@type":"SearchAction","target":{"@type":"EntryPoint","urlTemplate":"https:\/\/www.afaf.asso.fr\/?s={search_term_string}"},"query-input":{"@type":"PropertyValueSpecification","valueRequired":true,"valueName":"search_term_string"}}],"inLanguage":"fr-FR"},{"@type":"Organization","@id":"https:\/\/www.afaf.asso.fr\/#organization","name":"Association Fran\u00e7aise Ataxie de Friedreich","url":"https:\/\/www.afaf.asso.fr\/","logo":{"@type":"ImageObject","inLanguage":"fr-FR","@id":"https:\/\/www.afaf.asso.fr\/#\/schema\/logo\/image\/","url":"https:\/\/www.afaf.asso.fr\/wp-content\/uploads\/2022\/06\/Logo-vert.png","contentUrl":"https:\/\/www.afaf.asso.fr\/wp-content\/uploads\/2022\/06\/Logo-vert.png","width":1181,"height":709,"caption":"Association Fran\u00e7aise Ataxie de Friedreich"},"image":{"@id":"https:\/\/www.afaf.asso.fr\/#\/schema\/logo\/image\/"}}]}},"_links":{"self":[{"href":"https:\/\/www.afaf.asso.fr\/api-afaf\/wp\/v2\/pages\/510","targetHints":{"allow":["GET"]}}],"collection":[{"href":"https:\/\/www.afaf.asso.fr\/api-afaf\/wp\/v2\/pages"}],"about":[{"href":"https:\/\/www.afaf.asso.fr\/api-afaf\/wp\/v2\/types\/page"}],"author":[{"embeddable":true,"href":"https:\/\/www.afaf.asso.fr\/api-afaf\/wp\/v2\/users\/2"}],"replies":[{"embeddable":true,"href":"https:\/\/www.afaf.asso.fr\/api-afaf\/wp\/v2\/comments?post=510"}],"version-history":[{"count":3,"href":"https:\/\/www.afaf.asso.fr\/api-afaf\/wp\/v2\/pages\/510\/revisions"}],"predecessor-version":[{"id":11871,"href":"https:\/\/www.afaf.asso.fr\/api-afaf\/wp\/v2\/pages\/510\/revisions\/11871"}],"wp:attachment":[{"href":"https:\/\/www.afaf.asso.fr\/api-afaf\/wp\/v2\/media?parent=510"}],"curies":[{"name":"wp","href":"https:\/\/api.w.org\/{rel}","templated":true}]}}