{"id":3,"date":"2022-06-25T16:44:47","date_gmt":"2022-06-25T14:44:47","guid":{"rendered":"https:\/\/www.afaf.asso.fr\/?page_id=3"},"modified":"2026-07-29T11:44:01","modified_gmt":"2026-07-29T09:44:01","slug":"mentions-legales","status":"publish","type":"page","link":"https:\/\/www.afaf.asso.fr\/mentions-legales\/","title":{"rendered":"Mentions l\u00e9gales"},"content":{"rendered":"\t\t<div data-elementor-type=\"wp-page\" data-elementor-id=\"3\" class=\"elementor elementor-3\" data-elementor-post-type=\"page\">\n\t\t\t\t\t\t<section class=\"elementor-section elementor-top-section elementor-element elementor-element-e3f4083 elementor-section-boxed elementor-section-height-default elementor-section-height-default\" data-id=\"e3f4083\" data-element_type=\"section\" data-e-type=\"section\">\n\t\t\t\t\t\t<div class=\"elementor-container elementor-column-gap-default\">\n\t\t\t\t\t<div class=\"elementor-column elementor-col-100 elementor-top-column elementor-element elementor-element-f65fa30\" data-id=\"f65fa30\" data-element_type=\"column\" data-e-type=\"column\">\n\t\t\t<div class=\"elementor-widget-wrap elementor-element-populated\">\n\t\t\t\t\t\t<div class=\"elementor-element elementor-element-c9b24c6 elementor-widget elementor-widget-heading\" data-id=\"c9b24c6\" data-element_type=\"widget\" data-e-type=\"widget\" data-widget_type=\"heading.default\">\n\t\t\t\t<div class=\"elementor-widget-container\">\n\t\t\t\t\t<div class=\"elementor-heading-title elementor-size-default\">Si\u00e8ge social<\/div>\t\t\t\t<\/div>\n\t\t\t\t<\/div>\n\t\t\t\t<div class=\"elementor-element elementor-element-f6fc7ea elementor-widget elementor-widget-text-editor\" data-id=\"f6fc7ea\" data-element_type=\"widget\" data-e-type=\"widget\" data-widget_type=\"text-editor.default\">\n\t\t\t\t<div class=\"elementor-widget-container\">\n\t\t\t\t\t\t\t\t\t<p>Le site www.afaf.asso.fr est \u00e9dit\u00e9 par l\u2019Association Fran\u00e7aise de l\u2019Ataxie de Friedreich (AFAF), association r\u00e9gie par la loi du 1er juillet 1901, reconnue d\u2019int\u00e9r\u00eat g\u00e9n\u00e9ral dont le si\u00e8ge social est situ\u00e9 \u00e0 Saint-Av\u00e9 :<\/p><p>Association Fran\u00e7aise de l\u2019Ataxie de Friedreich<\/p><p>Appartement 46\u00a0<\/p><p>33 rue de l\u2019H\u00f4pital\u00a0<\/p><p>56890 SAINT-AV\u00c9<\/p><p>N\u00b0 SIRET : 51990583000021<\/p><p><a href=\"mailto:contact@afaf.asso.fr\">contact@afaf.asso.fr<\/a>.<\/p><p>Directeur de la publication : St\u00e9phan ROUILLON, Pr\u00e9sident de l\u2019Association Fran\u00e7aise de l\u2019Ataxie de Friedreich (AFAF)<\/p>\t\t\t\t\t\t\t\t<\/div>\n\t\t\t\t<\/div>\n\t\t\t\t<div class=\"elementor-element elementor-element-19ef45c elementor-widget elementor-widget-heading\" data-id=\"19ef45c\" data-element_type=\"widget\" data-e-type=\"widget\" data-widget_type=\"heading.default\">\n\t\t\t\t<div class=\"elementor-widget-container\">\n\t\t\t\t\t<div class=\"elementor-heading-title elementor-size-default\">Site web<\/div>\t\t\t\t<\/div>\n\t\t\t\t<\/div>\n\t\t\t\t<div class=\"elementor-element elementor-element-24123a6 elementor-widget elementor-widget-text-editor\" data-id=\"24123a6\" data-element_type=\"widget\" data-e-type=\"widget\" data-widget_type=\"text-editor.default\">\n\t\t\t\t<div class=\"elementor-widget-container\">\n\t\t\t\t\t\t\t\t\t<p><a class=\"nouvelle-fenetre\" href=\"https:\/\/qwery.fr\/\" target=\"_blank\" rel=\"noopener\">Qwery<\/a><\/p><p>4 Grand Rue<br \/>86240 Croutelle<\/p>\t\t\t\t\t\t\t\t<\/div>\n\t\t\t\t<\/div>\n\t\t\t\t<div class=\"elementor-element elementor-element-16b80ed elementor-widget elementor-widget-heading\" data-id=\"16b80ed\" data-element_type=\"widget\" data-e-type=\"widget\" data-widget_type=\"heading.default\">\n\t\t\t\t<div class=\"elementor-widget-container\">\n\t\t\t\t\t<div class=\"elementor-heading-title elementor-size-default\">H\u00e9bergement<\/div>\t\t\t\t<\/div>\n\t\t\t\t<\/div>\n\t\t\t\t<div class=\"elementor-element elementor-element-27b6ed1 elementor-widget elementor-widget-text-editor\" data-id=\"27b6ed1\" data-element_type=\"widget\" data-e-type=\"widget\" data-widget_type=\"text-editor.default\">\n\t\t\t\t<div class=\"elementor-widget-container\">\n\t\t\t\t\t\t\t\t\t<p>OVH<\/p><p>2 rue Kellerman<\/p><p>59100 Roubaix<\/p><p>T\u00e9l\u00e9phone : 1007<\/p>\t\t\t\t\t\t\t\t<\/div>\n\t\t\t\t<\/div>\n\t\t\t\t\t<\/div>\n\t\t<\/div>\n\t\t\t\t\t<\/div>\n\t\t<\/section>\n\t\t\t\t<section class=\"elementor-section elementor-top-section elementor-element elementor-element-4b0f8cd elementor-section-boxed elementor-section-height-default elementor-section-height-default\" data-id=\"4b0f8cd\" data-element_type=\"section\" data-e-type=\"section\">\n\t\t\t\t\t\t<div class=\"elementor-container elementor-column-gap-default\">\n\t\t\t\t\t<div class=\"elementor-column elementor-col-100 elementor-top-column elementor-element elementor-element-253d142\" data-id=\"253d142\" data-element_type=\"column\" data-e-type=\"column\">\n\t\t\t<div class=\"elementor-widget-wrap elementor-element-populated\">\n\t\t\t\t\t\t<div class=\"elementor-element elementor-element-a3bce40 elementor-widget elementor-widget-heading\" data-id=\"a3bce40\" data-element_type=\"widget\" data-e-type=\"widget\" data-widget_type=\"heading.default\">\n\t\t\t\t<div class=\"elementor-widget-container\">\n\t\t\t\t\t<h2 class=\"elementor-heading-title elementor-size-default\">Protection des donn\u00e9es personnelles<\/h2>\t\t\t\t<\/div>\n\t\t\t\t<\/div>\n\t\t\t\t<div class=\"elementor-element elementor-element-6d701d9 elementor-widget elementor-widget-text-editor\" data-id=\"6d701d9\" data-element_type=\"widget\" data-e-type=\"widget\" data-widget_type=\"text-editor.default\">\n\t\t\t\t<div class=\"elementor-widget-container\">\n\t\t\t\t\t\t\t\t\t<p>Le site web de l\u2019Association Fran\u00e7aise de l\u2019Ataxie de Friedreich (ci-apr\u00e8s AFAF) a pour objet :<\/p>\n<ul>\n<li>de fournir des informations m\u00e9dicales et scientifiques sur l\u2019Ataxie de Friedreich sur les avanc\u00e9es de la recherche, sur la liste des essais en cours, etc\u2026<\/li>\n<li>d\u2019apporter des r\u00e9ponses pratiques et concr\u00e8tes aux questions de la vie quotidienne des personnes concern\u00e9es et de fournir des informations sur les services offerts par l\u2019Association ;<\/li>\n<li>d\u2019expliquer la strat\u00e9gie et les actions de l\u2019AFAF et rendre compte de la bonne utilisation des fonds collect\u00e9s ;<\/li>\n<li>de fournir des informations sur les diff\u00e9rentes mani\u00e8res de se mobiliser ;<\/li>\n<li>de permettre la collecte de dons et la gestion des adh\u00e9sions.<\/li>\n<\/ul>\t\t\t\t\t\t\t\t<\/div>\n\t\t\t\t<\/div>\n\t\t\t\t<div class=\"elementor-element elementor-element-efccf20 elementor-widget elementor-widget-heading\" data-id=\"efccf20\" data-element_type=\"widget\" data-e-type=\"widget\" data-widget_type=\"heading.default\">\n\t\t\t\t<div class=\"elementor-widget-container\">\n\t\t\t\t\t<div class=\"elementor-heading-title elementor-size-default\">Collecte de donn\u00e9es et finalit\u00e9s<\/div>\t\t\t\t<\/div>\n\t\t\t\t<\/div>\n\t\t\t\t<div class=\"elementor-element elementor-element-ced68e9 elementor-widget elementor-widget-text-editor\" data-id=\"ced68e9\" data-element_type=\"widget\" data-e-type=\"widget\" data-widget_type=\"text-editor.default\">\n\t\t\t\t<div class=\"elementor-widget-container\">\n\t\t\t\t\t\t\t\t\t<p>Vous pouvez acc\u00e9der \u00e0 notre site sans obligation de r\u00e9v\u00e9ler votre identit\u00e9 ou donner d\u2019informations vous concernant.<\/p>\n<p>Toutefois nous pouvons \u00eatre amen\u00e9s, apr\u00e8s avoir sollicit\u00e9 votre accord, \u00e0 collecter et traiter des informations personnelles vous concernant dans le cadre des formulaires que vous remplissez (contact, dons, adh\u00e9sions).<\/p>\n<p>Les donn\u00e9es collect\u00e9es via ces formulaires sont utilis\u00e9es dans le cadre des traitements suivants :<\/p>\n<ul>\n<li>Gestion de votre don et \u00e9dition de votre re\u00e7u fiscal ;<\/li>\n<li>Gestion de votre adh\u00e9sion ;<\/li>\n<li>Abonnement \u00e0 la revue Espoir et gestion des envois ;<\/li>\n<li>Envoi d\u2019informations sur nos actions et appels aux dons ;<\/li>\n<li>Statistiques et mesure de fr\u00e9quentation du site.<\/li>\n<\/ul>\n<p>Les donn\u00e9es collect\u00e9es concernent votre identit\u00e9 et vos diff\u00e9rentes coordonn\u00e9es, et dans le seul cadre de votre adh\u00e9sion et sous r\u00e9serve de votre consentement expr\u00e8s, votre statut par rapport \u00e0 l\u2019Ataxie de Friedreich (malade ou proche). Cette donn\u00e9e n\u2019est collect\u00e9e qu\u2019\u00e0 des fins statistiques. Vous \u00eates enti\u00e8rement libre de ne pas r\u00e9pondre, sans que cela n\u2019ait d\u2019impact sur votre possibilit\u00e9 d\u2019adh\u00e9rer \u00e0 l\u2019AFAF.<\/p>\t\t\t\t\t\t\t\t<\/div>\n\t\t\t\t<\/div>\n\t\t\t\t<div class=\"elementor-element elementor-element-fde61fb elementor-widget elementor-widget-heading\" data-id=\"fde61fb\" data-element_type=\"widget\" data-e-type=\"widget\" data-widget_type=\"heading.default\">\n\t\t\t\t<div class=\"elementor-widget-container\">\n\t\t\t\t\t<div class=\"elementor-heading-title elementor-size-default\">Identit\u00e9 du responsable des traitements<\/div>\t\t\t\t<\/div>\n\t\t\t\t<\/div>\n\t\t\t\t<div class=\"elementor-element elementor-element-b09bf90 elementor-widget elementor-widget-text-editor\" data-id=\"b09bf90\" data-element_type=\"widget\" data-e-type=\"widget\" data-widget_type=\"text-editor.default\">\n\t\t\t\t<div class=\"elementor-widget-container\">\n\t\t\t\t\t\t\t\t\t<p>Les donn\u00e9es personnelles sont collect\u00e9es par :<\/p><p>L\u2019Association Fran\u00e7aise de l\u2019Ataxie de Friedreich (AFAF)<\/p><p>Appartement 46<\/p><p>33 rue de l\u2019H\u00f4pital<\/p><p>56890 SAINT-AV\u00c9<\/p><p>N\u00b0 SIRET : 51990583000021.<\/p>\t\t\t\t\t\t\t\t<\/div>\n\t\t\t\t<\/div>\n\t\t\t\t<div class=\"elementor-element elementor-element-c800ff5 elementor-widget elementor-widget-heading\" data-id=\"c800ff5\" data-element_type=\"widget\" data-e-type=\"widget\" data-widget_type=\"heading.default\">\n\t\t\t\t<div class=\"elementor-widget-container\">\n\t\t\t\t\t<div class=\"elementor-heading-title elementor-size-default\">Conservation des donn\u00e9es<\/div>\t\t\t\t<\/div>\n\t\t\t\t<\/div>\n\t\t\t\t<div class=\"elementor-element elementor-element-baa85df elementor-widget elementor-widget-text-editor\" data-id=\"baa85df\" data-element_type=\"widget\" data-e-type=\"widget\" data-widget_type=\"text-editor.default\">\n\t\t\t\t<div class=\"elementor-widget-container\">\n\t\t\t\t\t\t\t\t\tLes donn\u00e9es collect\u00e9es sont conserv\u00e9es pendant la dur\u00e9e pertinente et n\u00e9cessaire \u00e0 la r\u00e9alisation des finalit\u00e9s pr\u00e9cit\u00e9es.\t\t\t\t\t\t\t\t<\/div>\n\t\t\t\t<\/div>\n\t\t\t\t<div class=\"elementor-element elementor-element-17790e3 elementor-widget elementor-widget-heading\" data-id=\"17790e3\" data-element_type=\"widget\" data-e-type=\"widget\" data-widget_type=\"heading.default\">\n\t\t\t\t<div class=\"elementor-widget-container\">\n\t\t\t\t\t<div class=\"elementor-heading-title elementor-size-default\">Destinataires des donn\u00e9es<\/div>\t\t\t\t<\/div>\n\t\t\t\t<\/div>\n\t\t\t\t<div class=\"elementor-element elementor-element-5efa6ea elementor-widget elementor-widget-text-editor\" data-id=\"5efa6ea\" data-element_type=\"widget\" data-e-type=\"widget\" data-widget_type=\"text-editor.default\">\n\t\t\t\t<div class=\"elementor-widget-container\">\n\t\t\t\t\t\t\t\t\tLes donn\u00e9es personnelles collect\u00e9es sont accessibles aux seuls membres du Conseil d\u2019Administration de l\u2019AFAF et \u00e0 ses salari\u00e9s, et, dans la stricte limite de leurs fonctions, \u00e0 ses sous-traitants.\t\t\t\t\t\t\t\t<\/div>\n\t\t\t\t<\/div>\n\t\t\t\t<div class=\"elementor-element elementor-element-4885f1e elementor-widget elementor-widget-heading\" data-id=\"4885f1e\" data-element_type=\"widget\" data-e-type=\"widget\" data-widget_type=\"heading.default\">\n\t\t\t\t<div class=\"elementor-widget-container\">\n\t\t\t\t\t<div class=\"elementor-heading-title elementor-size-default\">S\u00e9curit\u00e9 des donn\u00e9es<\/div>\t\t\t\t<\/div>\n\t\t\t\t<\/div>\n\t\t\t\t<div class=\"elementor-element elementor-element-90b4d9d elementor-widget elementor-widget-text-editor\" data-id=\"90b4d9d\" data-element_type=\"widget\" data-e-type=\"widget\" data-widget_type=\"text-editor.default\">\n\t\t\t\t<div class=\"elementor-widget-container\">\n\t\t\t\t\t\t\t\t\t<p>L\u2019AFAF s\u2019engage \u00e0 prendre toutes les mesures n\u00e9cessaires au respect de votre vie priv\u00e9e et \u00e0 l\u2019utilisation de vos donn\u00e9es personnelles.<\/p>\n<p>En tant que responsable de traitement, l\u2019AFAF prend toutes les pr\u00e9cautions utiles pour pr\u00e9server la s\u00e9curit\u00e9 et la confidentialit\u00e9 des donn\u00e9es et notamment, emp\u00eacher qu\u2019elles soient d\u00e9form\u00e9es, endommag\u00e9es, ou que des tiers non autoris\u00e9s y aient acc\u00e8s.<\/p>\t\t\t\t\t\t\t\t<\/div>\n\t\t\t\t<\/div>\n\t\t\t\t<div class=\"elementor-element elementor-element-d72f02d elementor-widget elementor-widget-heading\" data-id=\"d72f02d\" data-element_type=\"widget\" data-e-type=\"widget\" data-widget_type=\"heading.default\">\n\t\t\t\t<div class=\"elementor-widget-container\">\n\t\t\t\t\t<div class=\"elementor-heading-title elementor-size-default\">Donn\u00e9es Bancaires<\/div>\t\t\t\t<\/div>\n\t\t\t\t<\/div>\n\t\t\t\t<div class=\"elementor-element elementor-element-28ac09d elementor-widget elementor-widget-text-editor\" data-id=\"28ac09d\" data-element_type=\"widget\" data-e-type=\"widget\" data-widget_type=\"text-editor.default\">\n\t\t\t\t<div class=\"elementor-widget-container\">\n\t\t\t\t\t\t\t\t\tLorsque vous proc\u00e9dez \u00e0 un don ou \u00e0 une adh\u00e9sion, les donn\u00e9es bancaires que vous saisissez ne sont pas collect\u00e9es par l\u2019AFAF.\t\t\t\t\t\t\t\t<\/div>\n\t\t\t\t<\/div>\n\t\t\t\t<div class=\"elementor-element elementor-element-c9347d6 elementor-widget elementor-widget-heading\" data-id=\"c9347d6\" data-element_type=\"widget\" data-e-type=\"widget\" data-widget_type=\"heading.default\">\n\t\t\t\t<div class=\"elementor-widget-container\">\n\t\t\t\t\t<div class=\"elementor-heading-title elementor-size-default\">Cookies <\/div>\t\t\t\t<\/div>\n\t\t\t\t<\/div>\n\t\t\t\t<div class=\"elementor-element elementor-element-4632262 elementor-widget elementor-widget-text-editor\" data-id=\"4632262\" data-element_type=\"widget\" data-e-type=\"widget\" data-widget_type=\"text-editor.default\">\n\t\t\t\t<div class=\"elementor-widget-container\">\n\t\t\t\t\t\t\t\t\t<p>Un cookie est un petit fichier texte d\u00e9pos\u00e9 sur votre appareil par le biais de votre navigateur. Il ne permet pas d\u2019identifier une personne physique, ne contient ni programme ex\u00e9cutable ni virus. Notre site utilise des cookies pour simplifier votre navigation, collecter des donn\u00e9es statistiques (dur\u00e9e de visites, pages vues&#8230;), et m\u00e9moriser des informations relatives \u00e0 un formulaire rempli sur notre site.<\/p>\n<p>Vous pouvez d\u00e9cider d&#8217;accepter ou de rejeter les cookies. Pour d\u00e9sactiver les cookies quand vous le souhaitez, vous devez changer les param\u00e8tres de votre navigateur (attention, certaines fonctionnalit\u00e9s du site peuvent dans ce cas ne plus \u00eatre disponibles).<\/p>\n<p>Pour plus d\u2019information sur les cookies, vous pouvez vous rendre sur le site de la <a href=\"https:\/\/www.cnil.fr\" target=\"_blank\" rel=\"noopener\">CNIL <i class=\"fas fa-external-link-alt\"><\/i><\/a>.<\/p>\t\t\t\t\t\t\t\t<\/div>\n\t\t\t\t<\/div>\n\t\t\t\t<div class=\"elementor-element elementor-element-d75f407 elementor-widget elementor-widget-heading\" data-id=\"d75f407\" data-element_type=\"widget\" data-e-type=\"widget\" data-widget_type=\"heading.default\">\n\t\t\t\t<div class=\"elementor-widget-container\">\n\t\t\t\t\t<div class=\"elementor-heading-title elementor-size-default\">Exercice de vos droits<\/div>\t\t\t\t<\/div>\n\t\t\t\t<\/div>\n\t\t\t\t<div class=\"elementor-element elementor-element-c67b61d elementor-widget elementor-widget-text-editor\" data-id=\"c67b61d\" data-element_type=\"widget\" data-e-type=\"widget\" data-widget_type=\"text-editor.default\">\n\t\t\t\t<div class=\"elementor-widget-container\">\n\t\t\t\t\t\t\t\t\t<p>Conform\u00e9ment \u00e0 la loi \u00ab informatique et libert\u00e9s \u00bb du 6 janvier 1978, vous disposez d\u2019un droit d\u2019acc\u00e8s, de rectification, d\u2019opposition, de limitation du traitement, de portabilit\u00e9 et d\u2019effacement des donn\u00e9es personnelles vous concernant, que vous pouvez exercer :<\/p><ul><li>en \u00e9crivant \u00e0 : Association Fran\u00e7aise de l\u2019Ataxie de Friedreich &#8211; Appartement 46 &#8211; 33 rue de l\u2019H\u00f4pital &#8211; 56890 SAINT-AV\u00c9<\/li><li>ou par email : <a href=\"mailto:contact@afaf.asso.fr\">contact@afaf.asso.fr <\/a><\/li><\/ul><p>Vous disposez \u00e9galement du droit d\u2019introduire une r\u00e9clamation aupr\u00e8s de la Commission Nationale Informatique et Libert\u00e9s (<a href=\"https:\/\/www.cnil.fr\" target=\"_blank\" rel=\"noopener\">CNIL <i class=\"fas fa-external-link-alt\"><\/i><\/a>).<\/p>\t\t\t\t\t\t\t\t<\/div>\n\t\t\t\t<\/div>\n\t\t\t\t\t<\/div>\n\t\t<\/div>\n\t\t\t\t\t<\/div>\n\t\t<\/section>\n\t\t\t\t<section class=\"elementor-section elementor-top-section elementor-element elementor-element-025ec22 elementor-section-boxed elementor-section-height-default elementor-section-height-default\" data-id=\"025ec22\" data-element_type=\"section\" data-e-type=\"section\">\n\t\t\t\t\t\t<div class=\"elementor-container elementor-column-gap-default\">\n\t\t\t\t\t<div class=\"elementor-column elementor-col-100 elementor-top-column elementor-element elementor-element-ff2f125\" data-id=\"ff2f125\" data-element_type=\"column\" data-e-type=\"column\">\n\t\t\t<div class=\"elementor-widget-wrap elementor-element-populated\">\n\t\t\t\t\t\t<div class=\"elementor-element elementor-element-3059dcc elementor-widget elementor-widget-heading\" data-id=\"3059dcc\" data-element_type=\"widget\" data-e-type=\"widget\" data-widget_type=\"heading.default\">\n\t\t\t\t<div class=\"elementor-widget-container\">\n\t\t\t\t\t<h2 class=\"elementor-heading-title elementor-size-default\">Propri\u00e9t\u00e9 intellectuelle<\/h2>\t\t\t\t<\/div>\n\t\t\t\t<\/div>\n\t\t\t\t<div class=\"elementor-element elementor-element-583f2ff elementor-widget elementor-widget-text-editor\" data-id=\"583f2ff\" data-element_type=\"widget\" data-e-type=\"widget\" data-widget_type=\"text-editor.default\">\n\t\t\t\t<div class=\"elementor-widget-container\">\n\t\t\t\t\t\t\t\t\t<p>Ce site est la propri\u00e9t\u00e9 exclusive de l\u2019Association Fran\u00e7aise de l\u2019Ataxie de Friedreich.<\/p>\n<p>Toute reproduction ou utilisation de tout ou partie des \u00e9l\u00e9ments (y compris le logo) de ce site est soumise \u00e0 autorisation expresse de l\u2019AFAF.<\/p>\t\t\t\t\t\t\t\t<\/div>\n\t\t\t\t<\/div>\n\t\t\t\t\t<\/div>\n\t\t<\/div>\n\t\t\t\t\t<\/div>\n\t\t<\/section>\n\t\t\t\t<\/div>\n\t\t","protected":false},"excerpt":{"rendered":"<p>Si\u00e8ge social Le site www.afaf.asso.fr est \u00e9dit\u00e9 par l\u2019Association Fran\u00e7aise de l\u2019Ataxie de Friedreich (AFAF), association r\u00e9gie par la loi du 1er juillet 1901, reconnue d\u2019int\u00e9r\u00eat g\u00e9n\u00e9ral dont le si\u00e8ge social est situ\u00e9 \u00e0 Saint-Av\u00e9 : Association Fran\u00e7aise de l\u2019Ataxie de Friedreich Appartement 46\u00a0 33 rue de l\u2019H\u00f4pital\u00a0 56890 SAINT-AV\u00c9 N\u00b0 SIRET : 51990583000021 contact@afaf.asso.fr. [&hellip;]<\/p>\n","protected":false},"author":1,"featured_media":0,"parent":0,"menu_order":0,"comment_status":"closed","ping_status":"closed","template":"","meta":{"_monsterinsights_skip_tracking":false,"ocean_front_end_style_editor":"no","ocean_post_layout":"","ocean_both_sidebars_style":"","ocean_both_sidebars_content_width":0,"ocean_both_sidebars_sidebars_width":0,"ocean_sidebar":"0","ocean_second_sidebar":"0","ocean_disable_margins":"on","ocean_add_body_class":"","ocean_shortcode_before_top_bar":"","ocean_shortcode_after_top_bar":"","ocean_shortcode_before_header":"","ocean_shortcode_after_header":"","ocean_has_shortcode":"","ocean_shortcode_after_title":"","ocean_shortcode_before_footer_widgets":"","ocean_shortcode_after_footer_widgets":"","ocean_shortcode_before_footer_bottom":"","ocean_shortcode_after_footer_bottom":"","ocean_display_top_bar":"default","ocean_display_header":"default","ocean_header_style":"","ocean_center_header_left_menu":"0","ocean_custom_header_template":"0","ocean_custom_logo":0,"ocean_custom_retina_logo":0,"ocean_custom_logo_max_width":0,"ocean_custom_logo_tablet_max_width":0,"ocean_custom_logo_mobile_max_width":0,"ocean_custom_logo_max_height":0,"ocean_custom_logo_tablet_max_height":0,"ocean_custom_logo_mobile_max_height":0,"ocean_header_custom_menu":"0","ocean_menu_typo_font_family":"0","ocean_menu_typo_font_subset":"","ocean_menu_typo_font_size":0,"ocean_menu_typo_font_size_tablet":0,"ocean_menu_typo_font_size_mobile":0,"ocean_menu_typo_font_size_unit":"px","ocean_menu_typo_font_weight":"","ocean_menu_typo_font_weight_tablet":"","ocean_menu_typo_font_weight_mobile":"","ocean_menu_typo_transform":"","ocean_menu_typo_transform_tablet":"","ocean_menu_typo_transform_mobile":"","ocean_menu_typo_line_height":0,"ocean_menu_typo_line_height_tablet":0,"ocean_menu_typo_line_height_mobile":0,"ocean_menu_typo_line_height_unit":"","ocean_menu_typo_spacing":0,"ocean_menu_typo_spacing_tablet":0,"ocean_menu_typo_spacing_mobile":0,"ocean_menu_typo_spacing_unit":"","ocean_menu_link_color":"","ocean_menu_link_color_hover":"","ocean_menu_link_color_active":"","ocean_menu_link_background":"","ocean_menu_link_hover_background":"","ocean_menu_link_active_background":"","ocean_menu_social_links_bg":"","ocean_menu_social_hover_links_bg":"","ocean_menu_social_links_color":"","ocean_menu_social_hover_links_color":"","ocean_disable_title":"enable","ocean_disable_heading":"default","ocean_post_title":"","ocean_post_subheading":"","ocean_post_title_style":"","ocean_post_title_background_color":"","ocean_post_title_background":0,"ocean_post_title_bg_image_position":"","ocean_post_title_bg_image_attachment":"","ocean_post_title_bg_image_repeat":"","ocean_post_title_bg_image_size":"","ocean_post_title_height":0,"ocean_post_title_bg_overlay":0.5,"ocean_post_title_bg_overlay_color":"","ocean_disable_breadcrumbs":"on","ocean_breadcrumbs_color":"","ocean_breadcrumbs_separator_color":"","ocean_breadcrumbs_links_color":"","ocean_breadcrumbs_links_hover_color":"","ocean_display_footer_widgets":"default","ocean_display_footer_bottom":"default","ocean_custom_footer_template":"0","footnotes":""},"class_list":["post-3","page","type-page","status-publish","hentry","entry","owp-thumbs-layout-horizontal","owp-btn-normal","owp-tabs-layout-section","has-no-thumbnails"],"yoast_head":"<!-- This site is optimized with the Yoast SEO plugin v28.1 - https:\/\/yoast.com\/product\/yoast-seo-wordpress\/ -->\n<title>Mentions l\u00e9gales - Association Fran\u00e7aise Ataxie de Friedreich<\/title>\n<meta name=\"robots\" content=\"index, follow, max-snippet:-1, max-image-preview:large, max-video-preview:-1\" \/>\n<link rel=\"canonical\" href=\"https:\/\/www.afaf.asso.fr\/mentions-legales\/\" \/>\n<meta property=\"og:locale\" content=\"fr_FR\" \/>\n<meta property=\"og:type\" content=\"article\" \/>\n<meta property=\"og:title\" content=\"Mentions l\u00e9gales - Association Fran\u00e7aise Ataxie de Friedreich\" \/>\n<meta property=\"og:description\" content=\"Si\u00e8ge social Le site www.afaf.asso.fr est \u00e9dit\u00e9 par l\u2019Association Fran\u00e7aise de l\u2019Ataxie de Friedreich (AFAF), association r\u00e9gie par la loi du 1er juillet 1901, reconnue d\u2019int\u00e9r\u00eat g\u00e9n\u00e9ral dont le si\u00e8ge social est situ\u00e9 \u00e0 Saint-Av\u00e9 : Association Fran\u00e7aise de l\u2019Ataxie de Friedreich Appartement 46\u00a0 33 rue de l\u2019H\u00f4pital\u00a0 56890 SAINT-AV\u00c9 N\u00b0 SIRET : 51990583000021 contact@afaf.asso.fr. [&hellip;]\" \/>\n<meta property=\"og:url\" content=\"https:\/\/www.afaf.asso.fr\/mentions-legales\/\" \/>\n<meta property=\"og:site_name\" content=\"Association Fran\u00e7aise Ataxie de Friedreich\" \/>\n<meta property=\"article:modified_time\" content=\"2026-07-29T09:44:01+00:00\" \/>\n<meta name=\"twitter:card\" content=\"summary_large_image\" \/>\n<meta name=\"twitter:label1\" content=\"Dur\u00e9e de lecture estim\u00e9e\" \/>\n\t<meta name=\"twitter:data1\" content=\"4 minutes\" \/>\n<script type=\"application\/ld+json\" class=\"yoast-schema-graph\">{\"@context\":\"https:\\\/\\\/schema.org\",\"@graph\":[{\"@type\":\"WebPage\",\"@id\":\"https:\\\/\\\/www.afaf.asso.fr\\\/mentions-legales\\\/\",\"url\":\"https:\\\/\\\/www.afaf.asso.fr\\\/mentions-legales\\\/\",\"name\":\"Mentions l\u00e9gales - Association Fran\u00e7aise Ataxie de Friedreich\",\"isPartOf\":{\"@id\":\"https:\\\/\\\/www.afaf.asso.fr\\\/#website\"},\"datePublished\":\"2022-06-25T14:44:47+00:00\",\"dateModified\":\"2026-07-29T09:44:01+00:00\",\"breadcrumb\":{\"@id\":\"https:\\\/\\\/www.afaf.asso.fr\\\/mentions-legales\\\/#breadcrumb\"},\"inLanguage\":\"fr-FR\",\"potentialAction\":[{\"@type\":\"ReadAction\",\"target\":[\"https:\\\/\\\/www.afaf.asso.fr\\\/mentions-legales\\\/\"]}]},{\"@type\":\"BreadcrumbList\",\"@id\":\"https:\\\/\\\/www.afaf.asso.fr\\\/mentions-legales\\\/#breadcrumb\",\"itemListElement\":[{\"@type\":\"ListItem\",\"position\":1,\"name\":\"Accueil\",\"item\":\"https:\\\/\\\/www.afaf.asso.fr\\\/\"},{\"@type\":\"ListItem\",\"position\":2,\"name\":\"Mentions l\u00e9gales\"}]},{\"@type\":\"WebSite\",\"@id\":\"https:\\\/\\\/www.afaf.asso.fr\\\/#website\",\"url\":\"https:\\\/\\\/www.afaf.asso.fr\\\/\",\"name\":\"Association Fran\u00e7aise Ataxie de Friedreich\",\"description\":\"Association Fran\u00e7aise de l&#039;Ataxie de Friedreich\",\"publisher\":{\"@id\":\"https:\\\/\\\/www.afaf.asso.fr\\\/#organization\"},\"potentialAction\":[{\"@type\":\"SearchAction\",\"target\":{\"@type\":\"EntryPoint\",\"urlTemplate\":\"https:\\\/\\\/www.afaf.asso.fr\\\/?s={search_term_string}\"},\"query-input\":{\"@type\":\"PropertyValueSpecification\",\"valueRequired\":true,\"valueName\":\"search_term_string\"}}],\"inLanguage\":\"fr-FR\"},{\"@type\":\"Organization\",\"@id\":\"https:\\\/\\\/www.afaf.asso.fr\\\/#organization\",\"name\":\"Association Fran\u00e7aise Ataxie de Friedreich\",\"url\":\"https:\\\/\\\/www.afaf.asso.fr\\\/\",\"logo\":{\"@type\":\"ImageObject\",\"inLanguage\":\"fr-FR\",\"@id\":\"https:\\\/\\\/www.afaf.asso.fr\\\/#\\\/schema\\\/logo\\\/image\\\/\",\"url\":\"https:\\\/\\\/www.afaf.asso.fr\\\/wp-content\\\/uploads\\\/2022\\\/06\\\/Logo-vert.png\",\"contentUrl\":\"https:\\\/\\\/www.afaf.asso.fr\\\/wp-content\\\/uploads\\\/2022\\\/06\\\/Logo-vert.png\",\"width\":1181,\"height\":709,\"caption\":\"Association Fran\u00e7aise Ataxie de Friedreich\"},\"image\":{\"@id\":\"https:\\\/\\\/www.afaf.asso.fr\\\/#\\\/schema\\\/logo\\\/image\\\/\"}}]}<\/script>\n<!-- \/ Yoast SEO plugin. -->","yoast_head_json":{"title":"Mentions l\u00e9gales - Association Fran\u00e7aise Ataxie de Friedreich","robots":{"index":"index","follow":"follow","max-snippet":"max-snippet:-1","max-image-preview":"max-image-preview:large","max-video-preview":"max-video-preview:-1"},"canonical":"https:\/\/www.afaf.asso.fr\/mentions-legales\/","og_locale":"fr_FR","og_type":"article","og_title":"Mentions l\u00e9gales - Association Fran\u00e7aise Ataxie de Friedreich","og_description":"Si\u00e8ge social Le site www.afaf.asso.fr est \u00e9dit\u00e9 par l\u2019Association Fran\u00e7aise de l\u2019Ataxie de Friedreich (AFAF), association r\u00e9gie par la loi du 1er juillet 1901, reconnue d\u2019int\u00e9r\u00eat g\u00e9n\u00e9ral dont le si\u00e8ge social est situ\u00e9 \u00e0 Saint-Av\u00e9 : Association Fran\u00e7aise de l\u2019Ataxie de Friedreich Appartement 46\u00a0 33 rue de l\u2019H\u00f4pital\u00a0 56890 SAINT-AV\u00c9 N\u00b0 SIRET : 51990583000021 contact@afaf.asso.fr. [&hellip;]","og_url":"https:\/\/www.afaf.asso.fr\/mentions-legales\/","og_site_name":"Association Fran\u00e7aise Ataxie de Friedreich","article_modified_time":"2026-07-29T09:44:01+00:00","twitter_card":"summary_large_image","twitter_misc":{"Dur\u00e9e de lecture estim\u00e9e":"4 minutes"},"schema":{"@context":"https:\/\/schema.org","@graph":[{"@type":"WebPage","@id":"https:\/\/www.afaf.asso.fr\/mentions-legales\/","url":"https:\/\/www.afaf.asso.fr\/mentions-legales\/","name":"Mentions l\u00e9gales - Association Fran\u00e7aise Ataxie de Friedreich","isPartOf":{"@id":"https:\/\/www.afaf.asso.fr\/#website"},"datePublished":"2022-06-25T14:44:47+00:00","dateModified":"2026-07-29T09:44:01+00:00","breadcrumb":{"@id":"https:\/\/www.afaf.asso.fr\/mentions-legales\/#breadcrumb"},"inLanguage":"fr-FR","potentialAction":[{"@type":"ReadAction","target":["https:\/\/www.afaf.asso.fr\/mentions-legales\/"]}]},{"@type":"BreadcrumbList","@id":"https:\/\/www.afaf.asso.fr\/mentions-legales\/#breadcrumb","itemListElement":[{"@type":"ListItem","position":1,"name":"Accueil","item":"https:\/\/www.afaf.asso.fr\/"},{"@type":"ListItem","position":2,"name":"Mentions l\u00e9gales"}]},{"@type":"WebSite","@id":"https:\/\/www.afaf.asso.fr\/#website","url":"https:\/\/www.afaf.asso.fr\/","name":"Association Fran\u00e7aise Ataxie de Friedreich","description":"Association Fran\u00e7aise de l&#039;Ataxie de Friedreich","publisher":{"@id":"https:\/\/www.afaf.asso.fr\/#organization"},"potentialAction":[{"@type":"SearchAction","target":{"@type":"EntryPoint","urlTemplate":"https:\/\/www.afaf.asso.fr\/?s={search_term_string}"},"query-input":{"@type":"PropertyValueSpecification","valueRequired":true,"valueName":"search_term_string"}}],"inLanguage":"fr-FR"},{"@type":"Organization","@id":"https:\/\/www.afaf.asso.fr\/#organization","name":"Association Fran\u00e7aise Ataxie de Friedreich","url":"https:\/\/www.afaf.asso.fr\/","logo":{"@type":"ImageObject","inLanguage":"fr-FR","@id":"https:\/\/www.afaf.asso.fr\/#\/schema\/logo\/image\/","url":"https:\/\/www.afaf.asso.fr\/wp-content\/uploads\/2022\/06\/Logo-vert.png","contentUrl":"https:\/\/www.afaf.asso.fr\/wp-content\/uploads\/2022\/06\/Logo-vert.png","width":1181,"height":709,"caption":"Association Fran\u00e7aise Ataxie de Friedreich"},"image":{"@id":"https:\/\/www.afaf.asso.fr\/#\/schema\/logo\/image\/"}}]}},"_links":{"self":[{"href":"https:\/\/www.afaf.asso.fr\/api-afaf\/wp\/v2\/pages\/3","targetHints":{"allow":["GET"]}}],"collection":[{"href":"https:\/\/www.afaf.asso.fr\/api-afaf\/wp\/v2\/pages"}],"about":[{"href":"https:\/\/www.afaf.asso.fr\/api-afaf\/wp\/v2\/types\/page"}],"author":[{"embeddable":true,"href":"https:\/\/www.afaf.asso.fr\/api-afaf\/wp\/v2\/users\/1"}],"replies":[{"embeddable":true,"href":"https:\/\/www.afaf.asso.fr\/api-afaf\/wp\/v2\/comments?post=3"}],"version-history":[{"count":3,"href":"https:\/\/www.afaf.asso.fr\/api-afaf\/wp\/v2\/pages\/3\/revisions"}],"predecessor-version":[{"id":14043,"href":"https:\/\/www.afaf.asso.fr\/api-afaf\/wp\/v2\/pages\/3\/revisions\/14043"}],"wp:attachment":[{"href":"https:\/\/www.afaf.asso.fr\/api-afaf\/wp\/v2\/media?parent=3"}],"curies":[{"name":"wp","href":"https:\/\/api.w.org\/{rel}","templated":true}]}}