{"id":2040,"date":"2022-09-27T14:22:22","date_gmt":"2022-09-27T12:22:22","guid":{"rendered":"https:\/\/www.afaf.asso.fr\/?page_id=2040"},"modified":"2026-01-21T17:35:53","modified_gmt":"2026-01-21T16:35:53","slug":"psychologues-accompagnement-social","status":"publish","type":"page","link":"https:\/\/www.afaf.asso.fr\/nos-services\/psychologues-accompagnement-social\/","title":{"rendered":"Psychologues &#038; accompagnement social"},"content":{"rendered":"\t\t<div data-elementor-type=\"wp-page\" data-elementor-id=\"2040\" class=\"elementor elementor-2040\" data-elementor-post-type=\"page\">\n\t\t\t\t\t\t<section class=\"elementor-section elementor-top-section elementor-element elementor-element-6338cd8 elementor-section-boxed elementor-section-height-default elementor-section-height-default\" data-id=\"6338cd8\" data-element_type=\"section\" data-e-type=\"section\">\n\t\t\t\t\t\t<div class=\"elementor-container elementor-column-gap-default\">\n\t\t\t\t\t<div class=\"elementor-column elementor-col-100 elementor-top-column elementor-element elementor-element-4678a0c\" data-id=\"4678a0c\" data-element_type=\"column\" data-e-type=\"column\">\n\t\t\t<div class=\"elementor-widget-wrap elementor-element-populated\">\n\t\t\t\t\t\t<div class=\"elementor-element elementor-element-ee40a8b lien-ancre elementor-widget elementor-widget-text-editor\" data-id=\"ee40a8b\" data-element_type=\"widget\" data-e-type=\"widget\" data-widget_type=\"text-editor.default\">\n\t\t\t\t<div class=\"elementor-widget-container\">\n\t\t\t\t\t\t\t\t\t<p>L\u2019AFAF propose des <a href=\"#services-specialises\">services d\u2019\u00e9coute sp\u00e9cialis\u00e9s<\/a> de soutien psychologique et d\u2019accompagnement social.<\/p><p><span style=\"font-weight: 400;\">Retrouvez aussi sur cette page des <a href=\"#informations-complementaires\">informations compl\u00e9mentaires<\/a> et consultez notre rubrique <a href=\"https:\/\/www.afaf.asso.fr\/la-vie-pratique\/\">La vie pratique<\/a>.<\/span><\/p>\t\t\t\t\t\t\t\t<\/div>\n\t\t\t\t<\/div>\n\t\t\t\t\t<\/div>\n\t\t<\/div>\n\t\t\t\t\t<\/div>\n\t\t<\/section>\n\t\t\t\t<section class=\"elementor-section elementor-top-section elementor-element elementor-element-2d1707e elementor-section-boxed elementor-section-height-default elementor-section-height-default\" data-id=\"2d1707e\" data-element_type=\"section\" data-e-type=\"section\" id=\"services-specialises\">\n\t\t\t\t\t\t<div class=\"elementor-container elementor-column-gap-default\">\n\t\t\t\t\t<div class=\"elementor-column elementor-col-100 elementor-top-column elementor-element elementor-element-a3618ed\" data-id=\"a3618ed\" data-element_type=\"column\" data-e-type=\"column\">\n\t\t\t<div class=\"elementor-widget-wrap elementor-element-populated\">\n\t\t\t\t\t\t<div class=\"elementor-element elementor-element-4c4b08e elementor-widget elementor-widget-heading\" data-id=\"4c4b08e\" data-element_type=\"widget\" data-e-type=\"widget\" data-widget_type=\"heading.default\">\n\t\t\t\t<div class=\"elementor-widget-container\">\n\t\t\t\t\t<h2 class=\"elementor-heading-title elementor-size-default\">Services sp\u00e9cialis\u00e9s<\/h2>\t\t\t\t<\/div>\n\t\t\t\t<\/div>\n\t\t\t\t<div class=\"elementor-element elementor-element-86e5340 elementor-widget-divider--view-line elementor-widget elementor-widget-divider\" data-id=\"86e5340\" data-element_type=\"widget\" data-e-type=\"widget\" data-widget_type=\"divider.default\">\n\t\t\t\t<div class=\"elementor-widget-container\">\n\t\t\t\t\t\t\t<div class=\"elementor-divider\">\n\t\t\t<span class=\"elementor-divider-separator\">\n\t\t\t\t\t\t<\/span>\n\t\t<\/div>\n\t\t\t\t\t\t<\/div>\n\t\t\t\t<\/div>\n\t\t\t\t<section class=\"elementor-section elementor-inner-section elementor-element elementor-element-64cda83 elementor-section-boxed elementor-section-height-default elementor-section-height-default\" data-id=\"64cda83\" data-element_type=\"section\" data-e-type=\"section\">\n\t\t\t\t\t\t<div class=\"elementor-container elementor-column-gap-custom\">\n\t\t\t\t\t<div class=\"elementor-column elementor-col-50 elementor-inner-column elementor-element elementor-element-e20f643\" data-id=\"e20f643\" data-element_type=\"column\" data-e-type=\"column\">\n\t\t\t<div class=\"elementor-widget-wrap elementor-element-populated\">\n\t\t\t\t\t\t<div class=\"elementor-element elementor-element-5478b12 elementor-widget elementor-widget-heading\" data-id=\"5478b12\" data-element_type=\"widget\" data-e-type=\"widget\" data-widget_type=\"heading.default\">\n\t\t\t\t<div class=\"elementor-widget-container\">\n\t\t\t\t\t<h3 class=\"elementor-heading-title elementor-size-default\">Soutien psychologique<\/h3>\t\t\t\t<\/div>\n\t\t\t\t<\/div>\n\t\t\t\t<div class=\"elementor-element elementor-element-9543a90 elementor-widget elementor-widget-text-editor\" data-id=\"9543a90\" data-element_type=\"widget\" data-e-type=\"widget\" data-widget_type=\"text-editor.default\">\n\t\t\t\t<div class=\"elementor-widget-container\">\n\t\t\t\t\t\t\t\t\t<p>L\u2019association a mis en place un service de soutien psychologique\u00a0joignable par t\u00e9l\u00e9phone ou par mail, pour les personnes touch\u00e9es par la maladie et les proches (malades, parents, fratrie, conjoints, enfants, aidants\u2026) qui \u00e9prouvent le besoin d\u2019une \u00e9coute appropri\u00e9e.<\/p><p><strong>Des psychologues connaissant bien la maladie r\u00e9pondent au 09 70 46 51 65<\/strong><strong>, et par mail : <a href=\"mailto:spataxie.psy@gmail.com\" target=\"_blank\" rel=\"noopener\">spataxie.psy@gmail.com<\/a><\/strong><\/p>\t\t\t\t\t\t\t\t<\/div>\n\t\t\t\t<\/div>\n\t\t\t\t<div class=\"elementor-element elementor-element-331ef5f elementor-widget elementor-widget-text-editor\" data-id=\"331ef5f\" data-element_type=\"widget\" data-e-type=\"widget\" data-widget_type=\"text-editor.default\">\n\t\t\t\t<div class=\"elementor-widget-container\">\n\t\t\t\t\t\t\t\t\t<p><span style=\"text-decoration: underline;\"><strong>Jours et horaires \u00e0 partir du 3 octobre 2025 :<\/strong><\/span><\/p><ul><li>les vendredis des semaines impaires de 9h \u00e0 13h<\/li><li>les vendredis de semaines paires de 13h \u00e0 17h\u00a0<\/li><\/ul>\t\t\t\t\t\t\t\t<\/div>\n\t\t\t\t<\/div>\n\t\t\t\t<div class=\"elementor-element elementor-element-8471e0a elementor-widget elementor-widget-heading\" data-id=\"8471e0a\" data-element_type=\"widget\" data-e-type=\"widget\" data-widget_type=\"heading.default\">\n\t\t\t\t<div class=\"elementor-widget-container\">\n\t\t\t\t\t<h3 class=\"elementor-heading-title elementor-size-default\">Accompagnement social<\/h3>\t\t\t\t<\/div>\n\t\t\t\t<\/div>\n\t\t\t\t<div class=\"elementor-element elementor-element-90783a1 elementor-widget elementor-widget-text-editor\" data-id=\"90783a1\" data-element_type=\"widget\" data-e-type=\"widget\" data-widget_type=\"text-editor.default\">\n\t\t\t\t<div class=\"elementor-widget-container\">\n\t\t\t\t\t\t\t\t\t<p>Un service d\u2019accompagnement social r\u00e9pond \u00e0 vos questions socio-administratives et vous oriente dans vos d\u00e9marches de la vie quotidienne (MDPH, aides, travail, scolarisation \u2026).<\/p><p><strong>Un professionnel connaissant bien les d\u00e9marches li\u00e9es \u00e0 la maladie vous r\u00e9pond au 09 70 46 50 27 les mercredis de 15h \u00e0 19h, et par mail : <a href=\"mailto:spataxie.as@gmail.com\">spataxie.as@gmail.com<\/a><\/strong><\/p>\t\t\t\t\t\t\t\t<\/div>\n\t\t\t\t<\/div>\n\t\t\t\t\t<\/div>\n\t\t<\/div>\n\t\t\t\t<div class=\"elementor-column elementor-col-50 elementor-inner-column elementor-element elementor-element-20a81fe\" data-id=\"20a81fe\" data-element_type=\"column\" data-e-type=\"column\" data-settings=\"{&quot;background_background&quot;:&quot;classic&quot;}\">\n\t\t\t<div class=\"elementor-widget-wrap elementor-element-populated\">\n\t\t\t\t\t\t<div class=\"elementor-element elementor-element-0099616 elementor-widget elementor-widget-text-editor\" data-id=\"0099616\" data-element_type=\"widget\" data-e-type=\"widget\" data-widget_type=\"text-editor.default\">\n\t\t\t\t<div class=\"elementor-widget-container\">\n\t\t\t\t\t\t\t\t\t<p><strong>Contacts utiles<\/strong><\/p>\t\t\t\t\t\t\t\t<\/div>\n\t\t\t\t<\/div>\n\t\t\t\t<div class=\"elementor-element elementor-element-d28fb35 elementor-widget-divider--view-line elementor-widget elementor-widget-divider\" data-id=\"d28fb35\" data-element_type=\"widget\" data-e-type=\"widget\" data-widget_type=\"divider.default\">\n\t\t\t\t<div class=\"elementor-widget-container\">\n\t\t\t\t\t\t\t<div class=\"elementor-divider\">\n\t\t\t<span class=\"elementor-divider-separator\">\n\t\t\t\t\t\t<\/span>\n\t\t<\/div>\n\t\t\t\t\t\t<\/div>\n\t\t\t\t<\/div>\n\t\t\t\t<div class=\"elementor-element elementor-element-a3acd1f contact-colonne-laterale elementor-widget elementor-widget-text-editor\" data-id=\"a3acd1f\" data-element_type=\"widget\" data-e-type=\"widget\" data-widget_type=\"text-editor.default\">\n\t\t\t\t<div class=\"elementor-widget-container\">\n\t\t\t\t\t\t\t\t\t<ul><li>Soutien psychologique par t\u00e9l\u00e9phone :<\/li><\/ul><p><strong>\u00a0 \u00a0 \u00a009 70 46 51 65<\/strong><\/p><ul><li>Par mail : <strong><a href=\"spataxie.psy@gmail.com\" target=\"_blank\" rel=\"noopener\">spataxie.psy@gmail.com<\/a><\/strong><\/li><\/ul>\t\t\t\t\t\t\t\t<\/div>\n\t\t\t\t<\/div>\n\t\t\t\t<div class=\"elementor-element elementor-element-ab73f67 contact-colonne-laterale elementor-widget elementor-widget-text-editor\" data-id=\"ab73f67\" data-element_type=\"widget\" data-e-type=\"widget\" data-widget_type=\"text-editor.default\">\n\t\t\t\t<div class=\"elementor-widget-container\">\n\t\t\t\t\t\t\t\t\t<ul><li>Accompagnement social par t\u00e9l\u00e9phone :<\/li><\/ul><p><strong>\u00a0 \u00a0 \u00a009 70 46 50 27<\/strong><\/p><ul><li>Par mail : <strong><a href=\"mailto:spataxie.as@gmail.com\">spataxie.as@gmail.com<\/a><\/strong><\/li><\/ul>\t\t\t\t\t\t\t\t<\/div>\n\t\t\t\t<\/div>\n\t\t\t\t\t<\/div>\n\t\t<\/div>\n\t\t\t\t\t<\/div>\n\t\t<\/section>\n\t\t\t\t\t<\/div>\n\t\t<\/div>\n\t\t\t\t\t<\/div>\n\t\t<\/section>\n\t\t\t\t<section class=\"elementor-section elementor-top-section elementor-element elementor-element-d758717 elementor-section-boxed elementor-section-height-default elementor-section-height-default\" data-id=\"d758717\" data-element_type=\"section\" data-e-type=\"section\" id=\"informations-complementaires\">\n\t\t\t\t\t\t<div class=\"elementor-container elementor-column-gap-default\">\n\t\t\t\t\t<div class=\"elementor-column elementor-col-100 elementor-top-column elementor-element elementor-element-92c0cac\" data-id=\"92c0cac\" data-element_type=\"column\" data-e-type=\"column\">\n\t\t\t<div class=\"elementor-widget-wrap elementor-element-populated\">\n\t\t\t\t\t\t<div class=\"elementor-element elementor-element-f51e436 elementor-widget elementor-widget-heading\" data-id=\"f51e436\" data-element_type=\"widget\" data-e-type=\"widget\" data-widget_type=\"heading.default\">\n\t\t\t\t<div class=\"elementor-widget-container\">\n\t\t\t\t\t<h2 class=\"elementor-heading-title elementor-size-default\">Liens et documents compl\u00e9mentaires<\/h2>\t\t\t\t<\/div>\n\t\t\t\t<\/div>\n\t\t\t\t<div class=\"elementor-element elementor-element-968f5de elementor-widget-divider--view-line elementor-widget elementor-widget-divider\" data-id=\"968f5de\" data-element_type=\"widget\" data-e-type=\"widget\" data-widget_type=\"divider.default\">\n\t\t\t\t<div class=\"elementor-widget-container\">\n\t\t\t\t\t\t\t<div class=\"elementor-divider\">\n\t\t\t<span class=\"elementor-divider-separator\">\n\t\t\t\t\t\t<\/span>\n\t\t<\/div>\n\t\t\t\t\t\t<\/div>\n\t\t\t\t<\/div>\n\t\t\t\t<section class=\"elementor-section elementor-inner-section elementor-element elementor-element-0e4be2d elementor-section-boxed elementor-section-height-default elementor-section-height-default\" data-id=\"0e4be2d\" data-element_type=\"section\" data-e-type=\"section\">\n\t\t\t\t\t\t<div class=\"elementor-container elementor-column-gap-custom\">\n\t\t\t\t\t<div class=\"elementor-column elementor-col-100 elementor-inner-column elementor-element elementor-element-17b5b31\" data-id=\"17b5b31\" data-element_type=\"column\" data-e-type=\"column\">\n\t\t\t<div class=\"elementor-widget-wrap elementor-element-populated\">\n\t\t\t\t\t\t<div class=\"elementor-element elementor-element-bcdf294 liens2-colonne-laterale nouvelle-fenetre elementor-widget elementor-widget-text-editor\" data-id=\"bcdf294\" data-element_type=\"widget\" data-e-type=\"widget\" data-widget_type=\"text-editor.default\">\n\t\t\t\t<div class=\"elementor-widget-container\">\n\t\t\t\t\t\t\t\t\t<ul>\n \t<li>Orphanet : <a href=\"https:\/\/www.afaf.asso.fr\/wp-content\/uploads\/2022\/11\/Orphanet-Vivre_avec_une_maladie_rare_en_France.pdf\" target=\"_blank\" rel=\"noopener\">Vivre avec une maladie rare en France \u2013 Aides et prestations<\/a><\/li>\n \t<li><a href=\"https:\/\/www.afaf.asso.fr\/wp-content\/uploads\/2022\/11\/ESP149_Fiche-sociale-5-la-RQTH_Clotilde-Mercier_Septembre-2017-Espoir-149.pdf\" target=\"_blank\" rel=\"noopener\">Fiche sociale 5 \u2013 la RQTH_Clotilde Mercier_Septembre 2017 (Espoir 149)<\/a><\/li>\n \t<li><a href=\"https:\/\/www.afaf.asso.fr\/wp-content\/uploads\/2022\/11\/ESP147_Le-service-daccompagnement-social-le-point_Clotilde-Mercier_Janvier-2017-Espoir-147.pdf\" target=\"_blank\" rel=\"noopener\">Le service d\u2019accompagnement social \u2013 le point_Clotilde Mercier_Janvier 2017 (Espoir 147)<\/a><\/li>\n \t<li><a href=\"https:\/\/www.afaf.asso.fr\/wp-content\/uploads\/2022\/11\/ESP147_Dossier-MDPH-lAllocation-Adulte-handicape_Clotilde-Mercier_Avril-2017-Espoir-147.pdf\" target=\"_blank\" rel=\"noopener\">Dossier MDPH \u2013 l\u2019Allocation Adulte handicap\u00e9_Clotilde Mercier_Avril 2017 (Espoir 147)<\/a><\/li>\n \t<li><a href=\"https:\/\/www.afaf.asso.fr\/wp-content\/uploads\/2022\/11\/ESP146_Dossier-MDPH-recours-difficultes-conseils_Clotilde-Mercier_Janvier-2017-Espoir-146.pdf\" target=\"_blank\" rel=\"noopener\">Dossier MDPH \u2013 recours, difficult\u00e9s, conseils_Clotilde Mercier_Janvier 2017 (Espoir 146)<\/a><\/li>\n \t<li><a href=\"https:\/\/www.afaf.asso.fr\/wp-content\/uploads\/2022\/11\/ESP145_Les-points-cles-du-dossier-MDPH-_Clotilde-Mercier_Octobre-2016-Espoir-145.pdf\" target=\"_blank\" rel=\"noopener\">Les points cl\u00e9s du dossier MDPH _Clotilde Mercier_Octobre 2016 (Espoir 145)<\/a><\/li>\n \t<li><a href=\"https:\/\/www.afaf.asso.fr\/wp-content\/uploads\/2022\/11\/ESP142_TANDEM-Referents-Parcours-de-Sante_Christiane-Breniaux_Janvier-2016-Espoir-142.pdf\" target=\"_blank\" rel=\"noopener\">TANDEM \u2013 R\u00e9f\u00e9rents Parcours de Sant\u00e9_Christiane Breniaux_Janvier 2016 (Espoir 142)<\/a><\/li>\n<\/ul>\t\t\t\t\t\t\t\t<\/div>\n\t\t\t\t<\/div>\n\t\t\t\t<div class=\"elementor-element elementor-element-0ce12f5 liens2-colonne-laterale nouvelle-fenetre elementor-widget elementor-widget-text-editor\" data-id=\"0ce12f5\" data-element_type=\"widget\" data-e-type=\"widget\" data-widget_type=\"text-editor.default\">\n\t\t\t\t<div class=\"elementor-widget-container\">\n\t\t\t\t\t\t\t\t\t<ul><li><a href=\"https:\/\/annuaire.action-sociale.org\/MDPH\/Annuaire.html\" target=\"_blank\" rel=\"noopener\">Trouver les coordonn\u00e9es de votre MDPH<\/a><\/li><li><a href=\"https:\/\/www.monparcourshandicap.gouv.fr\/aides\/formulaire-de-demande-la-mdph-cerfa-ndeg-1569201\" target=\"_blank\" rel=\"noopener\">T\u00e9l\u00e9charger votre dossier MDPH<\/a><\/li><li><a href=\"https:\/\/www.monparcourshandicap.gouv.fr\/demarches\/certificat-medical-formulaire-cerfa-ndeg-1569501\" target=\"_blank\" rel=\"noopener\">T\u00e9l\u00e9charger le Cerfa du dossier m\u00e9dical<\/a><\/li><li><a href=\"https:\/\/www.filieresmaladiesrares.fr\/actualites\/nouveau-formulaire-complementaire-au-dossier-mdph-mda\/\" target=\"_blank\" rel=\"noopener\">T\u00e9l\u00e9charger le dossier compl\u00e9mentaire au dossier MDPH<\/a><\/li><\/ul>\t\t\t\t\t\t\t\t<\/div>\n\t\t\t\t<\/div>\n\t\t\t\t<div class=\"elementor-element elementor-element-c0f937e liens2-colonne-laterale nouvelle-fenetre elementor-widget elementor-widget-text-editor\" data-id=\"c0f937e\" data-element_type=\"widget\" data-e-type=\"widget\" data-widget_type=\"text-editor.default\">\n\t\t\t\t<div class=\"elementor-widget-container\">\n\t\t\t\t\t\t\t\t\tAteliers visio 3 :\n<ul>\n \t<li><a href=\"https:\/\/youtu.be\/I57fKoJttGw\" target=\"_blank\" rel=\"noopener\">Acc\u00e8s \u00e0 la rediffusion : le dossier MDPH pas \u00e0 pas<\/a><\/li>\n<\/ul>\t\t\t\t\t\t\t\t<\/div>\n\t\t\t\t<\/div>\n\t\t\t\t\t<\/div>\n\t\t<\/div>\n\t\t\t\t\t<\/div>\n\t\t<\/section>\n\t\t\t\t\t<\/div>\n\t\t<\/div>\n\t\t\t\t\t<\/div>\n\t\t<\/section>\n\t\t\t\t<section class=\"elementor-section elementor-top-section elementor-element elementor-element-8b9661f elementor-section-full_width elementor-section-stretched elementor-section-height-default elementor-section-height-default\" data-id=\"8b9661f\" data-element_type=\"section\" data-e-type=\"section\" data-settings=\"{&quot;stretch_section&quot;:&quot;section-stretched&quot;}\">\n\t\t\t\t\t\t<div class=\"elementor-container elementor-column-gap-default\">\n\t\t\t\t\t<div class=\"elementor-column elementor-col-100 elementor-top-column elementor-element elementor-element-40214b2\" data-id=\"40214b2\" data-element_type=\"column\" data-e-type=\"column\">\n\t\t\t<div class=\"elementor-widget-wrap elementor-element-populated\">\n\t\t\t\t\t\t<div class=\"elementor-element elementor-element-d31c840 elementor-widget elementor-widget-shortcode\" data-id=\"d31c840\" data-element_type=\"widget\" data-e-type=\"widget\" data-widget_type=\"shortcode.default\">\n\t\t\t\t<div class=\"elementor-widget-container\">\n\t\t\t\t\t\t\t<div class=\"elementor-shortcode\">\t\t<div data-elementor-type=\"wp-post\" data-elementor-id=\"578\" class=\"elementor elementor-578\" data-elementor-post-type=\"oceanwp_library\">\n\t\t\t\t\t\t<section class=\"elementor-section elementor-top-section elementor-element elementor-element-43c347e elementor-section-stretched elementor-section-content-middle elementor-section-boxed elementor-section-height-default elementor-section-height-default\" data-id=\"43c347e\" data-element_type=\"section\" data-e-type=\"section\" data-settings=\"{&quot;stretch_section&quot;:&quot;section-stretched&quot;,&quot;background_background&quot;:&quot;classic&quot;}\">\n\t\t\t\t\t\t<div class=\"elementor-container elementor-column-gap-default\">\n\t\t\t\t\t<div class=\"elementor-column elementor-col-50 elementor-top-column elementor-element elementor-element-186798c\" data-id=\"186798c\" data-element_type=\"column\" data-e-type=\"column\">\n\t\t\t<div class=\"elementor-widget-wrap elementor-element-populated\">\n\t\t\t\t\t\t<div class=\"elementor-element elementor-element-04bb719 elementor-widget elementor-widget-image\" data-id=\"04bb719\" data-element_type=\"widget\" data-e-type=\"widget\" data-widget_type=\"image.default\">\n\t\t\t\t<div class=\"elementor-widget-container\">\n\t\t\t\t\t\t\t\t\t\t\t\t\t\t\t<img decoding=\"async\" src=\"https:\/\/www.afaf.asso.fr\/wp-content\/uploads\/elementor\/thumbs\/Logo-blanc_simple-1-q1ww1nh0svlc8x6kbcgbj84qq17mf0pfy8gdrayk1s.png\" title=\"Logo blanc_simple\" alt=\"logo AFAF (Association Fran\u00e7aise Ataxie Friedreich)\" loading=\"lazy\" \/>\t\t\t\t\t\t\t\t\t\t\t\t\t\t\t<\/div>\n\t\t\t\t<\/div>\n\t\t\t\t\t<\/div>\n\t\t<\/div>\n\t\t\t\t<div class=\"elementor-column elementor-col-50 elementor-top-column elementor-element elementor-element-301d943\" data-id=\"301d943\" data-element_type=\"column\" data-e-type=\"column\">\n\t\t\t<div class=\"elementor-widget-wrap elementor-element-populated\">\n\t\t\t\t\t\t<div class=\"elementor-element elementor-element-2b47be8 elementor-widget elementor-widget-text-editor\" data-id=\"2b47be8\" data-element_type=\"widget\" data-e-type=\"widget\" data-widget_type=\"text-editor.default\">\n\t\t\t\t<div class=\"elementor-widget-container\">\n\t\t\t\t\t\t\t\t\t<p>Avancer ensemble,<\/p><p>C&#8217;est aussi pouvoir compter sur votre aide !<\/p>\t\t\t\t\t\t\t\t<\/div>\n\t\t\t\t<\/div>\n\t\t\t\t<div class=\"elementor-element elementor-element-a663678 elementor-align-left elementor-mobile-align-left elementor-widget elementor-widget-button\" data-id=\"a663678\" data-element_type=\"widget\" data-e-type=\"widget\" data-widget_type=\"button.default\">\n\t\t\t\t<div class=\"elementor-widget-container\">\n\t\t\t\t\t\t\t\t\t<div class=\"elementor-button-wrapper\">\n\t\t\t\t\t<a class=\"elementor-button elementor-button-link elementor-size-lg elementor-animation-grow\" href=\"https:\/\/www.afaf.asso.fr\/nous-soutenir\/donner\/\">\n\t\t\t\t\t\t<span class=\"elementor-button-content-wrapper\">\n\t\t\t\t\t\t\t\t\t<span class=\"elementor-button-text\">Je fais un don<\/span>\n\t\t\t\t\t<\/span>\n\t\t\t\t\t<\/a>\n\t\t\t\t<\/div>\n\t\t\t\t\t\t\t\t<\/div>\n\t\t\t\t<\/div>\n\t\t\t\t\t<\/div>\n\t\t<\/div>\n\t\t\t\t\t<\/div>\n\t\t<\/section>\n\t\t\t\t<\/div>\n\t\t<\/div>\n\t\t\t\t\t\t<\/div>\n\t\t\t\t<\/div>\n\t\t\t\t\t<\/div>\n\t\t<\/div>\n\t\t\t\t\t<\/div>\n\t\t<\/section>\n\t\t\t\t<\/div>\n\t\t","protected":false},"excerpt":{"rendered":"<p>L\u2019AFAF propose des services d\u2019\u00e9coute sp\u00e9cialis\u00e9s de soutien psychologique et d\u2019accompagnement social. Retrouvez aussi sur cette page des informations compl\u00e9mentaires et consultez notre rubrique La vie pratique. Services sp\u00e9cialis\u00e9s Soutien psychologique L\u2019association a mis en place un service de soutien psychologique\u00a0joignable par t\u00e9l\u00e9phone ou par mail, pour les personnes touch\u00e9es par la maladie et les [&hellip;]<\/p>\n","protected":false},"author":2,"featured_media":0,"parent":1645,"menu_order":0,"comment_status":"closed","ping_status":"closed","template":"","meta":{"_monsterinsights_skip_tracking":false,"ocean_front_end_style_editor":"no","ocean_post_layout":"full-screen","ocean_both_sidebars_style":"","ocean_both_sidebars_content_width":0,"ocean_both_sidebars_sidebars_width":0,"ocean_sidebar":"0","ocean_second_sidebar":"0","ocean_disable_margins":"enable","ocean_add_body_class":"","ocean_shortcode_before_top_bar":"","ocean_shortcode_after_top_bar":"","ocean_shortcode_before_header":"","ocean_shortcode_after_header":"","ocean_has_shortcode":"","ocean_shortcode_after_title":"","ocean_shortcode_before_footer_widgets":"","ocean_shortcode_after_footer_widgets":"","ocean_shortcode_before_footer_bottom":"","ocean_shortcode_after_footer_bottom":"","ocean_display_top_bar":"default","ocean_display_header":"default","ocean_header_style":"","ocean_center_header_left_menu":"0","ocean_custom_header_template":"0","ocean_custom_logo":0,"ocean_custom_retina_logo":0,"ocean_custom_logo_max_width":0,"ocean_custom_logo_tablet_max_width":0,"ocean_custom_logo_mobile_max_width":0,"ocean_custom_logo_max_height":0,"ocean_custom_logo_tablet_max_height":0,"ocean_custom_logo_mobile_max_height":0,"ocean_header_custom_menu":"0","ocean_menu_typo_font_family":"0","ocean_menu_typo_font_subset":"","ocean_menu_typo_font_size":0,"ocean_menu_typo_font_size_tablet":0,"ocean_menu_typo_font_size_mobile":0,"ocean_menu_typo_font_size_unit":"px","ocean_menu_typo_font_weight":"","ocean_menu_typo_font_weight_tablet":"","ocean_menu_typo_font_weight_mobile":"","ocean_menu_typo_transform":"","ocean_menu_typo_transform_tablet":"","ocean_menu_typo_transform_mobile":"","ocean_menu_typo_line_height":0,"ocean_menu_typo_line_height_tablet":0,"ocean_menu_typo_line_height_mobile":0,"ocean_menu_typo_line_height_unit":"","ocean_menu_typo_spacing":0,"ocean_menu_typo_spacing_tablet":0,"ocean_menu_typo_spacing_mobile":0,"ocean_menu_typo_spacing_unit":"","ocean_menu_link_color":"","ocean_menu_link_color_hover":"","ocean_menu_link_color_active":"","ocean_menu_link_background":"","ocean_menu_link_hover_background":"","ocean_menu_link_active_background":"","ocean_menu_social_links_bg":"","ocean_menu_social_hover_links_bg":"","ocean_menu_social_links_color":"","ocean_menu_social_hover_links_color":"","ocean_disable_title":"enable","ocean_disable_heading":"default","ocean_post_title":"","ocean_post_subheading":"","ocean_post_title_style":"","ocean_post_title_background_color":"","ocean_post_title_background":0,"ocean_post_title_bg_image_position":"","ocean_post_title_bg_image_attachment":"","ocean_post_title_bg_image_repeat":"","ocean_post_title_bg_image_size":"","ocean_post_title_height":0,"ocean_post_title_bg_overlay":0.5,"ocean_post_title_bg_overlay_color":"","ocean_disable_breadcrumbs":"on","ocean_breadcrumbs_color":"","ocean_breadcrumbs_separator_color":"","ocean_breadcrumbs_links_color":"","ocean_breadcrumbs_links_hover_color":"","ocean_display_footer_widgets":"default","ocean_display_footer_bottom":"default","ocean_custom_footer_template":"0","footnotes":""},"class_list":["post-2040","page","type-page","status-publish","hentry","entry","owp-thumbs-layout-horizontal","owp-btn-normal","owp-tabs-layout-section","has-no-thumbnails"],"yoast_head":"<!-- This site is optimized with the Yoast SEO plugin v28.1 - https:\/\/yoast.com\/product\/yoast-seo-wordpress\/ -->\n<title>Psychologues &amp; accompagnement social - Association Fran\u00e7aise Ataxie de Friedreich<\/title>\n<meta name=\"robots\" content=\"index, follow, max-snippet:-1, max-image-preview:large, max-video-preview:-1\" \/>\n<link rel=\"canonical\" href=\"https:\/\/www.afaf.asso.fr\/nos-services\/psychologues-accompagnement-social\/\" \/>\n<meta property=\"og:locale\" content=\"fr_FR\" \/>\n<meta property=\"og:type\" content=\"article\" \/>\n<meta property=\"og:title\" content=\"Psychologues &amp; accompagnement social - Association Fran\u00e7aise Ataxie de Friedreich\" \/>\n<meta property=\"og:description\" content=\"L\u2019AFAF propose des services d\u2019\u00e9coute sp\u00e9cialis\u00e9s de soutien psychologique et d\u2019accompagnement social. Retrouvez aussi sur cette page des informations compl\u00e9mentaires et consultez notre rubrique La vie pratique. Services sp\u00e9cialis\u00e9s Soutien psychologique L\u2019association a mis en place un service de soutien psychologique\u00a0joignable par t\u00e9l\u00e9phone ou par mail, pour les personnes touch\u00e9es par la maladie et les [&hellip;]\" \/>\n<meta property=\"og:url\" content=\"https:\/\/www.afaf.asso.fr\/nos-services\/psychologues-accompagnement-social\/\" \/>\n<meta property=\"og:site_name\" content=\"Association Fran\u00e7aise Ataxie de Friedreich\" \/>\n<meta property=\"article:modified_time\" content=\"2026-01-21T16:35:53+00:00\" \/>\n<meta name=\"twitter:card\" content=\"summary_large_image\" \/>\n<meta name=\"twitter:label1\" content=\"Dur\u00e9e de lecture estim\u00e9e\" \/>\n\t<meta name=\"twitter:data1\" content=\"2 minutes\" \/>\n<script type=\"application\/ld+json\" class=\"yoast-schema-graph\">{\"@context\":\"https:\\\/\\\/schema.org\",\"@graph\":[{\"@type\":\"WebPage\",\"@id\":\"https:\\\/\\\/www.afaf.asso.fr\\\/nos-services\\\/psychologues-accompagnement-social\\\/\",\"url\":\"https:\\\/\\\/www.afaf.asso.fr\\\/nos-services\\\/psychologues-accompagnement-social\\\/\",\"name\":\"Psychologues & accompagnement social - Association Fran\u00e7aise Ataxie de Friedreich\",\"isPartOf\":{\"@id\":\"https:\\\/\\\/www.afaf.asso.fr\\\/#website\"},\"datePublished\":\"2022-09-27T12:22:22+00:00\",\"dateModified\":\"2026-01-21T16:35:53+00:00\",\"breadcrumb\":{\"@id\":\"https:\\\/\\\/www.afaf.asso.fr\\\/nos-services\\\/psychologues-accompagnement-social\\\/#breadcrumb\"},\"inLanguage\":\"fr-FR\",\"potentialAction\":[{\"@type\":\"ReadAction\",\"target\":[\"https:\\\/\\\/www.afaf.asso.fr\\\/nos-services\\\/psychologues-accompagnement-social\\\/\"]}]},{\"@type\":\"BreadcrumbList\",\"@id\":\"https:\\\/\\\/www.afaf.asso.fr\\\/nos-services\\\/psychologues-accompagnement-social\\\/#breadcrumb\",\"itemListElement\":[{\"@type\":\"ListItem\",\"position\":1,\"name\":\"Accueil\",\"item\":\"https:\\\/\\\/www.afaf.asso.fr\\\/\"},{\"@type\":\"ListItem\",\"position\":2,\"name\":\"Nos services\",\"item\":\"https:\\\/\\\/www.afaf.asso.fr\\\/nos-services\\\/\"},{\"@type\":\"ListItem\",\"position\":3,\"name\":\"Psychologues &#038; accompagnement social\"}]},{\"@type\":\"WebSite\",\"@id\":\"https:\\\/\\\/www.afaf.asso.fr\\\/#website\",\"url\":\"https:\\\/\\\/www.afaf.asso.fr\\\/\",\"name\":\"Association Fran\u00e7aise Ataxie de Friedreich\",\"description\":\"Association Fran\u00e7aise de l&#039;Ataxie de Friedreich\",\"publisher\":{\"@id\":\"https:\\\/\\\/www.afaf.asso.fr\\\/#organization\"},\"potentialAction\":[{\"@type\":\"SearchAction\",\"target\":{\"@type\":\"EntryPoint\",\"urlTemplate\":\"https:\\\/\\\/www.afaf.asso.fr\\\/?s={search_term_string}\"},\"query-input\":{\"@type\":\"PropertyValueSpecification\",\"valueRequired\":true,\"valueName\":\"search_term_string\"}}],\"inLanguage\":\"fr-FR\"},{\"@type\":\"Organization\",\"@id\":\"https:\\\/\\\/www.afaf.asso.fr\\\/#organization\",\"name\":\"Association Fran\u00e7aise Ataxie de Friedreich\",\"url\":\"https:\\\/\\\/www.afaf.asso.fr\\\/\",\"logo\":{\"@type\":\"ImageObject\",\"inLanguage\":\"fr-FR\",\"@id\":\"https:\\\/\\\/www.afaf.asso.fr\\\/#\\\/schema\\\/logo\\\/image\\\/\",\"url\":\"https:\\\/\\\/www.afaf.asso.fr\\\/wp-content\\\/uploads\\\/2022\\\/06\\\/Logo-vert.png\",\"contentUrl\":\"https:\\\/\\\/www.afaf.asso.fr\\\/wp-content\\\/uploads\\\/2022\\\/06\\\/Logo-vert.png\",\"width\":1181,\"height\":709,\"caption\":\"Association Fran\u00e7aise Ataxie de Friedreich\"},\"image\":{\"@id\":\"https:\\\/\\\/www.afaf.asso.fr\\\/#\\\/schema\\\/logo\\\/image\\\/\"}}]}<\/script>\n<!-- \/ Yoast SEO plugin. -->","yoast_head_json":{"title":"Psychologues & accompagnement social - Association Fran\u00e7aise Ataxie de Friedreich","robots":{"index":"index","follow":"follow","max-snippet":"max-snippet:-1","max-image-preview":"max-image-preview:large","max-video-preview":"max-video-preview:-1"},"canonical":"https:\/\/www.afaf.asso.fr\/nos-services\/psychologues-accompagnement-social\/","og_locale":"fr_FR","og_type":"article","og_title":"Psychologues & accompagnement social - Association Fran\u00e7aise Ataxie de Friedreich","og_description":"L\u2019AFAF propose des services d\u2019\u00e9coute sp\u00e9cialis\u00e9s de soutien psychologique et d\u2019accompagnement social. Retrouvez aussi sur cette page des informations compl\u00e9mentaires et consultez notre rubrique La vie pratique. Services sp\u00e9cialis\u00e9s Soutien psychologique L\u2019association a mis en place un service de soutien psychologique\u00a0joignable par t\u00e9l\u00e9phone ou par mail, pour les personnes touch\u00e9es par la maladie et les [&hellip;]","og_url":"https:\/\/www.afaf.asso.fr\/nos-services\/psychologues-accompagnement-social\/","og_site_name":"Association Fran\u00e7aise Ataxie de Friedreich","article_modified_time":"2026-01-21T16:35:53+00:00","twitter_card":"summary_large_image","twitter_misc":{"Dur\u00e9e de lecture estim\u00e9e":"2 minutes"},"schema":{"@context":"https:\/\/schema.org","@graph":[{"@type":"WebPage","@id":"https:\/\/www.afaf.asso.fr\/nos-services\/psychologues-accompagnement-social\/","url":"https:\/\/www.afaf.asso.fr\/nos-services\/psychologues-accompagnement-social\/","name":"Psychologues & accompagnement social - Association Fran\u00e7aise Ataxie de Friedreich","isPartOf":{"@id":"https:\/\/www.afaf.asso.fr\/#website"},"datePublished":"2022-09-27T12:22:22+00:00","dateModified":"2026-01-21T16:35:53+00:00","breadcrumb":{"@id":"https:\/\/www.afaf.asso.fr\/nos-services\/psychologues-accompagnement-social\/#breadcrumb"},"inLanguage":"fr-FR","potentialAction":[{"@type":"ReadAction","target":["https:\/\/www.afaf.asso.fr\/nos-services\/psychologues-accompagnement-social\/"]}]},{"@type":"BreadcrumbList","@id":"https:\/\/www.afaf.asso.fr\/nos-services\/psychologues-accompagnement-social\/#breadcrumb","itemListElement":[{"@type":"ListItem","position":1,"name":"Accueil","item":"https:\/\/www.afaf.asso.fr\/"},{"@type":"ListItem","position":2,"name":"Nos services","item":"https:\/\/www.afaf.asso.fr\/nos-services\/"},{"@type":"ListItem","position":3,"name":"Psychologues &#038; accompagnement social"}]},{"@type":"WebSite","@id":"https:\/\/www.afaf.asso.fr\/#website","url":"https:\/\/www.afaf.asso.fr\/","name":"Association Fran\u00e7aise Ataxie de Friedreich","description":"Association Fran\u00e7aise de l&#039;Ataxie de Friedreich","publisher":{"@id":"https:\/\/www.afaf.asso.fr\/#organization"},"potentialAction":[{"@type":"SearchAction","target":{"@type":"EntryPoint","urlTemplate":"https:\/\/www.afaf.asso.fr\/?s={search_term_string}"},"query-input":{"@type":"PropertyValueSpecification","valueRequired":true,"valueName":"search_term_string"}}],"inLanguage":"fr-FR"},{"@type":"Organization","@id":"https:\/\/www.afaf.asso.fr\/#organization","name":"Association Fran\u00e7aise Ataxie de Friedreich","url":"https:\/\/www.afaf.asso.fr\/","logo":{"@type":"ImageObject","inLanguage":"fr-FR","@id":"https:\/\/www.afaf.asso.fr\/#\/schema\/logo\/image\/","url":"https:\/\/www.afaf.asso.fr\/wp-content\/uploads\/2022\/06\/Logo-vert.png","contentUrl":"https:\/\/www.afaf.asso.fr\/wp-content\/uploads\/2022\/06\/Logo-vert.png","width":1181,"height":709,"caption":"Association Fran\u00e7aise Ataxie de Friedreich"},"image":{"@id":"https:\/\/www.afaf.asso.fr\/#\/schema\/logo\/image\/"}}]}},"_links":{"self":[{"href":"https:\/\/www.afaf.asso.fr\/api-afaf\/wp\/v2\/pages\/2040","targetHints":{"allow":["GET"]}}],"collection":[{"href":"https:\/\/www.afaf.asso.fr\/api-afaf\/wp\/v2\/pages"}],"about":[{"href":"https:\/\/www.afaf.asso.fr\/api-afaf\/wp\/v2\/types\/page"}],"author":[{"embeddable":true,"href":"https:\/\/www.afaf.asso.fr\/api-afaf\/wp\/v2\/users\/2"}],"replies":[{"embeddable":true,"href":"https:\/\/www.afaf.asso.fr\/api-afaf\/wp\/v2\/comments?post=2040"}],"version-history":[{"count":24,"href":"https:\/\/www.afaf.asso.fr\/api-afaf\/wp\/v2\/pages\/2040\/revisions"}],"predecessor-version":[{"id":13238,"href":"https:\/\/www.afaf.asso.fr\/api-afaf\/wp\/v2\/pages\/2040\/revisions\/13238"}],"up":[{"embeddable":true,"href":"https:\/\/www.afaf.asso.fr\/api-afaf\/wp\/v2\/pages\/1645"}],"wp:attachment":[{"href":"https:\/\/www.afaf.asso.fr\/api-afaf\/wp\/v2\/media?parent=2040"}],"curies":[{"name":"wp","href":"https:\/\/api.w.org\/{rel}","templated":true}]}}