{"id":12250,"date":"2025-05-28T11:10:56","date_gmt":"2025-05-28T09:10:56","guid":{"rendered":"https:\/\/www.afaf.asso.fr\/?page_id=12250"},"modified":"2025-05-28T11:27:58","modified_gmt":"2025-05-28T09:27:58","slug":"nos-parrains","status":"publish","type":"page","link":"https:\/\/www.afaf.asso.fr\/lassociation\/nos-parrains\/","title":{"rendered":"Nos parrains"},"content":{"rendered":"\t\t<div data-elementor-type=\"wp-page\" data-elementor-id=\"12250\" class=\"elementor elementor-12250\" data-elementor-post-type=\"page\">\n\t\t\t\t\t\t<section class=\"elementor-section elementor-top-section elementor-element elementor-element-6338cd8 lien-ancre elementor-section-boxed elementor-section-height-default elementor-section-height-default\" data-id=\"6338cd8\" data-element_type=\"section\" data-e-type=\"section\">\n\t\t\t\t\t\t<div class=\"elementor-container elementor-column-gap-default\">\n\t\t\t\t\t<div class=\"elementor-column elementor-col-100 elementor-top-column elementor-element elementor-element-4678a0c\" data-id=\"4678a0c\" data-element_type=\"column\" data-e-type=\"column\">\n\t\t\t<div class=\"elementor-widget-wrap elementor-element-populated\">\n\t\t\t\t\t\t<div class=\"elementor-element elementor-element-ee40a8b lien-ancre elementor-widget elementor-widget-text-editor\" data-id=\"ee40a8b\" data-element_type=\"widget\" data-e-type=\"widget\" data-widget_type=\"text-editor.default\">\n\t\t\t\t<div class=\"elementor-widget-container\">\n\t\t\t\t\t\t\t\t\t<div><span style=\"font-weight: 400;\">Ils ont gentiment accept\u00e9 de mettre leur talent et leur notori\u00e9t\u00e9 au service de notre association. <\/span><\/div><div><strong>Un grand merci \u00e0 vous, Messieurs !<\/strong><\/div><ul><li><a href=\"#philippe\">Philippe Geluck<\/a><\/li><li><a href=\"#emmanuel\">Emmanuel Mouret<\/a><\/li><li><a href=\"#mathieu\">Mathieu Vidard<\/a><\/li><\/ul>\t\t\t\t\t\t\t\t<\/div>\n\t\t\t\t<\/div>\n\t\t\t\t\t<\/div>\n\t\t<\/div>\n\t\t\t\t\t<\/div>\n\t\t<\/section>\n\t\t\t\t<section class=\"elementor-section elementor-top-section elementor-element elementor-element-2d1707e elementor-section-boxed elementor-section-height-default elementor-section-height-default\" data-id=\"2d1707e\" data-element_type=\"section\" data-e-type=\"section\" id=\"philippe\">\n\t\t\t\t\t\t<div class=\"elementor-container elementor-column-gap-default\">\n\t\t\t\t\t<div class=\"elementor-column elementor-col-100 elementor-top-column elementor-element elementor-element-a3618ed\" data-id=\"a3618ed\" data-element_type=\"column\" data-e-type=\"column\">\n\t\t\t<div class=\"elementor-widget-wrap elementor-element-populated\">\n\t\t\t\t\t\t<div class=\"elementor-element elementor-element-4c4b08e elementor-widget elementor-widget-heading\" data-id=\"4c4b08e\" data-element_type=\"widget\" data-e-type=\"widget\" data-widget_type=\"heading.default\">\n\t\t\t\t<div class=\"elementor-widget-container\">\n\t\t\t\t\t<h2 class=\"elementor-heading-title elementor-size-default\">Philippe Geluck<\/h2>\t\t\t\t<\/div>\n\t\t\t\t<\/div>\n\t\t\t\t<div class=\"elementor-element elementor-element-86e5340 elementor-widget-divider--view-line elementor-widget elementor-widget-divider\" data-id=\"86e5340\" data-element_type=\"widget\" data-e-type=\"widget\" data-widget_type=\"divider.default\">\n\t\t\t\t<div class=\"elementor-widget-container\">\n\t\t\t\t\t\t\t<div class=\"elementor-divider\">\n\t\t\t<span class=\"elementor-divider-separator\">\n\t\t\t\t\t\t<\/span>\n\t\t<\/div>\n\t\t\t\t\t\t<\/div>\n\t\t\t\t<\/div>\n\t\t\t\t<section class=\"elementor-section elementor-inner-section elementor-element elementor-element-64cda83 elementor-section-boxed elementor-section-height-default elementor-section-height-default\" data-id=\"64cda83\" data-element_type=\"section\" data-e-type=\"section\">\n\t\t\t\t\t\t<div class=\"elementor-container elementor-column-gap-custom\">\n\t\t\t\t\t<div class=\"elementor-column elementor-col-50 elementor-inner-column elementor-element elementor-element-b5b85e5\" data-id=\"b5b85e5\" data-element_type=\"column\" data-e-type=\"column\">\n\t\t\t<div class=\"elementor-widget-wrap elementor-element-populated\">\n\t\t\t\t\t\t<div class=\"elementor-element elementor-element-7e61af6 elementor-widget elementor-widget-image\" data-id=\"7e61af6\" data-element_type=\"widget\" data-e-type=\"widget\" data-widget_type=\"image.default\">\n\t\t\t\t<div class=\"elementor-widget-container\">\n\t\t\t\t\t\t\t\t\t\t\t\t\t\t\t<img fetchpriority=\"high\" decoding=\"async\" width=\"820\" height=\"1024\" src=\"https:\/\/www.afaf.asso.fr\/wp-content\/uploads\/2025\/05\/Philippe-Geluck-820x1024.jpg\" class=\"attachment-large size-large wp-image-12255\" alt=\"\" srcset=\"https:\/\/www.afaf.asso.fr\/wp-content\/uploads\/2025\/05\/Philippe-Geluck-820x1024.jpg 820w, https:\/\/www.afaf.asso.fr\/wp-content\/uploads\/2025\/05\/Philippe-Geluck-240x300.jpg 240w, https:\/\/www.afaf.asso.fr\/wp-content\/uploads\/2025\/05\/Philippe-Geluck-768x960.jpg 768w, https:\/\/www.afaf.asso.fr\/wp-content\/uploads\/2025\/05\/Philippe-Geluck-1229x1536.jpg 1229w, https:\/\/www.afaf.asso.fr\/wp-content\/uploads\/2025\/05\/Philippe-Geluck-600x750.jpg 600w, https:\/\/www.afaf.asso.fr\/wp-content\/uploads\/2025\/05\/Philippe-Geluck.jpg 1395w\" sizes=\"(max-width: 820px) 100vw, 820px\" \/>\t\t\t\t\t\t\t\t\t\t\t\t\t\t\t<\/div>\n\t\t\t\t<\/div>\n\t\t\t\t\t<\/div>\n\t\t<\/div>\n\t\t\t\t<div class=\"elementor-column elementor-col-50 elementor-inner-column elementor-element elementor-element-8e4c9ab\" data-id=\"8e4c9ab\" data-element_type=\"column\" data-e-type=\"column\">\n\t\t\t<div class=\"elementor-widget-wrap elementor-element-populated\">\n\t\t\t\t\t\t<div class=\"elementor-element elementor-element-a914225 elementor-widget elementor-widget-text-editor\" data-id=\"a914225\" data-element_type=\"widget\" data-e-type=\"widget\" data-widget_type=\"text-editor.default\">\n\t\t\t\t<div class=\"elementor-widget-container\">\n\t\t\t\t\t\t\t\t\t<p><b>Pouvez-vous vous pr\u00e9senter\u00a0?<\/b><\/p><p><span style=\"font-weight: 400;\">Je suis n\u00e9 \u00e0 Bruxelles en 1954, \u00e7a vous donne une id\u00e9e de mon \u00e2ge\u00a0!<\/span><\/p><p><span style=\"font-weight: 400;\">J\u2019ai d\u2019abord \u00e9t\u00e9 com\u00e9dien pendant dix ans, puis animateur t\u00e9l\u00e9 et radio. <\/span><span style=\"font-weight: 400;\"><br \/><\/span><span style=\"font-weight: 400;\">En 1983, j\u2019ai invent\u00e9 Le Chat pour le journal belge Le Soir dont il deviendra la mascotte avant de s\u2019internationaliser.<\/span><\/p><p><b>Comment avez-vous connu l\u2019AFAF et l\u2019ataxie de Friedreich\u00a0?<\/b><\/p><p><span style=\"font-weight: 400;\">Fr\u00e9d\u00e9ric Dard, l\u2019inventeur de San Antonio, \u00e9tait un de mes amis. Avec nos personnages, nous avons v\u00e9cu la m\u00eame aventure. On ne fait qu\u2019un avec nos \u00ab\u00a0inventions\u00a0\u00bb\u00a0: Fr\u00e9d\u00e9ric avec San Antonio, et moi avec le Chat.<\/span><\/p><p><span style=\"font-weight: 400;\">C\u2019est au cours d\u2019une c\u00e9l\u00e9bration de son \u0153uvre dans sa ville natale de Saint-Chef, en juin dernier, que j\u2019ai rencontr\u00e9 Solange Petit. Elle m\u2019a parl\u00e9 de l\u2019ataxie de Friedreich, dont elle est atteinte, et m\u2019a demand\u00e9 si je voulais bien devenir parrain de l\u2019association.<\/span><\/p><p><b>Qu\u2019est-ce qui vous a motiv\u00e9 pour devenir parrain de notre association\u00a0?<\/b><\/p><p><span style=\"font-weight: 400;\">Solange et moi avons sympathis\u00e9 lors de notre discussion, et j\u2019ai toujours aim\u00e9 les nobles causes. M\u00eame si quand elle m\u2019a demand\u00e9 d\u2019\u00eatre parrain, j\u2019ai eu un instant de r\u00e9flexion, car je suis tr\u00e8s sollicit\u00e9, je n\u2019ai pas pu r\u00e9sister \u00e0 cet appel. Alors, je lui ai dit <\/span><b><i>oui<\/i><\/b><span style=\"font-weight: 400;\"> de tout mon c\u0153ur\u00a0!\u00a0\u00a0\u00a0\u00a0\u00a0\u00a0\u00a0\u00a0\u00a0\u00a0\u00a0\u00a0\u00a0\u00a0\u00a0\u00a0\u00a0\u00a0\u00a0\u00a0\u00a0\u00a0\u00a0\u00a0\u00a0\u00a0\u00a0\u00a0\u00a0\u00a0\u00a0<\/span><\/p><p><b>Etes-vous parrain d\u2019autres associations\u00a0? Y a-t-il un point commun entre elles\u00a0?<\/b><\/p><p><span style=\"font-weight: 400;\">Notre soci\u00e9t\u00e9 est en souffrance m\u00e9dicale et sociale. Les belles causes sont innombrables. C\u2019est pour cela que je suis parrain d\u2019une cinquantaine d\u2019associations en Belgique et en France\u00a0: handicap mental, recherche p\u00e9diatrique sur le cancer, <\/span><i><span style=\"font-weight: 400;\">Mon cartable connect\u00e9<\/span><\/i><span style=\"font-weight: 400;\"> pour permettre aux enfants hospitalis\u00e9s de suivre leur scolarit\u00e9, personnes sans abri \u2026<\/span><\/p><p><b>Comment voyez-vous votre parrainage\u00a0?<\/b><\/p><p><span style=\"font-weight: 400;\">En r\u00e9alisant pour l\u2019association des dessins du Chat qu&#8217;elle pourraitvendre pour r\u00e9colter des fonds pour la recherche (s\u00e9rigraphies, objets porteurs de ces dessins \u2026). Il y a des collectionneurs au grand c\u0153ur qui s\u2019engagent \u00e0 acheter des \u0153uvres au-dessus de leur prix pour soutenir la cause.\u00a0<\/span><\/p><p><span style=\"font-weight: 400;\">Et pour commencer, en dessinant la couverture du num\u00e9ro de janvier 2025 de la revue Espoir, dessin envoy\u00e9 aussi pour adresser les v\u0153ux de l&#8217;AFAF.<\/span><\/p>\t\t\t\t\t\t\t\t<\/div>\n\t\t\t\t<\/div>\n\t\t\t\t\t<\/div>\n\t\t<\/div>\n\t\t\t\t\t<\/div>\n\t\t<\/section>\n\t\t\t\t\t<\/div>\n\t\t<\/div>\n\t\t\t\t\t<\/div>\n\t\t<\/section>\n\t\t\t\t<section class=\"elementor-section elementor-top-section elementor-element elementor-element-4871aaf elementor-section-boxed elementor-section-height-default elementor-section-height-default\" data-id=\"4871aaf\" data-element_type=\"section\" data-e-type=\"section\" id=\"emmanuel\">\n\t\t\t\t\t\t<div class=\"elementor-container elementor-column-gap-default\">\n\t\t\t\t\t<div class=\"elementor-column elementor-col-100 elementor-top-column elementor-element elementor-element-ce9026f\" data-id=\"ce9026f\" data-element_type=\"column\" data-e-type=\"column\">\n\t\t\t<div class=\"elementor-widget-wrap elementor-element-populated\">\n\t\t\t\t\t\t<div class=\"elementor-element elementor-element-af28a64 elementor-widget elementor-widget-heading\" data-id=\"af28a64\" data-element_type=\"widget\" data-e-type=\"widget\" data-widget_type=\"heading.default\">\n\t\t\t\t<div class=\"elementor-widget-container\">\n\t\t\t\t\t<h2 class=\"elementor-heading-title elementor-size-default\">Emmanuel Mouret<\/h2>\t\t\t\t<\/div>\n\t\t\t\t<\/div>\n\t\t\t\t<div class=\"elementor-element elementor-element-5e45ba4 elementor-widget-divider--view-line elementor-widget elementor-widget-divider\" data-id=\"5e45ba4\" data-element_type=\"widget\" data-e-type=\"widget\" data-widget_type=\"divider.default\">\n\t\t\t\t<div class=\"elementor-widget-container\">\n\t\t\t\t\t\t\t<div class=\"elementor-divider\">\n\t\t\t<span class=\"elementor-divider-separator\">\n\t\t\t\t\t\t<\/span>\n\t\t<\/div>\n\t\t\t\t\t\t<\/div>\n\t\t\t\t<\/div>\n\t\t\t\t<section class=\"elementor-section elementor-inner-section elementor-element elementor-element-2dc87cc elementor-section-boxed elementor-section-height-default elementor-section-height-default\" data-id=\"2dc87cc\" data-element_type=\"section\" data-e-type=\"section\">\n\t\t\t\t\t\t<div class=\"elementor-container elementor-column-gap-default\">\n\t\t\t\t\t<div class=\"elementor-column elementor-col-50 elementor-inner-column elementor-element elementor-element-1680507\" data-id=\"1680507\" data-element_type=\"column\" data-e-type=\"column\">\n\t\t\t<div class=\"elementor-widget-wrap elementor-element-populated\">\n\t\t\t\t\t\t<div class=\"elementor-element elementor-element-7a8bc2c elementor-widget elementor-widget-image\" data-id=\"7a8bc2c\" data-element_type=\"widget\" data-e-type=\"widget\" data-widget_type=\"image.default\">\n\t\t\t\t<div class=\"elementor-widget-container\">\n\t\t\t\t\t\t\t\t\t\t\t\t\t\t\t<img decoding=\"async\" width=\"287\" height=\"382\" src=\"https:\/\/www.afaf.asso.fr\/wp-content\/uploads\/2025\/05\/Emmanuel-Mouret.jpg\" class=\"attachment-large size-large wp-image-12256\" alt=\"\" srcset=\"https:\/\/www.afaf.asso.fr\/wp-content\/uploads\/2025\/05\/Emmanuel-Mouret.jpg 287w, https:\/\/www.afaf.asso.fr\/wp-content\/uploads\/2025\/05\/Emmanuel-Mouret-225x300.jpg 225w\" sizes=\"(max-width: 287px) 100vw, 287px\" \/>\t\t\t\t\t\t\t\t\t\t\t\t\t\t\t<\/div>\n\t\t\t\t<\/div>\n\t\t\t\t\t<\/div>\n\t\t<\/div>\n\t\t\t\t<div class=\"elementor-column elementor-col-50 elementor-inner-column elementor-element elementor-element-6049933\" data-id=\"6049933\" data-element_type=\"column\" data-e-type=\"column\">\n\t\t\t<div class=\"elementor-widget-wrap elementor-element-populated\">\n\t\t\t\t\t\t<div class=\"elementor-element elementor-element-a00c2af elementor-widget elementor-widget-text-editor\" data-id=\"a00c2af\" data-element_type=\"widget\" data-e-type=\"widget\" data-widget_type=\"text-editor.default\">\n\t\t\t\t<div class=\"elementor-widget-container\">\n\t\t\t\t\t\t\t\t\t<p><b>Pouvez-vous vous pr\u00e9senter\u00a0?<\/b><\/p><p><span style=\"font-weight: 400;\">Bonjour, je suis cin\u00e9aste, je r\u00e9alise des films pour le cin\u00e9ma dont j&#8217;ai \u00e9crit le sc\u00e9nario. Mes films mettent souvent en sc\u00e8ne des questions amoureuses, des questions de couples et des probl\u00e8mes moraux qui en d\u00e9coulent. Je ne fais pas de films \u00e0 messages, mais plut\u00f4t un cin\u00e9ma qui s&#8217;amuse \u00e0 interroger nos usages, nos id\u00e9es, nos conceptions, et peut-\u00eatre surtout \u00e0 ne pas juger trop vite mes personnages qui peuvent souvent sembler maladroits et \u00e9go\u00efstes&#8230; et qui le sont peut-\u00eatre.<\/span><\/p><p><b>Comment avez-vous connu l&#8217;AFAF et l&#8217;ataxie de Friedreich ?<\/b><\/p><p><span style=\"font-weight: 400;\">Par une amie dont les filles sont touch\u00e9es par cette ataxie.<\/span><\/p><p><b>Qu&#8217;est-ce qui vous a motiv\u00e9 pour devenir parrain de notre association ?<\/b><\/p><p><span style=\"font-weight: 400;\">Le combat que m\u00e8ne cette amie et son compagnon, mais surtout la belle humeur qui les habite et qui donne envie de les suivre.<\/span><\/p><p><b>\u00cates-vous parrain d&#8217;autres associations ?\u00a0<\/b><\/p><p><span style=\"font-weight: 400;\">Je ne suis parrain que de l\u2019AFAF.<\/span><\/p><p><b>Comment voyez-vous votre parrainage ?<\/b><\/p><p><span style=\"font-weight: 400;\">Je me sens honor\u00e9 d&#8217;\u00eatre parrain mais surtout rempli d&#8217;admiration pour les parents et les personnes souffrant de cette ataxie. Je ne sais pas si j&#8217;en suis digne, mais je vais m&#8217;efforcer de l&#8217;\u00eatre.<\/span><\/p>\t\t\t\t\t\t\t\t<\/div>\n\t\t\t\t<\/div>\n\t\t\t\t\t<\/div>\n\t\t<\/div>\n\t\t\t\t\t<\/div>\n\t\t<\/section>\n\t\t\t\t\t<\/div>\n\t\t<\/div>\n\t\t\t\t\t<\/div>\n\t\t<\/section>\n\t\t\t\t<section class=\"elementor-section elementor-top-section elementor-element elementor-element-8676378 elementor-section-boxed elementor-section-height-default elementor-section-height-default\" data-id=\"8676378\" data-element_type=\"section\" data-e-type=\"section\" id=\"mathieu\">\n\t\t\t\t\t\t<div class=\"elementor-container elementor-column-gap-default\">\n\t\t\t\t\t<div class=\"elementor-column elementor-col-100 elementor-top-column elementor-element elementor-element-9f2237a\" data-id=\"9f2237a\" data-element_type=\"column\" data-e-type=\"column\">\n\t\t\t<div class=\"elementor-widget-wrap elementor-element-populated\">\n\t\t\t\t\t\t<div class=\"elementor-element elementor-element-203f9e7 elementor-widget elementor-widget-heading\" data-id=\"203f9e7\" data-element_type=\"widget\" data-e-type=\"widget\" data-widget_type=\"heading.default\">\n\t\t\t\t<div class=\"elementor-widget-container\">\n\t\t\t\t\t<h2 class=\"elementor-heading-title elementor-size-default\">Mathieu Vidard<\/h2>\t\t\t\t<\/div>\n\t\t\t\t<\/div>\n\t\t\t\t<div class=\"elementor-element elementor-element-0329237 elementor-widget-divider--view-line elementor-widget elementor-widget-divider\" data-id=\"0329237\" data-element_type=\"widget\" data-e-type=\"widget\" data-widget_type=\"divider.default\">\n\t\t\t\t<div class=\"elementor-widget-container\">\n\t\t\t\t\t\t\t<div class=\"elementor-divider\">\n\t\t\t<span class=\"elementor-divider-separator\">\n\t\t\t\t\t\t<\/span>\n\t\t<\/div>\n\t\t\t\t\t\t<\/div>\n\t\t\t\t<\/div>\n\t\t\t\t<section class=\"elementor-section elementor-inner-section elementor-element elementor-element-8d33af5 elementor-section-boxed elementor-section-height-default elementor-section-height-default\" data-id=\"8d33af5\" data-element_type=\"section\" data-e-type=\"section\">\n\t\t\t\t\t\t<div class=\"elementor-container elementor-column-gap-default\">\n\t\t\t\t\t<div class=\"elementor-column elementor-col-50 elementor-inner-column elementor-element elementor-element-c52fea9\" data-id=\"c52fea9\" data-element_type=\"column\" data-e-type=\"column\">\n\t\t\t<div class=\"elementor-widget-wrap elementor-element-populated\">\n\t\t\t\t\t\t<div class=\"elementor-element elementor-element-903bc3b elementor-widget elementor-widget-image\" data-id=\"903bc3b\" data-element_type=\"widget\" data-e-type=\"widget\" data-widget_type=\"image.default\">\n\t\t\t\t<div class=\"elementor-widget-container\">\n\t\t\t\t\t\t\t\t\t\t\t\t\t\t\t<img decoding=\"async\" width=\"1024\" height=\"825\" src=\"https:\/\/www.afaf.asso.fr\/wp-content\/uploads\/2025\/05\/Mathieu-Vidar-1024x825.jpg\" class=\"attachment-large size-large wp-image-12257\" alt=\"\" srcset=\"https:\/\/www.afaf.asso.fr\/wp-content\/uploads\/2025\/05\/Mathieu-Vidar-1024x825.jpg 1024w, https:\/\/www.afaf.asso.fr\/wp-content\/uploads\/2025\/05\/Mathieu-Vidar-300x242.jpg 300w, https:\/\/www.afaf.asso.fr\/wp-content\/uploads\/2025\/05\/Mathieu-Vidar-768x619.jpg 768w, https:\/\/www.afaf.asso.fr\/wp-content\/uploads\/2025\/05\/Mathieu-Vidar-1536x1237.jpg 1536w, https:\/\/www.afaf.asso.fr\/wp-content\/uploads\/2025\/05\/Mathieu-Vidar-600x483.jpg 600w, https:\/\/www.afaf.asso.fr\/wp-content\/uploads\/2025\/05\/Mathieu-Vidar.jpg 1901w\" sizes=\"(max-width: 1024px) 100vw, 1024px\" \/>\t\t\t\t\t\t\t\t\t\t\t\t\t\t\t<\/div>\n\t\t\t\t<\/div>\n\t\t\t\t\t<\/div>\n\t\t<\/div>\n\t\t\t\t<div class=\"elementor-column elementor-col-50 elementor-inner-column elementor-element elementor-element-43f9da2\" data-id=\"43f9da2\" data-element_type=\"column\" data-e-type=\"column\">\n\t\t\t<div class=\"elementor-widget-wrap elementor-element-populated\">\n\t\t\t\t\t\t<div class=\"elementor-element elementor-element-3d12abd elementor-widget elementor-widget-text-editor\" data-id=\"3d12abd\" data-element_type=\"widget\" data-e-type=\"widget\" data-widget_type=\"text-editor.default\">\n\t\t\t\t<div class=\"elementor-widget-container\">\n\t\t\t\t\t\t\t\t\t<p><b>Pouvez-vous vous pr\u00e9senter ?<\/b><\/p><p><span style=\"font-weight: 400;\">Animateur et producteur radio et t\u00e9l\u00e9 (France Inter et France 5) d&#8217;\u00e9missions scientifiques et d&#8217;\u00e9cologie.\u00a0<\/span><\/p><p><b>Comment avez-vous connu l&#8217;AFAF et l&#8217;ataxie de Friedreich ?<\/b><\/p><p><span style=\"font-weight: 400;\">Par ma maman qui \u00e9tait atteinte de cette maladie.<\/span><\/p><p><b>Qu&#8217;est-ce qui vous a motiv\u00e9 pour devenir parrain de notre association ?<\/b><\/p><p><span style=\"font-weight: 400;\">La volont\u00e9 de consacrer du temps \u00e0 cette maladie m\u00e9connue afin de sensibiliser le plus de monde possible.\u00a0<\/span><\/p><p><b>\u00cates-vous parrain d&#8217;autres associations ?<\/b><\/p><p><span style=\"font-weight: 400;\">Non\u00a0<\/span><\/p><p><b>Comment voyez-vous votre &#8220;parrainage&#8221; ?<\/b><\/p><p><span style=\"font-weight: 400;\">J&#8217;aimerais aider l&#8217;association \u00e0 toucher un plus large public \u00e0 travers les rencontres et les r\u00e9seaux sociaux afin de pouvoir faire avancer la connaissance et la recherche autour de l&#8217;ataxie.\u00a0<\/span><\/p>\t\t\t\t\t\t\t\t<\/div>\n\t\t\t\t<\/div>\n\t\t\t\t\t<\/div>\n\t\t<\/div>\n\t\t\t\t\t<\/div>\n\t\t<\/section>\n\t\t\t\t\t<\/div>\n\t\t<\/div>\n\t\t\t\t\t<\/div>\n\t\t<\/section>\n\t\t\t\t<section class=\"elementor-section elementor-top-section elementor-element elementor-element-8b9661f elementor-section-full_width elementor-section-stretched elementor-section-height-default elementor-section-height-default\" data-id=\"8b9661f\" data-element_type=\"section\" data-e-type=\"section\" data-settings=\"{&quot;stretch_section&quot;:&quot;section-stretched&quot;}\">\n\t\t\t\t\t\t<div class=\"elementor-container elementor-column-gap-default\">\n\t\t\t\t\t<div class=\"elementor-column elementor-col-100 elementor-top-column elementor-element elementor-element-40214b2\" data-id=\"40214b2\" data-element_type=\"column\" data-e-type=\"column\">\n\t\t\t<div class=\"elementor-widget-wrap elementor-element-populated\">\n\t\t\t\t\t\t<div class=\"elementor-element elementor-element-d31c840 elementor-widget elementor-widget-shortcode\" data-id=\"d31c840\" data-element_type=\"widget\" data-e-type=\"widget\" data-widget_type=\"shortcode.default\">\n\t\t\t\t<div class=\"elementor-widget-container\">\n\t\t\t\t\t\t\t<div class=\"elementor-shortcode\">\t\t<div data-elementor-type=\"wp-post\" data-elementor-id=\"578\" class=\"elementor elementor-578\" data-elementor-post-type=\"oceanwp_library\">\n\t\t\t\t\t\t<section class=\"elementor-section elementor-top-section elementor-element elementor-element-43c347e elementor-section-stretched elementor-section-content-middle elementor-section-boxed elementor-section-height-default elementor-section-height-default\" data-id=\"43c347e\" data-element_type=\"section\" data-e-type=\"section\" data-settings=\"{&quot;stretch_section&quot;:&quot;section-stretched&quot;,&quot;background_background&quot;:&quot;classic&quot;}\">\n\t\t\t\t\t\t<div class=\"elementor-container elementor-column-gap-default\">\n\t\t\t\t\t<div class=\"elementor-column elementor-col-50 elementor-top-column elementor-element elementor-element-186798c\" data-id=\"186798c\" data-element_type=\"column\" data-e-type=\"column\">\n\t\t\t<div class=\"elementor-widget-wrap elementor-element-populated\">\n\t\t\t\t\t\t<div class=\"elementor-element elementor-element-04bb719 elementor-widget elementor-widget-image\" data-id=\"04bb719\" data-element_type=\"widget\" data-e-type=\"widget\" data-widget_type=\"image.default\">\n\t\t\t\t<div class=\"elementor-widget-container\">\n\t\t\t\t\t\t\t\t\t\t\t\t\t\t\t<img decoding=\"async\" src=\"https:\/\/www.afaf.asso.fr\/wp-content\/uploads\/elementor\/thumbs\/Logo-blanc_simple-1-q1ww1nh0svlc8x6kbcgbj84qq17mf0pfy8gdrayk1s.png\" title=\"Logo blanc_simple\" alt=\"logo AFAF (Association Fran\u00e7aise Ataxie Friedreich)\" loading=\"lazy\" \/>\t\t\t\t\t\t\t\t\t\t\t\t\t\t\t<\/div>\n\t\t\t\t<\/div>\n\t\t\t\t\t<\/div>\n\t\t<\/div>\n\t\t\t\t<div class=\"elementor-column elementor-col-50 elementor-top-column elementor-element elementor-element-301d943\" data-id=\"301d943\" data-element_type=\"column\" data-e-type=\"column\">\n\t\t\t<div class=\"elementor-widget-wrap elementor-element-populated\">\n\t\t\t\t\t\t<div class=\"elementor-element elementor-element-2b47be8 elementor-widget elementor-widget-text-editor\" data-id=\"2b47be8\" data-element_type=\"widget\" data-e-type=\"widget\" data-widget_type=\"text-editor.default\">\n\t\t\t\t<div class=\"elementor-widget-container\">\n\t\t\t\t\t\t\t\t\t<p>Avancer ensemble,<\/p><p>C&#8217;est aussi pouvoir compter sur votre aide !<\/p>\t\t\t\t\t\t\t\t<\/div>\n\t\t\t\t<\/div>\n\t\t\t\t<div class=\"elementor-element elementor-element-a663678 elementor-align-left elementor-mobile-align-left elementor-widget elementor-widget-button\" data-id=\"a663678\" data-element_type=\"widget\" data-e-type=\"widget\" data-widget_type=\"button.default\">\n\t\t\t\t<div class=\"elementor-widget-container\">\n\t\t\t\t\t\t\t\t\t<div class=\"elementor-button-wrapper\">\n\t\t\t\t\t<a class=\"elementor-button elementor-button-link elementor-size-lg elementor-animation-grow\" href=\"https:\/\/www.afaf.asso.fr\/nous-soutenir\/donner\/\">\n\t\t\t\t\t\t<span class=\"elementor-button-content-wrapper\">\n\t\t\t\t\t\t\t\t\t<span class=\"elementor-button-text\">Je fais un don<\/span>\n\t\t\t\t\t<\/span>\n\t\t\t\t\t<\/a>\n\t\t\t\t<\/div>\n\t\t\t\t\t\t\t\t<\/div>\n\t\t\t\t<\/div>\n\t\t\t\t\t<\/div>\n\t\t<\/div>\n\t\t\t\t\t<\/div>\n\t\t<\/section>\n\t\t\t\t<\/div>\n\t\t<\/div>\n\t\t\t\t\t\t<\/div>\n\t\t\t\t<\/div>\n\t\t\t\t\t<\/div>\n\t\t<\/div>\n\t\t\t\t\t<\/div>\n\t\t<\/section>\n\t\t\t\t<\/div>\n\t\t","protected":false},"excerpt":{"rendered":"<p>Ils ont gentiment accept\u00e9 de mettre leur talent et leur notori\u00e9t\u00e9 au service de notre association. Un grand merci \u00e0 vous, Messieurs ! Philippe Geluck Emmanuel Mouret Mathieu Vidard Philippe Geluck Pouvez-vous vous pr\u00e9senter\u00a0? Je suis n\u00e9 \u00e0 Bruxelles en 1954, \u00e7a vous donne une id\u00e9e de mon \u00e2ge\u00a0! J\u2019ai d\u2019abord \u00e9t\u00e9 com\u00e9dien pendant dix [&hellip;]<\/p>\n","protected":false},"author":8,"featured_media":0,"parent":620,"menu_order":0,"comment_status":"closed","ping_status":"closed","template":"","meta":{"_monsterinsights_skip_tracking":false,"ocean_front_end_style_editor":"no","ocean_post_layout":"full-screen","ocean_both_sidebars_style":"","ocean_both_sidebars_content_width":0,"ocean_both_sidebars_sidebars_width":0,"ocean_sidebar":"0","ocean_second_sidebar":"0","ocean_disable_margins":"enable","ocean_add_body_class":"","ocean_shortcode_before_top_bar":"","ocean_shortcode_after_top_bar":"","ocean_shortcode_before_header":"","ocean_shortcode_after_header":"","ocean_has_shortcode":"","ocean_shortcode_after_title":"","ocean_shortcode_before_footer_widgets":"","ocean_shortcode_after_footer_widgets":"","ocean_shortcode_before_footer_bottom":"","ocean_shortcode_after_footer_bottom":"","ocean_display_top_bar":"default","ocean_display_header":"default","ocean_header_style":"","ocean_center_header_left_menu":"0","ocean_custom_header_template":"0","ocean_custom_logo":0,"ocean_custom_retina_logo":0,"ocean_custom_logo_max_width":0,"ocean_custom_logo_tablet_max_width":0,"ocean_custom_logo_mobile_max_width":0,"ocean_custom_logo_max_height":0,"ocean_custom_logo_tablet_max_height":0,"ocean_custom_logo_mobile_max_height":0,"ocean_header_custom_menu":"0","ocean_menu_typo_font_family":"0","ocean_menu_typo_font_subset":"","ocean_menu_typo_font_size":0,"ocean_menu_typo_font_size_tablet":0,"ocean_menu_typo_font_size_mobile":0,"ocean_menu_typo_font_size_unit":"px","ocean_menu_typo_font_weight":"","ocean_menu_typo_font_weight_tablet":"","ocean_menu_typo_font_weight_mobile":"","ocean_menu_typo_transform":"","ocean_menu_typo_transform_tablet":"","ocean_menu_typo_transform_mobile":"","ocean_menu_typo_line_height":0,"ocean_menu_typo_line_height_tablet":0,"ocean_menu_typo_line_height_mobile":0,"ocean_menu_typo_line_height_unit":"","ocean_menu_typo_spacing":0,"ocean_menu_typo_spacing_tablet":0,"ocean_menu_typo_spacing_mobile":0,"ocean_menu_typo_spacing_unit":"","ocean_menu_link_color":"","ocean_menu_link_color_hover":"","ocean_menu_link_color_active":"","ocean_menu_link_background":"","ocean_menu_link_hover_background":"","ocean_menu_link_active_background":"","ocean_menu_social_links_bg":"","ocean_menu_social_hover_links_bg":"","ocean_menu_social_links_color":"","ocean_menu_social_hover_links_color":"","ocean_disable_title":"enable","ocean_disable_heading":"default","ocean_post_title":"","ocean_post_subheading":"","ocean_post_title_style":"","ocean_post_title_background_color":"","ocean_post_title_background":0,"ocean_post_title_bg_image_position":"","ocean_post_title_bg_image_attachment":"","ocean_post_title_bg_image_repeat":"","ocean_post_title_bg_image_size":"","ocean_post_title_height":0,"ocean_post_title_bg_overlay":0.5,"ocean_post_title_bg_overlay_color":"","ocean_disable_breadcrumbs":"on","ocean_breadcrumbs_color":"","ocean_breadcrumbs_separator_color":"","ocean_breadcrumbs_links_color":"","ocean_breadcrumbs_links_hover_color":"","ocean_display_footer_widgets":"default","ocean_display_footer_bottom":"default","ocean_custom_footer_template":"0","footnotes":""},"class_list":["post-12250","page","type-page","status-publish","hentry","entry","owp-thumbs-layout-horizontal","owp-btn-normal","owp-tabs-layout-section","has-no-thumbnails"],"yoast_head":"<!-- This site is optimized with the Yoast SEO plugin v28.1 - https:\/\/yoast.com\/product\/yoast-seo-wordpress\/ -->\n<title>Nos parrains - Association Fran\u00e7aise Ataxie de Friedreich<\/title>\n<meta name=\"robots\" content=\"index, follow, max-snippet:-1, max-image-preview:large, max-video-preview:-1\" \/>\n<link rel=\"canonical\" href=\"https:\/\/www.afaf.asso.fr\/lassociation\/nos-parrains\/\" \/>\n<meta property=\"og:locale\" content=\"fr_FR\" \/>\n<meta property=\"og:type\" content=\"article\" \/>\n<meta property=\"og:title\" content=\"Nos parrains - Association Fran\u00e7aise Ataxie de Friedreich\" \/>\n<meta property=\"og:description\" content=\"Ils ont gentiment accept\u00e9 de mettre leur talent et leur notori\u00e9t\u00e9 au service de notre association. Un grand merci \u00e0 vous, Messieurs ! Philippe Geluck Emmanuel Mouret Mathieu Vidard Philippe Geluck Pouvez-vous vous pr\u00e9senter\u00a0? Je suis n\u00e9 \u00e0 Bruxelles en 1954, \u00e7a vous donne une id\u00e9e de mon \u00e2ge\u00a0! J\u2019ai d\u2019abord \u00e9t\u00e9 com\u00e9dien pendant dix [&hellip;]\" \/>\n<meta property=\"og:url\" content=\"https:\/\/www.afaf.asso.fr\/lassociation\/nos-parrains\/\" \/>\n<meta property=\"og:site_name\" content=\"Association Fran\u00e7aise Ataxie de Friedreich\" \/>\n<meta property=\"article:modified_time\" content=\"2025-05-28T09:27:58+00:00\" \/>\n<meta property=\"og:image\" content=\"https:\/\/www.afaf.asso.fr\/wp-content\/uploads\/2025\/05\/Philippe-Geluck.jpg\" \/>\n\t<meta property=\"og:image:width\" content=\"1395\" \/>\n\t<meta property=\"og:image:height\" content=\"1743\" \/>\n\t<meta property=\"og:image:type\" content=\"image\/jpeg\" \/>\n<meta name=\"twitter:card\" content=\"summary_large_image\" \/>\n<meta name=\"twitter:label1\" content=\"Dur\u00e9e de lecture estim\u00e9e\" \/>\n\t<meta name=\"twitter:data1\" content=\"5 minutes\" \/>\n<script type=\"application\/ld+json\" class=\"yoast-schema-graph\">{\"@context\":\"https:\\\/\\\/schema.org\",\"@graph\":[{\"@type\":\"WebPage\",\"@id\":\"https:\\\/\\\/www.afaf.asso.fr\\\/lassociation\\\/nos-parrains\\\/\",\"url\":\"https:\\\/\\\/www.afaf.asso.fr\\\/lassociation\\\/nos-parrains\\\/\",\"name\":\"Nos parrains - Association Fran\u00e7aise Ataxie de Friedreich\",\"isPartOf\":{\"@id\":\"https:\\\/\\\/www.afaf.asso.fr\\\/#website\"},\"primaryImageOfPage\":{\"@id\":\"https:\\\/\\\/www.afaf.asso.fr\\\/lassociation\\\/nos-parrains\\\/#primaryimage\"},\"image\":{\"@id\":\"https:\\\/\\\/www.afaf.asso.fr\\\/lassociation\\\/nos-parrains\\\/#primaryimage\"},\"thumbnailUrl\":\"https:\\\/\\\/www.afaf.asso.fr\\\/wp-content\\\/uploads\\\/2025\\\/05\\\/Philippe-Geluck-820x1024.jpg\",\"datePublished\":\"2025-05-28T09:10:56+00:00\",\"dateModified\":\"2025-05-28T09:27:58+00:00\",\"breadcrumb\":{\"@id\":\"https:\\\/\\\/www.afaf.asso.fr\\\/lassociation\\\/nos-parrains\\\/#breadcrumb\"},\"inLanguage\":\"fr-FR\",\"potentialAction\":[{\"@type\":\"ReadAction\",\"target\":[\"https:\\\/\\\/www.afaf.asso.fr\\\/lassociation\\\/nos-parrains\\\/\"]}]},{\"@type\":\"ImageObject\",\"inLanguage\":\"fr-FR\",\"@id\":\"https:\\\/\\\/www.afaf.asso.fr\\\/lassociation\\\/nos-parrains\\\/#primaryimage\",\"url\":\"https:\\\/\\\/www.afaf.asso.fr\\\/wp-content\\\/uploads\\\/2025\\\/05\\\/Philippe-Geluck.jpg\",\"contentUrl\":\"https:\\\/\\\/www.afaf.asso.fr\\\/wp-content\\\/uploads\\\/2025\\\/05\\\/Philippe-Geluck.jpg\",\"width\":1395,\"height\":1743},{\"@type\":\"BreadcrumbList\",\"@id\":\"https:\\\/\\\/www.afaf.asso.fr\\\/lassociation\\\/nos-parrains\\\/#breadcrumb\",\"itemListElement\":[{\"@type\":\"ListItem\",\"position\":1,\"name\":\"Accueil\",\"item\":\"https:\\\/\\\/www.afaf.asso.fr\\\/\"},{\"@type\":\"ListItem\",\"position\":2,\"name\":\"L&#8217;association\",\"item\":\"https:\\\/\\\/www.afaf.asso.fr\\\/lassociation\\\/\"},{\"@type\":\"ListItem\",\"position\":3,\"name\":\"Nos parrains\"}]},{\"@type\":\"WebSite\",\"@id\":\"https:\\\/\\\/www.afaf.asso.fr\\\/#website\",\"url\":\"https:\\\/\\\/www.afaf.asso.fr\\\/\",\"name\":\"Association Fran\u00e7aise Ataxie de Friedreich\",\"description\":\"Association Fran\u00e7aise de l&#039;Ataxie de Friedreich\",\"publisher\":{\"@id\":\"https:\\\/\\\/www.afaf.asso.fr\\\/#organization\"},\"potentialAction\":[{\"@type\":\"SearchAction\",\"target\":{\"@type\":\"EntryPoint\",\"urlTemplate\":\"https:\\\/\\\/www.afaf.asso.fr\\\/?s={search_term_string}\"},\"query-input\":{\"@type\":\"PropertyValueSpecification\",\"valueRequired\":true,\"valueName\":\"search_term_string\"}}],\"inLanguage\":\"fr-FR\"},{\"@type\":\"Organization\",\"@id\":\"https:\\\/\\\/www.afaf.asso.fr\\\/#organization\",\"name\":\"Association Fran\u00e7aise Ataxie de Friedreich\",\"url\":\"https:\\\/\\\/www.afaf.asso.fr\\\/\",\"logo\":{\"@type\":\"ImageObject\",\"inLanguage\":\"fr-FR\",\"@id\":\"https:\\\/\\\/www.afaf.asso.fr\\\/#\\\/schema\\\/logo\\\/image\\\/\",\"url\":\"https:\\\/\\\/www.afaf.asso.fr\\\/wp-content\\\/uploads\\\/2022\\\/06\\\/Logo-vert.png\",\"contentUrl\":\"https:\\\/\\\/www.afaf.asso.fr\\\/wp-content\\\/uploads\\\/2022\\\/06\\\/Logo-vert.png\",\"width\":1181,\"height\":709,\"caption\":\"Association Fran\u00e7aise Ataxie de Friedreich\"},\"image\":{\"@id\":\"https:\\\/\\\/www.afaf.asso.fr\\\/#\\\/schema\\\/logo\\\/image\\\/\"}}]}<\/script>\n<!-- \/ Yoast SEO plugin. -->","yoast_head_json":{"title":"Nos parrains - Association Fran\u00e7aise Ataxie de Friedreich","robots":{"index":"index","follow":"follow","max-snippet":"max-snippet:-1","max-image-preview":"max-image-preview:large","max-video-preview":"max-video-preview:-1"},"canonical":"https:\/\/www.afaf.asso.fr\/lassociation\/nos-parrains\/","og_locale":"fr_FR","og_type":"article","og_title":"Nos parrains - Association Fran\u00e7aise Ataxie de Friedreich","og_description":"Ils ont gentiment accept\u00e9 de mettre leur talent et leur notori\u00e9t\u00e9 au service de notre association. Un grand merci \u00e0 vous, Messieurs ! Philippe Geluck Emmanuel Mouret Mathieu Vidard Philippe Geluck Pouvez-vous vous pr\u00e9senter\u00a0? Je suis n\u00e9 \u00e0 Bruxelles en 1954, \u00e7a vous donne une id\u00e9e de mon \u00e2ge\u00a0! J\u2019ai d\u2019abord \u00e9t\u00e9 com\u00e9dien pendant dix [&hellip;]","og_url":"https:\/\/www.afaf.asso.fr\/lassociation\/nos-parrains\/","og_site_name":"Association Fran\u00e7aise Ataxie de Friedreich","article_modified_time":"2025-05-28T09:27:58+00:00","og_image":[{"width":1395,"height":1743,"url":"https:\/\/www.afaf.asso.fr\/wp-content\/uploads\/2025\/05\/Philippe-Geluck.jpg","type":"image\/jpeg"}],"twitter_card":"summary_large_image","twitter_misc":{"Dur\u00e9e de lecture estim\u00e9e":"5 minutes"},"schema":{"@context":"https:\/\/schema.org","@graph":[{"@type":"WebPage","@id":"https:\/\/www.afaf.asso.fr\/lassociation\/nos-parrains\/","url":"https:\/\/www.afaf.asso.fr\/lassociation\/nos-parrains\/","name":"Nos parrains - Association Fran\u00e7aise Ataxie de Friedreich","isPartOf":{"@id":"https:\/\/www.afaf.asso.fr\/#website"},"primaryImageOfPage":{"@id":"https:\/\/www.afaf.asso.fr\/lassociation\/nos-parrains\/#primaryimage"},"image":{"@id":"https:\/\/www.afaf.asso.fr\/lassociation\/nos-parrains\/#primaryimage"},"thumbnailUrl":"https:\/\/www.afaf.asso.fr\/wp-content\/uploads\/2025\/05\/Philippe-Geluck-820x1024.jpg","datePublished":"2025-05-28T09:10:56+00:00","dateModified":"2025-05-28T09:27:58+00:00","breadcrumb":{"@id":"https:\/\/www.afaf.asso.fr\/lassociation\/nos-parrains\/#breadcrumb"},"inLanguage":"fr-FR","potentialAction":[{"@type":"ReadAction","target":["https:\/\/www.afaf.asso.fr\/lassociation\/nos-parrains\/"]}]},{"@type":"ImageObject","inLanguage":"fr-FR","@id":"https:\/\/www.afaf.asso.fr\/lassociation\/nos-parrains\/#primaryimage","url":"https:\/\/www.afaf.asso.fr\/wp-content\/uploads\/2025\/05\/Philippe-Geluck.jpg","contentUrl":"https:\/\/www.afaf.asso.fr\/wp-content\/uploads\/2025\/05\/Philippe-Geluck.jpg","width":1395,"height":1743},{"@type":"BreadcrumbList","@id":"https:\/\/www.afaf.asso.fr\/lassociation\/nos-parrains\/#breadcrumb","itemListElement":[{"@type":"ListItem","position":1,"name":"Accueil","item":"https:\/\/www.afaf.asso.fr\/"},{"@type":"ListItem","position":2,"name":"L&#8217;association","item":"https:\/\/www.afaf.asso.fr\/lassociation\/"},{"@type":"ListItem","position":3,"name":"Nos parrains"}]},{"@type":"WebSite","@id":"https:\/\/www.afaf.asso.fr\/#website","url":"https:\/\/www.afaf.asso.fr\/","name":"Association Fran\u00e7aise Ataxie de Friedreich","description":"Association Fran\u00e7aise de l&#039;Ataxie de Friedreich","publisher":{"@id":"https:\/\/www.afaf.asso.fr\/#organization"},"potentialAction":[{"@type":"SearchAction","target":{"@type":"EntryPoint","urlTemplate":"https:\/\/www.afaf.asso.fr\/?s={search_term_string}"},"query-input":{"@type":"PropertyValueSpecification","valueRequired":true,"valueName":"search_term_string"}}],"inLanguage":"fr-FR"},{"@type":"Organization","@id":"https:\/\/www.afaf.asso.fr\/#organization","name":"Association Fran\u00e7aise Ataxie de Friedreich","url":"https:\/\/www.afaf.asso.fr\/","logo":{"@type":"ImageObject","inLanguage":"fr-FR","@id":"https:\/\/www.afaf.asso.fr\/#\/schema\/logo\/image\/","url":"https:\/\/www.afaf.asso.fr\/wp-content\/uploads\/2022\/06\/Logo-vert.png","contentUrl":"https:\/\/www.afaf.asso.fr\/wp-content\/uploads\/2022\/06\/Logo-vert.png","width":1181,"height":709,"caption":"Association Fran\u00e7aise Ataxie de Friedreich"},"image":{"@id":"https:\/\/www.afaf.asso.fr\/#\/schema\/logo\/image\/"}}]}},"_links":{"self":[{"href":"https:\/\/www.afaf.asso.fr\/api-afaf\/wp\/v2\/pages\/12250","targetHints":{"allow":["GET"]}}],"collection":[{"href":"https:\/\/www.afaf.asso.fr\/api-afaf\/wp\/v2\/pages"}],"about":[{"href":"https:\/\/www.afaf.asso.fr\/api-afaf\/wp\/v2\/types\/page"}],"author":[{"embeddable":true,"href":"https:\/\/www.afaf.asso.fr\/api-afaf\/wp\/v2\/users\/8"}],"replies":[{"embeddable":true,"href":"https:\/\/www.afaf.asso.fr\/api-afaf\/wp\/v2\/comments?post=12250"}],"version-history":[{"count":25,"href":"https:\/\/www.afaf.asso.fr\/api-afaf\/wp\/v2\/pages\/12250\/revisions"}],"predecessor-version":[{"id":12279,"href":"https:\/\/www.afaf.asso.fr\/api-afaf\/wp\/v2\/pages\/12250\/revisions\/12279"}],"up":[{"embeddable":true,"href":"https:\/\/www.afaf.asso.fr\/api-afaf\/wp\/v2\/pages\/620"}],"wp:attachment":[{"href":"https:\/\/www.afaf.asso.fr\/api-afaf\/wp\/v2\/media?parent=12250"}],"curies":[{"name":"wp","href":"https:\/\/api.w.org\/{rel}","templated":true}]}}