{"version":"1.0","provider_name":"Association Fran\u00e7aise Ataxie de Friedreich","provider_url":"https:\/\/www.afaf.asso.fr","author_name":"afafadmin","author_url":"https:\/\/www.afaf.asso.fr\/author\/afafadmin\/","title":"Mentions l\u00e9gales - Association Fran\u00e7aise Ataxie de Friedreich","type":"rich","width":600,"height":338,"html":"<blockquote class=\"wp-embedded-content\" data-secret=\"pCrx7yII8l\"><a href=\"https:\/\/www.afaf.asso.fr\/mentions-legales\/\">Mentions l\u00e9gales<\/a><\/blockquote><iframe sandbox=\"allow-scripts\" security=\"restricted\" src=\"https:\/\/www.afaf.asso.fr\/mentions-legales\/embed\/#?secret=pCrx7yII8l\" width=\"600\" height=\"338\" title=\"\u00ab\u00a0Mentions l\u00e9gales\u00a0\u00bb &#8212; Association Fran\u00e7aise Ataxie de Friedreich\" data-secret=\"pCrx7yII8l\" frameborder=\"0\" marginwidth=\"0\" marginheight=\"0\" scrolling=\"no\" class=\"wp-embedded-content\"><\/iframe><script>\n\/*! This file is auto-generated *\/\n!function(d,l){\"use strict\";l.querySelector&&d.addEventListener&&\"undefined\"!=typeof URL&&(d.wp=d.wp||{},d.wp.receiveEmbedMessage||(d.wp.receiveEmbedMessage=function(e){var t=e.data;if((t||t.secret||t.message||t.value)&&!\/[^a-zA-Z0-9]\/.test(t.secret)){for(var s,r,n,a=l.querySelectorAll('iframe[data-secret=\"'+t.secret+'\"]'),o=l.querySelectorAll('blockquote[data-secret=\"'+t.secret+'\"]'),c=new RegExp(\"^https?:$\",\"i\"),i=0;i<o.length;i++)o[i].style.display=\"none\";for(i=0;i<a.length;i++)s=a[i],e.source===s.contentWindow&&(s.removeAttribute(\"style\"),\"height\"===t.message?(1e3<(r=parseInt(t.value,10))?r=1e3:~~r<200&&(r=200),s.height=r):\"link\"===t.message&&(r=new URL(s.getAttribute(\"src\")),n=new URL(t.value),c.test(n.protocol))&&n.host===r.host&&l.activeElement===s&&(d.top.location.href=t.value))}},d.addEventListener(\"message\",d.wp.receiveEmbedMessage,!1),l.addEventListener(\"DOMContentLoaded\",function(){for(var e,t,s=l.querySelectorAll(\"iframe.wp-embedded-content\"),r=0;r<s.length;r++)(t=(e=s[r]).getAttribute(\"data-secret\"))||(t=Math.random().toString(36).substring(2,12),e.src+=\"#?secret=\"+t,e.setAttribute(\"data-secret\",t)),e.contentWindow.postMessage({message:\"ready\",secret:t},\"*\")},!1)))}(window,document);\n\/\/# sourceURL=https:\/\/www.afaf.asso.fr\/wp-includes\/js\/wp-embed.min.js\n<\/script>\n","description":"Si\u00e8ge social Le site www.afaf.asso.fr est \u00e9dit\u00e9 par l\u2019Association Fran\u00e7aise de l\u2019Ataxie de Friedreich (AFAF), association r\u00e9gie par la loi du 1er juillet 1901, reconnue d\u2019int\u00e9r\u00eat g\u00e9n\u00e9ral dont le si\u00e8ge social est situ\u00e9 \u00e0 Saint-Av\u00e9 : Association Fran\u00e7aise de l\u2019Ataxie de Friedreich Appartement 46\u00a0 33 rue de l\u2019H\u00f4pital\u00a0 56890 SAINT-AV\u00c9 N\u00b0 SIRET : 51990583000021 contact@afaf.asso.fr. [&hellip;]"}