{"version":"1.0","provider_name":"Association Fran\u00e7aise Ataxie de Friedreich","provider_url":"https:\/\/www.afaf.asso.fr","author_name":"Julie Degeorges","author_url":"https:\/\/www.afaf.asso.fr\/author\/juliedegeorges\/","title":"La maladie - Association Fran\u00e7aise Ataxie de Friedreich","type":"rich","width":600,"height":338,"html":"<blockquote class=\"wp-embedded-content\" data-secret=\"eNAihAGxf5\"><a href=\"https:\/\/www.afaf.asso.fr\/la-maladie\/\">La maladie<\/a><\/blockquote><iframe sandbox=\"allow-scripts\" security=\"restricted\" src=\"https:\/\/www.afaf.asso.fr\/la-maladie\/embed\/#?secret=eNAihAGxf5\" width=\"600\" height=\"338\" title=\"\u00ab\u00a0La maladie\u00a0\u00bb &#8212; Association Fran\u00e7aise Ataxie de Friedreich\" data-secret=\"eNAihAGxf5\" frameborder=\"0\" marginwidth=\"0\" marginheight=\"0\" scrolling=\"no\" class=\"wp-embedded-content\"><\/iframe><script>\n\/*! This file is auto-generated *\/\n!function(d,l){\"use strict\";l.querySelector&&d.addEventListener&&\"undefined\"!=typeof URL&&(d.wp=d.wp||{},d.wp.receiveEmbedMessage||(d.wp.receiveEmbedMessage=function(e){var t=e.data;if((t||t.secret||t.message||t.value)&&!\/[^a-zA-Z0-9]\/.test(t.secret)){for(var s,r,n,a=l.querySelectorAll('iframe[data-secret=\"'+t.secret+'\"]'),o=l.querySelectorAll('blockquote[data-secret=\"'+t.secret+'\"]'),c=new RegExp(\"^https?:$\",\"i\"),i=0;i<o.length;i++)o[i].style.display=\"none\";for(i=0;i<a.length;i++)s=a[i],e.source===s.contentWindow&&(s.removeAttribute(\"style\"),\"height\"===t.message?(1e3<(r=parseInt(t.value,10))?r=1e3:~~r<200&&(r=200),s.height=r):\"link\"===t.message&&(r=new URL(s.getAttribute(\"src\")),n=new URL(t.value),c.test(n.protocol))&&n.host===r.host&&l.activeElement===s&&(d.top.location.href=t.value))}},d.addEventListener(\"message\",d.wp.receiveEmbedMessage,!1),l.addEventListener(\"DOMContentLoaded\",function(){for(var e,t,s=l.querySelectorAll(\"iframe.wp-embedded-content\"),r=0;r<s.length;r++)(t=(e=s[r]).getAttribute(\"data-secret\"))||(t=Math.random().toString(36).substring(2,12),e.src+=\"#?secret=\"+t,e.setAttribute(\"data-secret\",t)),e.contentWindow.postMessage({message:\"ready\",secret:t},\"*\")},!1)))}(window,document);\n\/\/# sourceURL=https:\/\/www.afaf.asso.fr\/wp-includes\/js\/wp-embed.min.js\n<\/script>\n","description":"L\u2019ataxie de Friedreich est la plus fr\u00e9quente des ataxies c\u00e9r\u00e9belleuses. C\u2019est une maladie rare, essentiellement neurologique, \u00e9volutive,\u00a0 g\u00e9n\u00e9tique, li\u00e9e \u00e0 un dysfonctionnement mitochondrial.Chaque personne est diff\u00e9rente dans l\u2019\u00e9volution de la maladie et dans la fa\u00e7on de la vivre selon sa personnalit\u00e9 et son environnement. Actuellement, si le traitement curatif n\u2019existe pas encore, la recherche avance [&hellip;]","thumbnail_url":"https:\/\/www.afaf.asso.fr\/wp-content\/uploads\/2022\/10\/ataxie-friedreich-adn.jpg","thumbnail_width":700,"thumbnail_height":400}